{"id":95,"date":"2022-05-24T09:58:28","date_gmt":"2022-05-24T09:58:28","guid":{"rendered":"http:\/\/landaola.eus\/?page_id=95"},"modified":"2025-10-15T11:37:48","modified_gmt":"2025-10-15T10:37:48","slug":"proyectos-landaola","status":"publish","type":"page","link":"https:\/\/landaola.eus\/es\/proyectos-landaola\/","title":{"rendered":"Proyectos"},"content":{"rendered":"<div>\n<p>    <img decoding=\"async\" src=\"\/wp-content\/uploads\/2022\/09\/azokarako-argazkia-copia.jpg\" alt=\"\"><\/p>\n<\/div>\n<h2>\n<div class=\"page\" title=\"Page 1\">\n<div class=\"layoutArea\">\n<div class=\"column\">\n<div class=\"page\" title=\"Page 2\">\n<div class=\"section\">\n<div class=\"layoutArea\">\n<div class=\"column\">\n<p><span>Proyectos<\/span><\/p>\n<\/div>\n<\/div>\n<\/div>\n<\/div>\n<\/div>\n<\/div>\n<\/div>\n<\/h2>\n<div>\n<p>A continuaci\u00f3n, puedes ver los proyectos que estamos trabajando desde Landaola<\/p>\n<\/div>\n<hr>\n<h1>\n<p class=\"p1\">Sagarberritzen: investigaci\u00f3n sobre el presente y el futuro de la manzana aut\u00f3ctona de consumo de Gipuzkoa.<\/p>\n<p><\/p>\n<p class=\"p1\">\n<\/h1>\n<hr>\n<p><img decoding=\"async\" src=\"\/wp-content\/uploads\/2025\/09\/sagarberritzen.png\" alt=\"\"><\/p>\n<div>\n<p class=\"p1\">Se ha querido analizar el potencial de negocio de la elaboraci\u00f3n y transformaci\u00f3n de manzanas aut\u00f3ctonas de consumo en el Territorio Hist\u00f3rico de Gipuzkoa.<\/p>\n<p class=\"p1\">El estudio ha sido realizado por MIK-Mondragon Unibertsitatea<\/p>\n<\/div>\n<p>\n    <a href=\"\/wp-content\/uploads\/2025\/09\/12.09-upv-mik-V2-para-descargar.pdf\">Leer estudio<\/a>\n<\/p>\n<hr>\n<h1>\n<p class=\"p1\">Investigaci\u00f3n sobre las motivaciones que hacen frente a la compra de productos locales por parte de la generaci\u00f3n Z.<\/p>\n<p><\/p>\n<p class=\"p1\">\n<\/h1>\n<hr>\n<p><img decoding=\"async\" src=\"\/wp-content\/uploads\/2025\/09\/z-.png\" alt=\"\"><\/p>\n<div>\n<p class=\"p1\">Z es una generaci\u00f3n nacida entre 1996 y 2006 y con este estudio se ha querido conocer sus h\u00e1bitos de compra, su percepci\u00f3n y relaci\u00f3n con las ferias, as\u00ed como sus motivaciones y obst\u00e1culos.<\/p>\n<p class=\"p1\">El estudio ha sido realizado por la consultora Prosumerlab.<\/p>\n<\/div>\n<p>\n    <a href=\"\/wp-content\/uploads\/2025\/09\/Z-FOOD_EUS_compressed.pdf\">Leer estudio<\/a>\n<\/p>\n<hr>\n<h1>Investigaci\u00f3n sobre la sensibiliad de la generaci\u00f3n Millenial hacia el mercado local<\/p>\n<p class=\"p1\">\n<\/h1>\n<hr>\n<p><img decoding=\"async\" src=\"\/wp-content\/uploads\/2025\/03\/Captura-de-pantalla-2025-03-10-a-las-13.40.27.png\" alt=\"\"><\/p>\n<div>\n<p class=\"p1\">Millenials es una generaci\u00f3n nacida entre 1981 y 1995 y con este estudio se pretende conocer sus h\u00e1bitos de compra, su percepci\u00f3n de los mercados y sus relaciones, as\u00ed como sus motivaciones y obst\u00e1culos.<\/p>\n<p class=\"p1\">El estudio ha sido realizado por la consultora Prosumerlab.<\/p>\n<\/div>\n<p>\n    <a href=\"\/wp-content\/uploads\/2025\/03\/AZOKAK_Millennials_2025_02_21_V2.pdf\">Leer estudio<\/a>\n<\/p>\n<hr>\n<h1>Trebatu<\/h1>\n<hr>\n<p><img decoding=\"async\" src=\"\/wp-content\/uploads\/2024\/06\/TRE-2024-irudia-logo-GIP-HOR.png\" alt=\"\"><\/p>\n<div>\n<p>El proyecto Trebatu est\u00e1 dirigido a los emprendedores que quieren desarrollar su proyecto profesional en el sector primario. Trebatu ofrece a las personas emprendedoras (Trebalari) la opci\u00f3n de poner en marcha su proyecto en explotaciones que tienen necesidad de relevo generacional (Trebatze gune). Con ello se pretende hacer frente a la falta de relevo generacional que sufre el sector primario y, en consecuencia, impulsar la producci\u00f3n local alimentaria.<\/p>\n<\/div>\n<ul>\n<li>\n        <a href=\"\/wp-content\/uploads\/2024\/06\/v6-Eskuorria.pdf\">M\u00e1s informaci\u00f3n<\/a>\n    <\/li>\n<li>\n        <a href=\"http:\/\/www.trebatu.eus\">Web<\/a>\n    <\/li>\n<\/ul>\n<hr>\n<h2>\n<div class=\"page\" title=\"Page 1\">\n<div class=\"layoutArea\">\n<div class=\"column\">\n<div class=\"page\" title=\"Page 2\">\n<div class=\"section\">\n<div class=\"layoutArea\">\n<div class=\"column\">\n<div class=\"page\" title=\"Page 2\">\n<div class=\"section\">\n<div class=\"layoutArea\">\n<div class=\"column\">\n<p><span>Gipuzkoako Azoken Sarea <\/span><\/p>\n<\/div>\n<\/div>\n<\/div>\n<\/div>\n<\/div>\n<\/div>\n<\/div>\n<\/div>\n<\/div>\n<\/div>\n<\/div>\n<\/h2>\n<hr>\n<p><img decoding=\"async\" src=\"\/wp-content\/uploads\/2022\/05\/gipuzkoako-azoken-sarea.svg\" alt=\"\"><\/p>\n<div>En el marco del Pacto Verde Europeo y en l\u00ednea con la Estrategia Baserritik Mahaira aprobada por la Comisi\u00f3n Europea, la asociaci\u00f3n LANDAOLA (Federaci\u00f3n de Asociaciones de Desarrollo Rural de Gipuzkoa), a trav\u00e9s de la Fundaci\u00f3n Elika,  Gobierno Vasco y con la colaboraci\u00f3n de los Ayuntamientos y la Diputaci\u00f3n Foral de Gipuzkoa, puso en marcha a finales de 2020 el proyecto denominado GIPUZKOAKO AZOKEN SAREA, con el objetivo de dinamizar e impulsar circuitos cortos como las ferias de nuestros municipios que se han convertido en una parte importante de la econom\u00eda, la cultura y la tradici\u00f3n de nuestros municipios.<\/p>\n<p>El objetivo principal de la iniciativa es analizar las ferias de los pueblos de Gipuzkoa, potenciarlas y garantizar su futuro.\n<\/p><\/div>\n<ul>\n<li>\n        <a href=\"\/es\/red-de-ferias-locales-de-gipuzkoa\/\">M\u00e1s informaci\u00f3n<\/a>\n    <\/li>\n<li>\n        <a href=\"http:\/\/azokensarea.eus\/es\/\">Web<\/a>\n    <\/li>\n<\/ul>\n<hr>\n<h2>\n<div class=\"page\" title=\"Page 1\">\n<div class=\"layoutArea\">\n<div class=\"column\">\n<div class=\"page\" title=\"Page 2\">\n<div class=\"section\">\n<div class=\"layoutArea\">\n<div class=\"column\">\n<div class=\"page\" title=\"Page 2\">\n<div class=\"section\">\n<div class=\"layoutArea\">\n<div class=\"column\">\n<div class=\"page\" title=\"Page 2\">\n<div class=\"section\">\n<div class=\"layoutArea\">\n<div class=\"column\">\n<p><span>Landa Emakumeak Gara <\/span><\/p>\n<\/div>\n<\/div>\n<\/div>\n<\/div>\n<\/div>\n<\/div>\n<\/div>\n<\/div>\n<\/div>\n<\/div>\n<\/div>\n<\/div>\n<\/div>\n<\/div>\n<\/div>\n<\/h2>\n<hr>\n<p><img decoding=\"async\" src=\"\/wp-content\/uploads\/2022\/05\/landa-emakumeak.svg\" alt=\"\"><\/p>\n<div>\n<div class=\"page\" title=\"Page 1\">\n<div class=\"layoutArea\">\n<div class=\"column\">\n<div class=\"page\" title=\"Page 1\">\n<div class=\"layoutArea\">\n<div class=\"column\">\n<div class=\"page\" title=\"Page 2\">\n<div class=\"section\">\n<div class=\"layoutArea\">\n<div class=\"column\">\n<div class=\"page\" title=\"Page 2\">\n<div class=\"section\">\n<div class=\"layoutArea\">\n<div class=\"column\">\n<p><span>La Federaci\u00f3n LANDAOLA, integrada por las Asociaciones de Desarrollo Rural de Gipuzkoa, tiene entre sus fines los recogidos en la Ley 10\/1998, de 8 de abril, de Desarrollo Rural. Entre ellas se encuentran la promoci\u00f3n de la igualdad real de mujeres y hombres y el impulso de la perspectiva de g<\/span>\u00e9<span>nero y el empoderamiento de las mujeres junto con el asociacionismo.<\/span><\/p>\n<\/div>\n<\/div>\n<\/div>\n<\/div>\n<\/div>\n<\/div>\n<\/div>\n<\/div>\n<\/div>\n<\/div>\n<\/div>\n<\/div>\n<\/div>\n<\/div>\n<\/div>\n<ul>\n<li>\n        <a href=\"\/es\/landa-emakumeak-gara\/\">M\u00e1s informaci\u00f3n<\/a>\n    <\/li>\n<li>\n        <a href=\"http:\/\/landaemakumeak.eus\/aurkezpena.php?idioma=eu&#038;idioma=es\">Web<\/a>\n    <\/li>\n<li>\n        <a href=\"\/wp-content\/uploads\/2025\/10\/Euskadiko-landa-emakumeen-begirada-Dossier.pdf\">Mirada de las Mujeres Rurales de Euskadi<\/a>\n    <\/li>\n<\/ul>\n<hr>\n<h2>Lurretik mahaira<\/h2>\n<hr>\n<p><img decoding=\"async\" src=\"\/wp-content\/uploads\/2022\/11\/lurretik-mahaira.svg\" alt=\"\"><\/p>\n<div>\n<p><span>El proyecto \u201clurretik mahaira \u201c (de la tierra a la mesa)\u00a0 busca que todas las personas e instituciones de Gipuzkoa puedan activar su compromiso social y medioambiental e implicarse en la consecuci\u00f3n de la Agenda 2030, promoviendo la innovaci\u00f3n social y a trav<\/span>\u00e9<span>s de alianzas interinstitucionales. Queremos promover la escalabilidad y difusi\u00f3n de modelos innovadores para acelerar la transici\u00f3<\/span>n ecol<span>\u00f3gica justa en Gipuzkoa. Un amplio proyecto que tiene como objetivo organizar un sistema de acompa\u00f1amiento para fomentar una alimentaci\u00f3n sostenible y un consumo responsable es el que la Federaci\u00f3n Landaola quiere llevar a cabo junto a otros socios de alianza como HAZI, Elika, Lurgintza, Abelur y la asesor\u00eda de la Universidad de Deusto. Con la organizaci\u00f3n de un acompa\u00f1amiento sistematizado desde la producci\u00f3n hasta la venta, se pretende incidir en la trancisi\u00f3n de la producci\u00f3n alimentaria local a la demanda de los consumidores actuales.<\/span><\/p>\n<\/div>\n<p>\n    <a href=\"\/es\/lurretik-mahaira\/\">M\u00e1s informaci\u00f3n<\/a>\n<\/p>\n<p><!--more--><br \/>\n<!-- {\"type\":\"layout\",\"children\":[{\"type\":\"section\",\"props\":{\"style\":\"default\",\"width\":\"\",\"vertical_align\":\"middle\",\"title_position\":\"top-left\",\"title_rotation\":\"left\",\"title_breakpoint\":\"xl\",\"image_position\":\"center-center\",\"padding\":\"none\"},\"children\":[{\"type\":\"row\",\"children\":[{\"type\":\"column\",\"props\":{\"position_sticky_breakpoint\":\"m\",\"image_position\":\"center-center\",\"media_overlay_gradient\":\"\"},\"children\":[{\"type\":\"slideshow\",\"props\":{\"show_title\":true,\"show_meta\":true,\"show_content\":true,\"show_link\":true,\"show_thumbnail\":true,\"slideshow_min_height\":300,\"slideshow_autoplay_pause\":true,\"nav\":\"\",\"nav_position\":\"bottom-center\",\"nav_position_margin\":\"medium\",\"nav_align\":\"center\",\"nav_breakpoint\":\"s\",\"thumbnav_width\":\"100\",\"thumbnav_height\":\"75\",\"thumbnav_svg_color\":\"emphasis\",\"slidenav\":\"\",\"slidenav_margin\":\"medium\",\"slidenav_breakpoint\":\"s\",\"slidenav_outside_breakpoint\":\"xl\",\"overlay_position\":\"center\",\"overlay_animation\":\"parallax\",\"title_element\":\"h1\",\"meta_style\":\"meta\",\"meta_align\":\"below-title\",\"meta_element\":\"div\",\"link_text\":\"Read more\",\"link_style\":\"default\",\"margin\":\"default\",\"slideshow_max_height\":\"650\",\"overlay_container\":\"default\",\"title_style\":\"heading-xlarge\",\"slideshow_animation\":\"\",\"slideshow_autoplay\":true,\"slideshow_kenburns\":\"alternate\"},\"children\":[{\"type\":\"slideshow_item\",\"props\":{\"image\":\"wp-content\\\/uploads\\\/2022\\\/09\\\/azokarako-argazkia-copia.jpg\",\"title\":\"\",\"text_color\":\"light\"}}]}]}]}],\"name\":\"aurlezpena1\"},{\"type\":\"section\",\"props\":{\"style\":\"default\",\"width\":\"default\",\"vertical_align\":\"middle\",\"title_position\":\"top-left\",\"title_rotation\":\"left\",\"title_breakpoint\":\"xl\",\"image_position\":\"center-center\",\"animation\":\"fade\",\"animation_delay\":\"200\"},\"children\":[{\"type\":\"row\",\"children\":[{\"type\":\"column\",\"props\":{\"position_sticky_breakpoint\":\"m\",\"image_position\":\"center-center\",\"media_overlay_gradient\":\"\"},\"children\":[{\"type\":\"headline\",\"props\":{\"title_element\":\"h2\",\"content\":\"\n\n<div class=\\\"page\\\" title=\\\"Page 1\\\">\\n\n\n<div class=\\\"layoutArea\\\">\\n\n\n<div class=\\\"column\\\">\\n\n\n<div class=\\\"page\\\" title=\\\"Page 2\\\">\\n\n\n<div class=\\\"section\\\">\\n\n\n<div class=\\\"layoutArea\\\">\\n\n\n<div class=\\\"column\\\">\\n\n\n<p><span>Proyectos<\\\/span><\\\/p>\\n<\\\/div>\\n<\\\/div>\\n<\\\/div>\\n<\\\/div>\\n<\\\/div>\\n<\\\/div>\\n<\\\/div>\",\"title_style\":\"h1\"}},{\"type\":\"text\",\"props\":{\"margin\":\"default\",\"column_breakpoint\":\"m\",\"content\":\"\n\n<p>A continuaci\\u00f3n, puedes ver los proyectos que estamos trabajando desde Landaola<\\\/p>\",\"text_style\":\"lead\",\"maxwidth_breakpoint\":\"m\"}},{\"type\":\"divider\",\"props\":{\"divider_element\":\"hr\",\"maxwidth_breakpoint\":\"m\"}},{\"type\":\"headline\",\"props\":{\"title_element\":\"h1\",\"content\":\"\n\n<p class=\\\"p1\\\">Sagarberritzen: investigaci\\u00f3n sobre el presente y el futuro de la manzana aut\\u00f3ctona de consumo de Gipuzkoa.<\\\/p>\\n<br \\\/>\\n\n\n<p class=\\\"p1\\\"><\\\/p>\",\"title_color\":\"primary\"}},{\"type\":\"divider\",\"props\":{\"divider_element\":\"hr\",\"maxwidth_breakpoint\":\"m\"}},{\"type\":\"image\",\"props\":{\"margin\":\"default\",\"image_svg_color\":\"emphasis\",\"image\":\"wp-content\\\/uploads\\\/2025\\\/09\\\/sagarberritzen.png\"}},{\"type\":\"text\",\"props\":{\"margin\":\"default\",\"column_breakpoint\":\"m\",\"content\":\"\n\n<p class=\\\"p1\\\">Se ha querido analizar el potencial de negocio de la elaboraci\\u00f3n y transformaci\\u00f3n de manzanas aut\\u00f3ctonas de consumo en el Territorio Hist\\u00f3rico de Gipuzkoa.<\\\/p>\\n\n\n<p class=\\\"p1\\\">El estudio ha sido realizado por MIK-Mondragon Unibertsitatea<\\\/p>\"}},{\"type\":\"button\",\"props\":{\"grid_column_gap\":\"medium\",\"grid_row_gap\":\"small\",\"margin\":\"default\",\"text_align\":\"right\",\"text_align_breakpoint\":\"m\"},\"children\":[{\"type\":\"button_item\",\"props\":{\"button_style\":\"text\",\"icon_align\":\"left\",\"content\":\"Leer estudio\",\"link\":\"wp-content\\\/uploads\\\/2025\\\/09\\\/12.09-upv-mik-V2-para-descargar.pdf\",\"link_target\":\"blank\"}}]},{\"type\":\"divider\",\"props\":{\"divider_element\":\"hr\",\"maxwidth_breakpoint\":\"m\"}},{\"type\":\"headline\",\"props\":{\"title_element\":\"h1\",\"content\":\"\n\n<p class=\\\"p1\\\">Investigaci\\u00f3n sobre las motivaciones que hacen frente a la compra de productos locales por parte de la generaci\\u00f3n Z.<\\\/p>\\n<br \\\/>\\n\n\n<p class=\\\"p1\\\"><\\\/p>\",\"title_color\":\"primary\"}},{\"type\":\"divider\",\"props\":{\"divider_element\":\"hr\",\"maxwidth_breakpoint\":\"m\"}},{\"type\":\"image\",\"props\":{\"margin\":\"default\",\"image_svg_color\":\"emphasis\",\"image\":\"wp-content\\\/uploads\\\/2025\\\/09\\\/z-.png\"}},{\"type\":\"text\",\"props\":{\"margin\":\"default\",\"column_breakpoint\":\"m\",\"content\":\"\n\n<p class=\\\"p1\\\">Z es una generaci\\u00f3n nacida entre 1996 y 2006 y con este estudio se ha querido conocer sus h\\u00e1bitos de compra, su percepci\\u00f3n y relaci\\u00f3n con las ferias, as\\u00ed como sus motivaciones y obst\\u00e1culos.<\\\/p>\\n\n\n<p class=\\\"p1\\\">El estudio ha sido realizado por la consultora Prosumerlab.<\\\/p>\"}},{\"type\":\"button\",\"props\":{\"grid_column_gap\":\"medium\",\"grid_row_gap\":\"small\",\"margin\":\"default\",\"text_align\":\"right\",\"text_align_breakpoint\":\"m\"},\"children\":[{\"type\":\"button_item\",\"props\":{\"button_style\":\"text\",\"icon_align\":\"left\",\"content\":\"Leer estudio\",\"link\":\"wp-content\\\/uploads\\\/2025\\\/09\\\/Z-FOOD_EUS_compressed.pdf\",\"link_target\":\"blank\"}}]},{\"type\":\"divider\",\"props\":{\"divider_element\":\"hr\",\"maxwidth_breakpoint\":\"m\"}},{\"type\":\"headline\",\"props\":{\"title_element\":\"h1\",\"content\":\"Investigaci\\u00f3n sobre la sensibiliad de la generaci\\u00f3n Millenial hacia el mercado local<br \\\/>\\n\n\n<p class=\\\"p1\\\"><\\\/p>\",\"title_color\":\"primary\"}},{\"type\":\"divider\",\"props\":{\"divider_element\":\"hr\",\"maxwidth_breakpoint\":\"m\"}},{\"type\":\"image\",\"props\":{\"margin\":\"default\",\"image_svg_color\":\"emphasis\",\"image\":\"wp-content\\\/uploads\\\/2025\\\/03\\\/Captura-de-pantalla-2025-03-10-a-las-13.40.27.png\"}},{\"type\":\"text\",\"props\":{\"margin\":\"default\",\"column_breakpoint\":\"m\",\"content\":\"\n\n<p class=\\\"p1\\\">Millenials es una generaci\\u00f3n nacida entre 1981 y 1995 y con este estudio se pretende conocer sus h\\u00e1bitos de compra, su percepci\\u00f3n de los mercados y sus relaciones, as\\u00ed como sus motivaciones y obst\\u00e1culos.<\\\/p>\\n\n\n<p class=\\\"p1\\\">El estudio ha sido realizado por la consultora Prosumerlab.<\\\/p>\"}},{\"type\":\"button\",\"props\":{\"grid_column_gap\":\"medium\",\"grid_row_gap\":\"small\",\"margin\":\"default\",\"text_align\":\"right\",\"text_align_breakpoint\":\"m\"},\"children\":[{\"type\":\"button_item\",\"props\":{\"button_style\":\"text\",\"icon_align\":\"left\",\"content\":\"Leer estudio\",\"link\":\"wp-content\\\/uploads\\\/2025\\\/03\\\/AZOKAK_Millennials_2025_02_21_V2.pdf\",\"link_target\":\"blank\"}}]},{\"type\":\"divider\",\"props\":{\"divider_element\":\"hr\",\"maxwidth_breakpoint\":\"m\"}},{\"type\":\"headline\",\"props\":{\"title_element\":\"h1\",\"content\":\"Trebatu\",\"title_color\":\"primary\"}},{\"type\":\"divider\",\"props\":{\"divider_element\":\"hr\"}},{\"type\":\"image\",\"props\":{\"margin\":\"default\",\"image_svg_color\":\"emphasis\",\"image\":\"wp-content\\\/uploads\\\/2024\\\/06\\\/TRE-2024-irudia-logo-GIP-HOR.png\"}},{\"type\":\"text\",\"props\":{\"margin\":\"default\",\"column_breakpoint\":\"m\",\"content\":\"\n\n<p>El proyecto Trebatu est\\u00e1 dirigido a los emprendedores que quieren desarrollar su proyecto profesional en el sector primario. Trebatu ofrece a las personas emprendedoras (Trebalari) la opci\\u00f3n de poner en marcha su proyecto en explotaciones que tienen necesidad de relevo generacional (Trebatze gune). Con ello se pretende hacer frente a la falta de relevo generacional que sufre el sector primario y, en consecuencia, impulsar la producci\\u00f3n local alimentaria.<\\\/p>\"}},{\"type\":\"button\",\"props\":{\"grid_column_gap\":\"medium\",\"grid_row_gap\":\"small\",\"margin\":\"default\",\"text_align\":\"right\",\"text_align_breakpoint\":\"m\"},\"children\":[{\"type\":\"button_item\",\"props\":{\"button_style\":\"text\",\"icon_align\":\"left\",\"content\":\"M\\u00e1s informaci\\u00f3n\",\"link\":\"wp-content\\\/uploads\\\/2024\\\/06\\\/v6-Eskuorria.pdf\",\"link_target\":\"blank\"}},{\"type\":\"button_item\",\"props\":{\"button_style\":\"text\",\"icon_align\":\"left\",\"content\":\"Web\",\"link\":\"http:\\\/\\\/www.trebatu.eus\",\"link_target\":\"blank\",\"status\":\"\"}}]},{\"type\":\"divider\",\"props\":{\"divider_element\":\"hr\"}},{\"type\":\"headline\",\"props\":{\"title_element\":\"h2\",\"content\":\"\n\n<div class=\\\"page\\\" title=\\\"Page 1\\\">\\n\n\n<div class=\\\"layoutArea\\\">\\n\n\n<div class=\\\"column\\\">\\n\n\n<div class=\\\"page\\\" title=\\\"Page 2\\\">\\n\n\n<div class=\\\"section\\\">\\n\n\n<div class=\\\"layoutArea\\\">\\n\n\n<div class=\\\"column\\\">\\n\n\n<div class=\\\"page\\\" title=\\\"Page 2\\\">\\n\n\n<div class=\\\"section\\\">\\n\n\n<div class=\\\"layoutArea\\\">\\n\n\n<div class=\\\"column\\\">\\n\n\n<p><span>Gipuzkoako Azoken Sarea <\\\/span><\\\/p>\\n<\\\/div>\\n<\\\/div>\\n<\\\/div>\\n<\\\/div>\\n<\\\/div>\\n<\\\/div>\\n<\\\/div>\\n<\\\/div>\\n<\\\/div>\\n<\\\/div>\\n<\\\/div>\",\"title_style\":\"h1\",\"title_color\":\"primary\",\"margin_remove_top\":true}},{\"type\":\"divider\",\"props\":{\"divider_element\":\"hr\",\"maxwidth_breakpoint\":\"m\"}},{\"type\":\"image\",\"props\":{\"margin\":\"default\",\"image_svg_color\":\"emphasis\",\"image\":\"wp-content\\\/uploads\\\/2022\\\/05\\\/gipuzkoako-azoken-sarea.svg\",\"text_align\":\"center\",\"text_align_breakpoint\":\"m\"}},{\"type\":\"text\",\"props\":{\"margin\":\"medium\",\"column_breakpoint\":\"m\",\"content\":\"En el marco del Pacto Verde Europeo y en l\\u00ednea con la Estrategia Baserritik Mahaira aprobada por la Comisi\\u00f3n Europea, la asociaci\\u00f3n LANDAOLA (Federaci\\u00f3n de Asociaciones de Desarrollo Rural de Gipuzkoa), a trav\\u00e9s de la Fundaci\\u00f3n Elika,  Gobierno Vasco y con la colaboraci\\u00f3n de los Ayuntamientos y la Diputaci\\u00f3n Foral de Gipuzkoa, puso en marcha a finales de 2020 el proyecto denominado GIPUZKOAKO AZOKEN SAREA, con el objetivo de dinamizar e impulsar circuitos cortos como las ferias de nuestros municipios que se han convertido en una parte importante de la econom\\u00eda, la cultura y la tradici\\u00f3n de nuestros municipios.\\n\\nEl objetivo principal de la iniciativa es analizar las ferias de los pueblos de Gipuzkoa, potenciarlas y garantizar su futuro.\\n\",\"maxwidth_breakpoint\":\"m\",\"margin_remove_bottom\":true,\"column\":\"1-2\"}},{\"type\":\"button\",\"props\":{\"grid_column_gap\":\"small\",\"grid_row_gap\":\"small\",\"margin\":\"default\",\"text_align\":\"right\",\"text_align_breakpoint\":\"m\"},\"children\":[{\"type\":\"button_item\",\"props\":{\"button_style\":\"text\",\"icon_align\":\"left\",\"content\":\"M\\u00e1s informaci\\u00f3n\",\"link\":\"es\\\/red-de-ferias-locales-de-gipuzkoa\\\/\"}},{\"type\":\"button_item\",\"props\":{\"button_style\":\"text\",\"icon_align\":\"left\",\"content\":\"Web\",\"link\":\"http:\\\/\\\/azokensarea.eus\\\/es\\\/\",\"link_target\":\"blank\"}}]},{\"type\":\"divider\",\"props\":{\"divider_element\":\"hr\"}},{\"type\":\"headline\",\"props\":{\"title_element\":\"h2\",\"content\":\"\n\n<div class=\\\"page\\\" title=\\\"Page 1\\\">\\n\n\n<div class=\\\"layoutArea\\\">\\n\n\n<div class=\\\"column\\\">\\n\n\n<div class=\\\"page\\\" title=\\\"Page 2\\\">\\n\n\n<div class=\\\"section\\\">\\n\n\n<div class=\\\"layoutArea\\\">\\n\n\n<div class=\\\"column\\\">\\n\n\n<div class=\\\"page\\\" title=\\\"Page 2\\\">\\n\n\n<div class=\\\"section\\\">\\n\n\n<div class=\\\"layoutArea\\\">\\n\n\n<div class=\\\"column\\\">\\n\n\n<div class=\\\"page\\\" title=\\\"Page 2\\\">\\n\n\n<div class=\\\"section\\\">\\n\n\n<div class=\\\"layoutArea\\\">\\n\n\n<div class=\\\"column\\\">\\n\n\n<p><span>Landa Emakumeak Gara <\\\/span><\\\/p>\\n<\\\/div>\\n<\\\/div>\\n<\\\/div>\\n<\\\/div>\\n<\\\/div>\\n<\\\/div>\\n<\\\/div>\\n<\\\/div>\\n<\\\/div>\\n<\\\/div>\\n<\\\/div>\\n<\\\/div>\\n<\\\/div>\\n<\\\/div>\\n<\\\/div>\",\"title_style\":\"h1\",\"title_color\":\"primary\",\"margin_remove_top\":true}},{\"type\":\"divider\",\"props\":{\"divider_element\":\"hr\",\"maxwidth_breakpoint\":\"m\"}},{\"type\":\"image\",\"props\":{\"margin\":\"default\",\"image_svg_color\":\"emphasis\",\"image\":\"wp-content\\\/uploads\\\/2022\\\/05\\\/landa-emakumeak.svg\",\"text_align\":\"center\",\"text_align_breakpoint\":\"m\"}},{\"type\":\"text\",\"props\":{\"margin\":\"medium\",\"column_breakpoint\":\"m\",\"content\":\"\n\n<div class=\\\"page\\\" title=\\\"Page 1\\\">\\n\n\n<div class=\\\"layoutArea\\\">\\n\n\n<div class=\\\"column\\\">\\n\n\n<div class=\\\"page\\\" title=\\\"Page 1\\\">\\n\n\n<div class=\\\"layoutArea\\\">\\n\n\n<div class=\\\"column\\\">\\n\n\n<div class=\\\"page\\\" title=\\\"Page 2\\\">\\n\n\n<div class=\\\"section\\\">\\n\n\n<div class=\\\"layoutArea\\\">\\n\n\n<div class=\\\"column\\\">\\n\n\n<div class=\\\"page\\\" title=\\\"Page 2\\\">\\n\n\n<div class=\\\"section\\\">\\n\n\n<div class=\\\"layoutArea\\\">\\n\n\n<div class=\\\"column\\\">\\n\n\n<p><span>La Federaci\\u00f3n LANDAOLA, integrada por las Asociaciones de Desarrollo Rural de Gipuzkoa, tiene entre sus fines los recogidos en la Ley 10\\\/1998, de 8 de abril, de Desarrollo Rural. Entre ellas se encuentran la promoci\\u00f3n de la igualdad real de mujeres y hombres y el impulso de la perspectiva de g<\\\/span>\\u00e9<span>nero y el empoderamiento de las mujeres junto con el asociacionismo.<\\\/span><\\\/p>\\n<\\\/div>\\n<\\\/div>\\n<\\\/div>\\n<\\\/div>\\n<\\\/div>\\n<\\\/div>\\n<\\\/div>\\n<\\\/div>\\n<\\\/div>\\n<\\\/div>\\n<\\\/div>\\n<\\\/div>\\n<\\\/div>\\n<\\\/div>\",\"maxwidth_breakpoint\":\"m\",\"margin_remove_bottom\":true,\"column\":\"1-2\"}},{\"type\":\"button\",\"props\":{\"grid_column_gap\":\"small\",\"grid_row_gap\":\"small\",\"margin\":\"default\",\"text_align\":\"right\",\"text_align_breakpoint\":\"m\"},\"children\":[{\"type\":\"button_item\",\"props\":{\"button_style\":\"text\",\"icon_align\":\"left\",\"content\":\"M\\u00e1s informaci\\u00f3n\",\"link\":\"\\\/es\\\/landa-emakumeak-gara\\\/\"}},{\"type\":\"button_item\",\"props\":{\"button_style\":\"text\",\"icon_align\":\"left\",\"content\":\"Web\",\"link\":\"http:\\\/\\\/landaemakumeak.eus\\\/aurkezpena.php?idioma=eu&idioma=es\",\"link_target\":\"blank\"}},{\"type\":\"button_item\",\"props\":{\"button_style\":\"text\",\"icon_align\":\"left\",\"content\":\"Mirada de las Mujeres Rurales de Euskadi\",\"link\":\"wp-content\\\/uploads\\\/2025\\\/10\\\/Euskadiko-landa-emakumeen-begirada-Dossier.pdf\",\"link_target\":\"blank\",\"link_title\":\"Mirada de las Mujeres Rurales de Euskadi\"}}]},{\"type\":\"divider\",\"props\":{\"divider_element\":\"hr\"}},{\"type\":\"headline\",\"props\":{\"title_element\":\"h2\",\"content\":\"Lurretik mahaira\",\"title_style\":\"h1\",\"title_color\":\"primary\",\"margin_remove_top\":true}},{\"type\":\"divider\",\"props\":{\"divider_element\":\"hr\",\"maxwidth_breakpoint\":\"m\"}},{\"type\":\"image\",\"props\":{\"margin\":\"default\",\"image_svg_color\":\"emphasis\",\"image\":\"wp-content\\\/uploads\\\/2022\\\/11\\\/lurretik-mahaira.svg\",\"text_align\":\"center\",\"text_align_breakpoint\":\"m\"}},{\"type\":\"text\",\"props\":{\"margin\":\"medium\",\"column_breakpoint\":\"m\",\"content\":\"\n\n<p><span>El proyecto \\u201clurretik mahaira \\u201c (de la tierra a la mesa)\\u00a0 busca que todas las personas e instituciones de Gipuzkoa puedan activar su compromiso social y medioambiental e implicarse en la consecuci\\u00f3n de la Agenda 2030, promoviendo la innovaci\\u00f3n social y a trav<\\\/span>\\u00e9<span>s de alianzas interinstitucionales. Queremos promover la escalabilidad y difusi\\u00f3n de modelos innovadores para acelerar la transici\\u00f3<\\\/span>n ecol<span>\\u00f3gica justa en Gipuzkoa. Un amplio proyecto que tiene como objetivo organizar un sistema de acompa\\u00f1amiento para fomentar una alimentaci\\u00f3n sostenible y un consumo responsable es el que la Federaci\\u00f3n Landaola quiere llevar a cabo junto a otros socios de alianza como HAZI, Elika, Lurgintza, Abelur y la asesor\\u00eda de la Universidad de Deusto. Con la organizaci\\u00f3n de un acompa\\u00f1amiento sistematizado desde la producci\\u00f3n hasta la venta, se pretende incidir en la trancisi\\u00f3n de la producci\\u00f3n alimentaria local a la demanda de los consumidores actuales.<\\\/span><\\\/p>\",\"maxwidth_breakpoint\":\"m\",\"margin_remove_bottom\":true,\"column\":\"1-2\"}},{\"type\":\"button\",\"props\":{\"grid_column_gap\":\"small\",\"grid_row_gap\":\"small\",\"margin\":\"default\",\"text_align\":\"right\",\"text_align_breakpoint\":\"m\"},\"children\":[{\"type\":\"button_item\",\"props\":{\"button_style\":\"text\",\"icon_align\":\"left\",\"content\":\"M\\u00e1s informaci\\u00f3n\",\"link\":\"\\\/es\\\/lurretik-mahaira\\\/\"}}]}]}]}],\"name\":\"aurkezpena\"}],\"version\":\"2.7.22\"} --><\/p>\n","protected":false},"excerpt":{"rendered":"<p>Proyectos A continuaci\u00f3n, puedes ver los proyectos que estamos trabajando desde Landaola Sagarberritzen: investigaci\u00f3n sobre el presente y el futuro de la manzana aut\u00f3ctona de consumo de Gipuzkoa. Se ha querido analizar el potencial de negocio de la elaboraci\u00f3n y transformaci\u00f3n de manzanas aut\u00f3ctonas de consumo en el Territorio Hist\u00f3rico de Gipuzkoa. El estudio ha [&hellip;]<\/p>\n","protected":false},"author":1,"featured_media":0,"parent":0,"menu_order":0,"comment_status":"closed","ping_status":"closed","template":"","meta":{"footnotes":""},"yoast_head":"<!-- This site is optimized with the Yoast SEO plugin v21.5 - https:\/\/yoast.com\/wordpress\/plugins\/seo\/ -->\n<title>Proyectos - Landaola - Gipuzkoako Landa Garapen Elkarteen Federazioa<\/title>\n<meta name=\"description\" content=\"A continuaci\u00f3n, puedes ver los proyectos que estamos trabajando desde Landaola: Landan Ekin, Gipuzkoako Azoken Sarea, Landa Emakumeak Gara\" \/>\n<meta name=\"robots\" content=\"index, follow, max-snippet:-1, max-image-preview:large, max-video-preview:-1\" \/>\n<link rel=\"canonical\" href=\"https:\/\/landaola.eus\/es\/proyectos-landaola\/\" \/>\n<meta property=\"og:locale\" content=\"es_ES\" \/>\n<meta property=\"og:type\" content=\"article\" \/>\n<meta property=\"og:title\" content=\"Proyectos - Landaola - Gipuzkoako Landa Garapen Elkarteen Federazioa\" \/>\n<meta property=\"og:description\" content=\"A continuaci\u00f3n, puedes ver los proyectos que estamos trabajando desde Landaola: Landan Ekin, Gipuzkoako Azoken Sarea, Landa Emakumeak Gara\" \/>\n<meta property=\"og:url\" content=\"https:\/\/landaola.eus\/es\/proyectos-landaola\/\" \/>\n<meta property=\"og:site_name\" content=\"Landaola - Gipuzkoako Landa Garapen Elkarteen Federazioa\" \/>\n<meta property=\"article:publisher\" content=\"https:\/\/www.facebook.com\/Landaola-1306311309416102\" \/>\n<meta property=\"article:modified_time\" content=\"2025-10-15T10:37:48+00:00\" \/>\n<meta name=\"twitter:card\" content=\"summary_large_image\" \/>\n<meta name=\"twitter:site\" content=\"@Landaola_\" \/>\n<meta name=\"twitter:label1\" content=\"Tiempo de lectura\" \/>\n\t<meta name=\"twitter:data1\" content=\"4 minutos\" \/>\n<script type=\"application\/ld+json\" class=\"yoast-schema-graph\">{\"@context\":\"https:\/\/schema.org\",\"@graph\":[{\"@type\":\"WebPage\",\"@id\":\"https:\/\/landaola.eus\/es\/proyectos-landaola\/\",\"url\":\"https:\/\/landaola.eus\/es\/proyectos-landaola\/\",\"name\":\"Proyectos - Landaola - Gipuzkoako Landa Garapen Elkarteen Federazioa\",\"isPartOf\":{\"@id\":\"https:\/\/landaola.eus\/#website\"},\"datePublished\":\"2022-05-24T09:58:28+00:00\",\"dateModified\":\"2025-10-15T10:37:48+00:00\",\"description\":\"A continuaci\u00f3n, puedes ver los proyectos que estamos trabajando desde Landaola: Landan Ekin, Gipuzkoako Azoken Sarea, Landa Emakumeak Gara\",\"breadcrumb\":{\"@id\":\"https:\/\/landaola.eus\/es\/proyectos-landaola\/#breadcrumb\"},\"inLanguage\":\"es\",\"potentialAction\":[{\"@type\":\"ReadAction\",\"target\":[\"https:\/\/landaola.eus\/es\/proyectos-landaola\/\"]}]},{\"@type\":\"BreadcrumbList\",\"@id\":\"https:\/\/landaola.eus\/es\/proyectos-landaola\/#breadcrumb\",\"itemListElement\":[{\"@type\":\"ListItem\",\"position\":1,\"name\":\"Home\",\"item\":\"https:\/\/landaola.eus\/es\/\"},{\"@type\":\"ListItem\",\"position\":2,\"name\":\"Proyectos\"}]},{\"@type\":\"WebSite\",\"@id\":\"https:\/\/landaola.eus\/#website\",\"url\":\"https:\/\/landaola.eus\/\",\"name\":\"Landaola - Gipuzkoako Landa Garapen Elkarteen Federazioa\",\"description\":\"Gipuzkoako Landa Garapen Elkarteen Federazioa\",\"publisher\":{\"@id\":\"https:\/\/landaola.eus\/#organization\"},\"potentialAction\":[{\"@type\":\"SearchAction\",\"target\":{\"@type\":\"EntryPoint\",\"urlTemplate\":\"https:\/\/landaola.eus\/?s={search_term_string}\"},\"query-input\":\"required name=search_term_string\"}],\"inLanguage\":\"es\"},{\"@type\":\"Organization\",\"@id\":\"https:\/\/landaola.eus\/#organization\",\"name\":\"LANDAOLA\",\"alternateName\":\"Gipuzkoako landa garapen elkarteen federazioa\",\"url\":\"https:\/\/landaola.eus\/\",\"logo\":{\"@type\":\"ImageObject\",\"inLanguage\":\"es\",\"@id\":\"https:\/\/landaola.eus\/#\/schema\/logo\/image\/\",\"url\":\"https:\/\/landaola.eus\/wp-content\/uploads\/2022\/11\/landaola.svg\",\"contentUrl\":\"https:\/\/landaola.eus\/wp-content\/uploads\/2022\/11\/landaola.svg\",\"width\":1,\"height\":1,\"caption\":\"LANDAOLA\"},\"image\":{\"@id\":\"https:\/\/landaola.eus\/#\/schema\/logo\/image\/\"},\"sameAs\":[\"https:\/\/www.facebook.com\/Landaola-1306311309416102\",\"https:\/\/twitter.com\/Landaola_\",\"https:\/\/www.youtube.com\/channel\/UCmr3BnLvYWU86tkM-rHfXGg\",\"https:\/\/www.instagram.com\/landaola_\/?igshid=YmMyMTA2M2Y\"]}]}<\/script>\n<!-- \/ Yoast SEO plugin. -->","yoast_head_json":{"title":"Proyectos - Landaola - Gipuzkoako Landa Garapen Elkarteen Federazioa","description":"A continuaci\u00f3n, puedes ver los proyectos que estamos trabajando desde Landaola: Landan Ekin, Gipuzkoako Azoken Sarea, Landa Emakumeak Gara","robots":{"index":"index","follow":"follow","max-snippet":"max-snippet:-1","max-image-preview":"max-image-preview:large","max-video-preview":"max-video-preview:-1"},"canonical":"https:\/\/landaola.eus\/es\/proyectos-landaola\/","og_locale":"es_ES","og_type":"article","og_title":"Proyectos - Landaola - Gipuzkoako Landa Garapen Elkarteen Federazioa","og_description":"A continuaci\u00f3n, puedes ver los proyectos que estamos trabajando desde Landaola: Landan Ekin, Gipuzkoako Azoken Sarea, Landa Emakumeak Gara","og_url":"https:\/\/landaola.eus\/es\/proyectos-landaola\/","og_site_name":"Landaola - Gipuzkoako Landa Garapen Elkarteen Federazioa","article_publisher":"https:\/\/www.facebook.com\/Landaola-1306311309416102","article_modified_time":"2025-10-15T10:37:48+00:00","twitter_card":"summary_large_image","twitter_site":"@Landaola_","twitter_misc":{"Tiempo de lectura":"4 minutos"},"schema":{"@context":"https:\/\/schema.org","@graph":[{"@type":"WebPage","@id":"https:\/\/landaola.eus\/es\/proyectos-landaola\/","url":"https:\/\/landaola.eus\/es\/proyectos-landaola\/","name":"Proyectos - Landaola - Gipuzkoako Landa Garapen Elkarteen Federazioa","isPartOf":{"@id":"https:\/\/landaola.eus\/#website"},"datePublished":"2022-05-24T09:58:28+00:00","dateModified":"2025-10-15T10:37:48+00:00","description":"A continuaci\u00f3n, puedes ver los proyectos que estamos trabajando desde Landaola: Landan Ekin, Gipuzkoako Azoken Sarea, Landa Emakumeak Gara","breadcrumb":{"@id":"https:\/\/landaola.eus\/es\/proyectos-landaola\/#breadcrumb"},"inLanguage":"es","potentialAction":[{"@type":"ReadAction","target":["https:\/\/landaola.eus\/es\/proyectos-landaola\/"]}]},{"@type":"BreadcrumbList","@id":"https:\/\/landaola.eus\/es\/proyectos-landaola\/#breadcrumb","itemListElement":[{"@type":"ListItem","position":1,"name":"Home","item":"https:\/\/landaola.eus\/es\/"},{"@type":"ListItem","position":2,"name":"Proyectos"}]},{"@type":"WebSite","@id":"https:\/\/landaola.eus\/#website","url":"https:\/\/landaola.eus\/","name":"Landaola - Gipuzkoako Landa Garapen Elkarteen Federazioa","description":"Gipuzkoako Landa Garapen Elkarteen Federazioa","publisher":{"@id":"https:\/\/landaola.eus\/#organization"},"potentialAction":[{"@type":"SearchAction","target":{"@type":"EntryPoint","urlTemplate":"https:\/\/landaola.eus\/?s={search_term_string}"},"query-input":"required name=search_term_string"}],"inLanguage":"es"},{"@type":"Organization","@id":"https:\/\/landaola.eus\/#organization","name":"LANDAOLA","alternateName":"Gipuzkoako landa garapen elkarteen federazioa","url":"https:\/\/landaola.eus\/","logo":{"@type":"ImageObject","inLanguage":"es","@id":"https:\/\/landaola.eus\/#\/schema\/logo\/image\/","url":"https:\/\/landaola.eus\/wp-content\/uploads\/2022\/11\/landaola.svg","contentUrl":"https:\/\/landaola.eus\/wp-content\/uploads\/2022\/11\/landaola.svg","width":1,"height":1,"caption":"LANDAOLA"},"image":{"@id":"https:\/\/landaola.eus\/#\/schema\/logo\/image\/"},"sameAs":["https:\/\/www.facebook.com\/Landaola-1306311309416102","https:\/\/twitter.com\/Landaola_","https:\/\/www.youtube.com\/channel\/UCmr3BnLvYWU86tkM-rHfXGg","https:\/\/www.instagram.com\/landaola_\/?igshid=YmMyMTA2M2Y"]}]}},"_links":{"self":[{"href":"https:\/\/landaola.eus\/es\/wp-json\/wp\/v2\/pages\/95"}],"collection":[{"href":"https:\/\/landaola.eus\/es\/wp-json\/wp\/v2\/pages"}],"about":[{"href":"https:\/\/landaola.eus\/es\/wp-json\/wp\/v2\/types\/page"}],"author":[{"embeddable":true,"href":"https:\/\/landaola.eus\/es\/wp-json\/wp\/v2\/users\/1"}],"replies":[{"embeddable":true,"href":"https:\/\/landaola.eus\/es\/wp-json\/wp\/v2\/comments?post=95"}],"version-history":[{"count":87,"href":"https:\/\/landaola.eus\/es\/wp-json\/wp\/v2\/pages\/95\/revisions"}],"predecessor-version":[{"id":1455,"href":"https:\/\/landaola.eus\/es\/wp-json\/wp\/v2\/pages\/95\/revisions\/1455"}],"wp:attachment":[{"href":"https:\/\/landaola.eus\/es\/wp-json\/wp\/v2\/media?parent=95"}],"curies":[{"name":"wp","href":"https:\/\/api.w.org\/{rel}","templated":true}]}}