{"id":482,"date":"2022-11-17T12:13:25","date_gmt":"2022-11-17T11:13:25","guid":{"rendered":"http:\/\/landaola.eus\/?page_id=482"},"modified":"2023-11-21T12:11:29","modified_gmt":"2023-11-21T11:11:29","slug":"red-de-ferias-locales-de-gipuzkoa","status":"publish","type":"page","link":"https:\/\/landaola.eus\/es\/red-de-ferias-locales-de-gipuzkoa\/","title":{"rendered":"Red de Ferias locales de Gipuzkoa"},"content":{"rendered":"<hr>\n<h1><span>Red de Ferias locales de Gipuzkoa<\/span><\/h1>\n<hr>\n<div>\n<p><span>En el marco del Pacto Verde Europeo y en l\u00ednea con la Estrategia Baserritik Mahaira aprobada por la Comisi\u00f3n Europea, la asociaci\u00f3n LANDAOLA (Federaci\u00f3n de Asociaciones de Desarrollo Rural de Gipuzkoa), a trav<\/span>\u00e9<span>s de la Fundaci\u00f3<\/span>n Elika<span>, Gobierno Vasco y con la colaboraci\u00f3n de los Ayuntamientos y la Diputaci\u00f3n Foral de Gipuzkoa, con el objetivo de dinamizar e impulsar circuitos cortos como las ferias de nuestros municipios que se han convertido en una parte importante de la econom\u00eda, cultura y tradici\u00f3n de nuestros ayuntamientos, pone en marcha el proyecto denominado RED DE FERIAS DE GIPUZKOA<\/span><\/p>\n<p><span>PLAN <\/span>ESTRAT\u00c9<span>GICO<\/span><\/p>\n<\/div>\n<h3><span>EJES (5) Y L\u00cdNEAS DE TRABAJO (18):<\/span><\/h3>\n<div>\n<p>1.- GOBERNANZA\/GESTI<span>\u00d3N<\/span><span>\u00a0<\/span><\/p>\n<ul>\n<li>Recursos Humanos<\/li>\n<li><span>Mesa de Gipuzkoa (DFG + Elika + Ayuntamientos + Landaola)<\/span><\/li>\n<li><span>Mesa sector primario<\/span><\/li>\n<li>Normativa<\/li>\n<\/ul>\n<p><span>2.- INFRAESTRUCTURAS Y SERVICIOS<\/span><span>\u00a0<\/span><\/p>\n<ul>\n<li><span>Actualizaci\u00f3n de infraestructuras (seguimiento y asesoramiento)<\/span><\/li>\n<li><span>Oferta innovadora de nuevos servicios<\/span><\/li>\n<li><span>Buenas pr\u00e1cticas<\/span><\/li>\n<\/ul>\n<p>3.- FUTURO (COMPETITIVIDAD, SUCESI<span>\u00d3N Y DIGITALIZACI\u00d3N)<\/span><\/p>\n<ul>\n<li><span>Proyecto piloto de digitalizaci\u00f3n<\/span><\/li>\n<li><span>Proyectos de mejora de ventas en ferias<\/span><\/li>\n<li><span>Iniciativas para garantizar la sucesi\u00f3n<\/span><\/li>\n<\/ul>\n<p><span>4.- DINAMIZACI\u00d3N DE LA RED<\/span><span>\u00a0<\/span><\/p>\n<ul>\n<li>Cr<span>iterios generales<\/span><\/li>\n<li><span>Formaci\u00f3n y benchmarking de productores<\/span><\/li>\n<li><span>Organizar acciones conjuntas<\/span><\/li>\n<li><span>Promoci\u00f3n y\/o desarrollo de proyectos<\/span><\/li>\n<li><span>Acciones promocionales<\/span><\/li>\n<\/ul>\n<p><span>5.- COMUNICACI\u00d3N DE LA RED<\/span><\/p>\n<ul>\n<li><span>Plan de comunicaci\u00f3n (desarrollo del relato, imagen, web y redes sociales)<\/span><\/li>\n<li><span>Promoci\u00f3n de la red<\/span><\/li>\n<li>Creaci\u00f3n de comunidad<\/li>\n<\/ul>\n<\/div>\n<h3>\n<p class=\"Cuerpo\"><span lang=\"ES-TRAD\">LOS 17 MUNICIPIOS QUE COMPONEN LA RED DE FERIAS DE GIPUZKOA SON:<span class=\"Ninguno\"><span style=\"background: white;\"><o:p><\/o:p><\/span><\/span><\/span><\/p>\n<\/h3>\n<div>\n<ul>\n<li>Arrasate<\/li>\n<li>Azkoitia<\/li>\n<li>Azpeitia<\/li>\n<li>Beasain<\/li>\n<li>Bergara<\/li>\n<li>Deba<\/li>\n<li>Donostia<\/li>\n<li>Eibar<\/li>\n<li>Errenteria<\/li>\n<li>Hondarribia<\/li>\n<li>Legazpi<\/li>\n<li>Mutriku<\/li>\n<li>Ordizia<\/li>\n<li>O\u00f1ati<\/li>\n<li>Tolosa<\/li>\n<li>Zarautz<\/li>\n<li>Zumarraga<\/li>\n<\/ul>\n<\/div>\n<ul>\n<li>\n<p>        <img decoding=\"async\" src=\"\/wp-content\/uploads\/2022\/11\/azoken-sarea.jpg\" alt=\"\"><\/p>\n<\/li>\n<li>\n<p>        <img decoding=\"async\" src=\"\/wp-content\/uploads\/2022\/11\/azoken-sarea2.jpg\" alt=\"\"><\/p>\n<\/li>\n<li>\n<p>        <img decoding=\"async\" src=\"\/wp-content\/uploads\/2022\/11\/azoken-sarea3.jpg\" alt=\"\"><\/p>\n<\/li>\n<li>\n<p>        <img decoding=\"async\" src=\"\/wp-content\/uploads\/2022\/11\/azoken-sarea4.jpg\" alt=\"\"><\/p>\n<\/li>\n<li>\n<p>        <img decoding=\"async\" src=\"\/wp-content\/uploads\/2022\/11\/azoken-sarea5.jpg\" alt=\"\"><\/p>\n<\/li>\n<\/ul>\n<p><!--more--><br \/>\n<!-- {\"type\":\"layout\",\"children\":[{\"type\":\"section\",\"props\":{\"style\":\"default\",\"width\":\"default\",\"vertical_align\":\"middle\",\"title_position\":\"top-left\",\"title_rotation\":\"left\",\"title_breakpoint\":\"xl\",\"image_position\":\"center-center\",\"width_expand\":\"right\",\"padding_remove_horizontal\":true},\"children\":[{\"type\":\"row\",\"props\":{\"layout\":\"2-3,1-3\"},\"children\":[{\"type\":\"column\",\"props\":{\"position_sticky_breakpoint\":\"m\",\"image_position\":\"center-center\",\"media_overlay_gradient\":\"\",\"width_medium\":\"2-3\",\"style\":\"default\",\"padding\":\"small\",\"css\":\".el-column{\\n padding-top: 0px !important;   \\n}\"},\"children\":[{\"type\":\"divider\",\"props\":{\"divider_element\":\"hr\",\"margin_remove_bottom\":true}},{\"type\":\"headline\",\"props\":{\"title_element\":\"h1\",\"content\":\"<span>Red de Ferias locales de Gipuzkoa<\\\/span>\",\"title_color\":\"primary\",\"title_style\":\"heading-small\",\"margin_remove_top\":true,\"margin_remove_bottom\":true}},{\"type\":\"divider\",\"props\":{\"divider_element\":\"hr\",\"margin_remove_bottom\":false,\"margin_remove_top\":true}},{\"type\":\"text\",\"props\":{\"margin\":\"default\",\"column_breakpoint\":\"m\",\"content\":\"\n\n<p><span>En el marco del Pacto Verde Europeo y en l\\u00ednea con la Estrategia Baserritik Mahaira aprobada por la Comisi\\u00f3n Europea, la asociaci\\u00f3n LANDAOLA (Federaci\\u00f3n de Asociaciones de Desarrollo Rural de Gipuzkoa), a trav<\\\/span>\\u00e9<span>s de la Fundaci\\u00f3<\\\/span>n Elika<span>, Gobierno Vasco y con la colaboraci\\u00f3n de los Ayuntamientos y la Diputaci\\u00f3n Foral de Gipuzkoa, con el objetivo de dinamizar e impulsar circuitos cortos como las ferias de nuestros municipios que se han convertido en una parte importante de la econom\\u00eda, cultura y tradici\\u00f3n de nuestros ayuntamientos, pone en marcha el proyecto denominado RED DE FERIAS DE GIPUZKOA<\\\/span><\\\/p>\\n\n\n<p><span>PLAN <\\\/span>ESTRAT\\u00c9<span>GICO<\\\/span><\\\/p>\"}},{\"type\":\"headline\",\"props\":{\"title_element\":\"h3\",\"content\":\"<span>EJES (5) Y L\\u00cdNEAS DE TRABAJO (18):<\\\/span>\",\"title_color\":\"primary\",\"title_style\":\"h4\",\"margin_remove_top\":true,\"margin_remove_bottom\":true}},{\"type\":\"text\",\"props\":{\"margin\":\"default\",\"column_breakpoint\":\"m\",\"content\":\"\n\n<p>1.- GOBERNANZA\\\/GESTI<span>\\u00d3N<\\\/span><span>\\u00a0<\\\/span><\\\/p>\\n\n\n<ul>\\n\n\n<li>Recursos Humanos<\\\/li>\\n\n\n<li><span>Mesa de Gipuzkoa (DFG + Elika + Ayuntamientos + Landaola)<\\\/span><\\\/li>\\n\n\n<li><span>Mesa sector primario<\\\/span><\\\/li>\\n\n\n<li>Normativa<\\\/li>\\n<\\\/ul>\\n\n\n<p><span>2.- INFRAESTRUCTURAS Y SERVICIOS<\\\/span><span>\\u00a0<\\\/span><\\\/p>\\n\n\n<ul>\\n\n\n<li><span>Actualizaci\\u00f3n de infraestructuras (seguimiento y asesoramiento)<\\\/span><\\\/li>\\n\n\n<li><span>Oferta innovadora de nuevos servicios<\\\/span><\\\/li>\\n\n\n<li><span>Buenas pr\\u00e1cticas<\\\/span><\\\/li>\\n<\\\/ul>\\n\n\n<p>3.- FUTURO (COMPETITIVIDAD, SUCESI<span>\\u00d3N Y DIGITALIZACI\\u00d3N)<\\\/span><\\\/p>\\n\n\n<ul>\\n\n\n<li><span>Proyecto piloto de digitalizaci\\u00f3n<\\\/span><\\\/li>\\n\n\n<li><span>Proyectos de mejora de ventas en ferias<\\\/span><\\\/li>\\n\n\n<li><span>Iniciativas para garantizar la sucesi\\u00f3n<\\\/span><\\\/li>\\n<\\\/ul>\\n\n\n<p><span>4.- DINAMIZACI\\u00d3N DE LA RED<\\\/span><span>\\u00a0<\\\/span><\\\/p>\\n\n\n<ul>\\n\n\n<li>Cr<span>iterios generales<\\\/span><\\\/li>\\n\n\n<li><span>Formaci\\u00f3n y benchmarking de productores<\\\/span><\\\/li>\\n\n\n<li><span>Organizar acciones conjuntas<\\\/span><\\\/li>\\n\n\n<li><span>Promoci\\u00f3n y\\\/o desarrollo de proyectos<\\\/span><\\\/li>\\n\n\n<li><span>Acciones promocionales<\\\/span><\\\/li>\\n<\\\/ul>\\n\n\n<p><span>5.- COMUNICACI\\u00d3N DE LA RED<\\\/span><\\\/p>\\n\n\n<ul>\\n\n\n<li><span>Plan de comunicaci\\u00f3n (desarrollo del relato, imagen, web y redes sociales)<\\\/span><\\\/li>\\n\n\n<li><span>Promoci\\u00f3n de la red<\\\/span><\\\/li>\\n\n\n<li>Creaci\\u00f3n de comunidad<\\\/li>\\n<\\\/ul>\"}},{\"type\":\"headline\",\"props\":{\"title_element\":\"h3\",\"content\":\"\n\n<p class=\\\"Cuerpo\\\"><span lang=\\\"ES-TRAD\\\">LOS 17 MUNICIPIOS QUE COMPONEN LA RED DE FERIAS DE GIPUZKOA SON:<span class=\\\"Ninguno\\\"><span style=\\\"background: white;\\\"><o:p><\\\/o:p><\\\/span><\\\/span><\\\/span><\\\/p>\",\"title_color\":\"primary\",\"title_style\":\"h4\",\"margin_remove_top\":true,\"margin_remove_bottom\":true}},{\"type\":\"text\",\"props\":{\"margin\":\"default\",\"column_breakpoint\":\"m\",\"content\":\"\n\n<ul>\\n\n\n<li>Arrasate<\\\/li>\\n\n\n<li>Azkoitia<\\\/li>\\n\n\n<li>Azpeitia<\\\/li>\\n\n\n<li>Beasain<\\\/li>\\n\n\n<li>Bergara<\\\/li>\\n\n\n<li>Deba<\\\/li>\\n\n\n<li>Donostia<\\\/li>\\n\n\n<li>Eibar<\\\/li>\\n\n\n<li>Errenteria<\\\/li>\\n\n\n<li>Hondarribia<\\\/li>\\n\n\n<li>Legazpi<\\\/li>\\n\n\n<li>Mutriku<\\\/li>\\n\n\n<li>Ordizia<\\\/li>\\n\n\n<li>O\\u00f1ati<\\\/li>\\n\n\n<li>Tolosa<\\\/li>\\n\n\n<li>Zarautz<\\\/li>\\n\n\n<li>Zumarraga<\\\/li>\\n<\\\/ul>\"}}]},{\"type\":\"column\",\"props\":{\"position_sticky_breakpoint\":\"m\",\"image_position\":\"center-center\",\"media_overlay_gradient\":\"\",\"width_medium\":\"1-3\",\"position_sticky\":false},\"children\":[{\"type\":\"gallery\",\"props\":{\"show_title\":true,\"show_meta\":true,\"show_content\":true,\"show_link\":true,\"show_hover_image\":true,\"grid_default\":\"1\",\"grid_medium\":\"1\",\"filter_style\":\"tab\",\"filter_all\":true,\"filter_position\":\"top\",\"filter_align\":\"left\",\"filter_grid_width\":\"auto\",\"filter_grid_breakpoint\":\"m\",\"overlay_mode\":\"cover\",\"overlay_hover\":true,\"overlay_style\":\"overlay-primary\",\"text_color\":\"light\",\"overlay_position\":\"center\",\"overlay_transition\":\"fade\",\"title_hover_style\":\"reset\",\"title_element\":\"h3\",\"meta_style\":\"meta\",\"meta_align\":\"below-title\",\"meta_element\":\"div\",\"link_text\":\"Read more\",\"link_style\":\"default\",\"text_align\":\"center\",\"margin\":\"default\",\"item_animation\":true,\"grid_row_gap\":\"collapse\"},\"children\":[{\"type\":\"gallery_item\",\"props\":{\"image\":\"wp-content\\\/uploads\\\/2022\\\/11\\\/azoken-sarea.jpg\"}},{\"type\":\"gallery_item\",\"props\":{\"image\":\"wp-content\\\/uploads\\\/2022\\\/11\\\/azoken-sarea2.jpg\"}},{\"type\":\"gallery_item\",\"props\":{\"image\":\"wp-content\\\/uploads\\\/2022\\\/11\\\/azoken-sarea3.jpg\"}},{\"type\":\"gallery_item\",\"props\":{\"image\":\"wp-content\\\/uploads\\\/2022\\\/11\\\/azoken-sarea4.jpg\"}},{\"type\":\"gallery_item\",\"props\":{\"image\":\"wp-content\\\/uploads\\\/2022\\\/11\\\/azoken-sarea5.jpg\"}}]}]}]}],\"name\":\"proeiktua\"}],\"version\":\"2.7.22\"} --><\/p>\n","protected":false},"excerpt":{"rendered":"<p>Red de Ferias locales de Gipuzkoa En el marco del Pacto Verde Europeo y en l\u00ednea con la Estrategia Baserritik Mahaira aprobada por la Comisi\u00f3n Europea, la asociaci\u00f3n LANDAOLA (Federaci\u00f3n de Asociaciones de Desarrollo Rural de Gipuzkoa), a trav\u00e9s de la Fundaci\u00f3n Elika, Gobierno Vasco y con la colaboraci\u00f3n de los Ayuntamientos y la Diputaci\u00f3n [&hellip;]<\/p>\n","protected":false},"author":1,"featured_media":0,"parent":0,"menu_order":0,"comment_status":"closed","ping_status":"closed","template":"","meta":{"footnotes":""},"yoast_head":"<!-- This site is optimized with the Yoast SEO plugin v21.5 - https:\/\/yoast.com\/wordpress\/plugins\/seo\/ -->\n<title>Red de Ferias locales de Gipuzkoa - Landaola - Gipuzkoako Landa Garapen Elkarteen Federazioa<\/title>\n<meta name=\"description\" content=\"Dinamizar e impulsar las ferias de nuestros municipios que se han convertido en una parte importante de la econom\u00eda, cultura y tradici\u00f3n\" \/>\n<meta name=\"robots\" content=\"index, follow, max-snippet:-1, max-image-preview:large, max-video-preview:-1\" \/>\n<link rel=\"canonical\" href=\"https:\/\/landaola.eus\/es\/red-de-ferias-locales-de-gipuzkoa\/\" \/>\n<meta property=\"og:locale\" content=\"es_ES\" \/>\n<meta property=\"og:type\" content=\"article\" \/>\n<meta property=\"og:title\" content=\"Red de Ferias locales de Gipuzkoa - Landaola - Gipuzkoako Landa Garapen Elkarteen Federazioa\" \/>\n<meta property=\"og:description\" content=\"Dinamizar e impulsar las ferias de nuestros municipios que se han convertido en una parte importante de la econom\u00eda, cultura y tradici\u00f3n\" \/>\n<meta property=\"og:url\" content=\"https:\/\/landaola.eus\/es\/red-de-ferias-locales-de-gipuzkoa\/\" \/>\n<meta property=\"og:site_name\" content=\"Landaola - Gipuzkoako Landa Garapen Elkarteen Federazioa\" \/>\n<meta property=\"article:publisher\" content=\"https:\/\/www.facebook.com\/Landaola-1306311309416102\" \/>\n<meta property=\"article:modified_time\" content=\"2023-11-21T11:11:29+00:00\" \/>\n<meta name=\"twitter:card\" content=\"summary_large_image\" \/>\n<meta name=\"twitter:site\" content=\"@Landaola_\" \/>\n<meta name=\"twitter:label1\" content=\"Tiempo de lectura\" \/>\n\t<meta name=\"twitter:data1\" content=\"3 minutos\" \/>\n<script type=\"application\/ld+json\" class=\"yoast-schema-graph\">{\"@context\":\"https:\/\/schema.org\",\"@graph\":[{\"@type\":\"WebPage\",\"@id\":\"https:\/\/landaola.eus\/es\/red-de-ferias-locales-de-gipuzkoa\/\",\"url\":\"https:\/\/landaola.eus\/es\/red-de-ferias-locales-de-gipuzkoa\/\",\"name\":\"Red de Ferias locales de Gipuzkoa - Landaola - Gipuzkoako Landa Garapen Elkarteen Federazioa\",\"isPartOf\":{\"@id\":\"https:\/\/landaola.eus\/#website\"},\"datePublished\":\"2022-11-17T11:13:25+00:00\",\"dateModified\":\"2023-11-21T11:11:29+00:00\",\"description\":\"Dinamizar e impulsar las ferias de nuestros municipios que se han convertido en una parte importante de la econom\u00eda, cultura y tradici\u00f3n\",\"breadcrumb\":{\"@id\":\"https:\/\/landaola.eus\/es\/red-de-ferias-locales-de-gipuzkoa\/#breadcrumb\"},\"inLanguage\":\"es\",\"potentialAction\":[{\"@type\":\"ReadAction\",\"target\":[\"https:\/\/landaola.eus\/es\/red-de-ferias-locales-de-gipuzkoa\/\"]}]},{\"@type\":\"BreadcrumbList\",\"@id\":\"https:\/\/landaola.eus\/es\/red-de-ferias-locales-de-gipuzkoa\/#breadcrumb\",\"itemListElement\":[{\"@type\":\"ListItem\",\"position\":1,\"name\":\"Home\",\"item\":\"https:\/\/landaola.eus\/es\/\"},{\"@type\":\"ListItem\",\"position\":2,\"name\":\"Red de Ferias locales de Gipuzkoa\"}]},{\"@type\":\"WebSite\",\"@id\":\"https:\/\/landaola.eus\/#website\",\"url\":\"https:\/\/landaola.eus\/\",\"name\":\"Landaola - Gipuzkoako Landa Garapen Elkarteen Federazioa\",\"description\":\"Gipuzkoako Landa Garapen Elkarteen Federazioa\",\"publisher\":{\"@id\":\"https:\/\/landaola.eus\/#organization\"},\"potentialAction\":[{\"@type\":\"SearchAction\",\"target\":{\"@type\":\"EntryPoint\",\"urlTemplate\":\"https:\/\/landaola.eus\/?s={search_term_string}\"},\"query-input\":\"required name=search_term_string\"}],\"inLanguage\":\"es\"},{\"@type\":\"Organization\",\"@id\":\"https:\/\/landaola.eus\/#organization\",\"name\":\"LANDAOLA\",\"alternateName\":\"Gipuzkoako landa garapen elkarteen federazioa\",\"url\":\"https:\/\/landaola.eus\/\",\"logo\":{\"@type\":\"ImageObject\",\"inLanguage\":\"es\",\"@id\":\"https:\/\/landaola.eus\/#\/schema\/logo\/image\/\",\"url\":\"https:\/\/landaola.eus\/wp-content\/uploads\/2022\/11\/landaola.svg\",\"contentUrl\":\"https:\/\/landaola.eus\/wp-content\/uploads\/2022\/11\/landaola.svg\",\"width\":1,\"height\":1,\"caption\":\"LANDAOLA\"},\"image\":{\"@id\":\"https:\/\/landaola.eus\/#\/schema\/logo\/image\/\"},\"sameAs\":[\"https:\/\/www.facebook.com\/Landaola-1306311309416102\",\"https:\/\/twitter.com\/Landaola_\",\"https:\/\/www.youtube.com\/channel\/UCmr3BnLvYWU86tkM-rHfXGg\",\"https:\/\/www.instagram.com\/landaola_\/?igshid=YmMyMTA2M2Y\"]}]}<\/script>\n<!-- \/ Yoast SEO plugin. -->","yoast_head_json":{"title":"Red de Ferias locales de Gipuzkoa - Landaola - Gipuzkoako Landa Garapen Elkarteen Federazioa","description":"Dinamizar e impulsar las ferias de nuestros municipios que se han convertido en una parte importante de la econom\u00eda, cultura y tradici\u00f3n","robots":{"index":"index","follow":"follow","max-snippet":"max-snippet:-1","max-image-preview":"max-image-preview:large","max-video-preview":"max-video-preview:-1"},"canonical":"https:\/\/landaola.eus\/es\/red-de-ferias-locales-de-gipuzkoa\/","og_locale":"es_ES","og_type":"article","og_title":"Red de Ferias locales de Gipuzkoa - Landaola - Gipuzkoako Landa Garapen Elkarteen Federazioa","og_description":"Dinamizar e impulsar las ferias de nuestros municipios que se han convertido en una parte importante de la econom\u00eda, cultura y tradici\u00f3n","og_url":"https:\/\/landaola.eus\/es\/red-de-ferias-locales-de-gipuzkoa\/","og_site_name":"Landaola - Gipuzkoako Landa Garapen Elkarteen Federazioa","article_publisher":"https:\/\/www.facebook.com\/Landaola-1306311309416102","article_modified_time":"2023-11-21T11:11:29+00:00","twitter_card":"summary_large_image","twitter_site":"@Landaola_","twitter_misc":{"Tiempo de lectura":"3 minutos"},"schema":{"@context":"https:\/\/schema.org","@graph":[{"@type":"WebPage","@id":"https:\/\/landaola.eus\/es\/red-de-ferias-locales-de-gipuzkoa\/","url":"https:\/\/landaola.eus\/es\/red-de-ferias-locales-de-gipuzkoa\/","name":"Red de Ferias locales de Gipuzkoa - Landaola - Gipuzkoako Landa Garapen Elkarteen Federazioa","isPartOf":{"@id":"https:\/\/landaola.eus\/#website"},"datePublished":"2022-11-17T11:13:25+00:00","dateModified":"2023-11-21T11:11:29+00:00","description":"Dinamizar e impulsar las ferias de nuestros municipios que se han convertido en una parte importante de la econom\u00eda, cultura y tradici\u00f3n","breadcrumb":{"@id":"https:\/\/landaola.eus\/es\/red-de-ferias-locales-de-gipuzkoa\/#breadcrumb"},"inLanguage":"es","potentialAction":[{"@type":"ReadAction","target":["https:\/\/landaola.eus\/es\/red-de-ferias-locales-de-gipuzkoa\/"]}]},{"@type":"BreadcrumbList","@id":"https:\/\/landaola.eus\/es\/red-de-ferias-locales-de-gipuzkoa\/#breadcrumb","itemListElement":[{"@type":"ListItem","position":1,"name":"Home","item":"https:\/\/landaola.eus\/es\/"},{"@type":"ListItem","position":2,"name":"Red de Ferias locales de Gipuzkoa"}]},{"@type":"WebSite","@id":"https:\/\/landaola.eus\/#website","url":"https:\/\/landaola.eus\/","name":"Landaola - Gipuzkoako Landa Garapen Elkarteen Federazioa","description":"Gipuzkoako Landa Garapen Elkarteen Federazioa","publisher":{"@id":"https:\/\/landaola.eus\/#organization"},"potentialAction":[{"@type":"SearchAction","target":{"@type":"EntryPoint","urlTemplate":"https:\/\/landaola.eus\/?s={search_term_string}"},"query-input":"required name=search_term_string"}],"inLanguage":"es"},{"@type":"Organization","@id":"https:\/\/landaola.eus\/#organization","name":"LANDAOLA","alternateName":"Gipuzkoako landa garapen elkarteen federazioa","url":"https:\/\/landaola.eus\/","logo":{"@type":"ImageObject","inLanguage":"es","@id":"https:\/\/landaola.eus\/#\/schema\/logo\/image\/","url":"https:\/\/landaola.eus\/wp-content\/uploads\/2022\/11\/landaola.svg","contentUrl":"https:\/\/landaola.eus\/wp-content\/uploads\/2022\/11\/landaola.svg","width":1,"height":1,"caption":"LANDAOLA"},"image":{"@id":"https:\/\/landaola.eus\/#\/schema\/logo\/image\/"},"sameAs":["https:\/\/www.facebook.com\/Landaola-1306311309416102","https:\/\/twitter.com\/Landaola_","https:\/\/www.youtube.com\/channel\/UCmr3BnLvYWU86tkM-rHfXGg","https:\/\/www.instagram.com\/landaola_\/?igshid=YmMyMTA2M2Y"]}]}},"_links":{"self":[{"href":"https:\/\/landaola.eus\/es\/wp-json\/wp\/v2\/pages\/482"}],"collection":[{"href":"https:\/\/landaola.eus\/es\/wp-json\/wp\/v2\/pages"}],"about":[{"href":"https:\/\/landaola.eus\/es\/wp-json\/wp\/v2\/types\/page"}],"author":[{"embeddable":true,"href":"https:\/\/landaola.eus\/es\/wp-json\/wp\/v2\/users\/1"}],"replies":[{"embeddable":true,"href":"https:\/\/landaola.eus\/es\/wp-json\/wp\/v2\/comments?post=482"}],"version-history":[{"count":17,"href":"https:\/\/landaola.eus\/es\/wp-json\/wp\/v2\/pages\/482\/revisions"}],"predecessor-version":[{"id":687,"href":"https:\/\/landaola.eus\/es\/wp-json\/wp\/v2\/pages\/482\/revisions\/687"}],"wp:attachment":[{"href":"https:\/\/landaola.eus\/es\/wp-json\/wp\/v2\/media?parent=482"}],"curies":[{"name":"wp","href":"https:\/\/api.w.org\/{rel}","templated":true}]}}