{"id":459,"date":"2022-11-17T11:25:29","date_gmt":"2022-11-17T10:25:29","guid":{"rendered":"http:\/\/landaola.eus\/?page_id=459"},"modified":"2024-05-31T08:32:45","modified_gmt":"2024-05-31T07:32:45","slug":"lurretik-mahaira","status":"publish","type":"page","link":"https:\/\/landaola.eus\/es\/lurretik-mahaira\/","title":{"rendered":"Lurretik mahaira"},"content":{"rendered":"<hr>\n<h1>Lurretik mahaira<\/h1>\n<hr>\n<div>\n<p><span>El proyecto \u201cLurretik Mahaira\u201d se enmarca dentro de la <\/span><\/p>\n<p>MISI\u00d3N DE ALIMENTACI\u00d3N SOSTENIBLE DE GIPUZKOA<\/p>\n<p><strong><span>En 2040, Gipuzkoa contar\u00e1 con un sistema alimentario sostenible, saludable, accesible y competitivo que maximice la capacidad de producci\u00f3n local y fomente el consumo responsable, proyectando la cultura e identidad del territorio.<\/span><\/strong><\/p>\n<p><span>Para impulsar una planificaci\u00f3n o estrategia que tenga como objetivo fomentar el consumo sostenible es imprescindible contar con una producci\u00f3n sostenible. Para conseguir un sector adecuado que facilite una producci\u00f3n sostenible es imprescindible incidir en el sector agrario guipuzcoano.<\/span><\/p>\n<p><span>En Gipuzkoa, el problema del relevo generacional que tiene el sector agrario es grave, ya que faltan nuevos productores que quieran operar en <\/span>\u00e9<span>l. A este problema hay que a\u00f1adir los siguientes factores:<\/span><\/p>\n<p><span>&#8211; En general, las explotaciones guipuzcoanas son peque\u00f1as y, por tanto, tienen dificultades para acceder a terrenos para ser rentables.<\/span><\/p>\n<p><span>&#8211; La edad media de las personas que trabajan en el sector es alta, por lo que <\/span>\u00e9<span>stas no invierten en innovaci\u00f3n.<\/span><\/p>\n<p><span>&#8211; En el caso de muchos productos, la comercializaci\u00f3n est\u00e1 desestructurada, lo que hace que los peque\u00f1os productores tengan poca capacidad de negociaci\u00f3n. Se pierden en esfuerzos individuales.<\/span><\/p>\n<p><span>&#8211; El desconocimiento de las nuevas tendencias de consumo por parte de los productores hace que quien produce no responda a lo que demanda el mercado.<\/span><\/p>\n<p><span>&#8211; El esfuerzo por vender la producci\u00f3n propia es enorme y los productores no conocen las nuevas v\u00edas de venta<\/span><\/p>\n<p><span>&#8211; La ciudad y el medio rural est\u00e1n cada vez m\u00e1s alejados, lo que hace que la sociedad pierda conocimiento del sector.<\/span><\/p>\n<p><span>&#8211; Gipuzkoa tiene problemas estructurales de respuesta a la demanda.<\/span><\/p>\n<p><span>\u00a0<\/span><\/p>\n<p><span>Para poder revertir esta situaci\u00f3n, se ha puesto el <\/span>\u00e9<span>nfasis en estimular la demanda de los consumidores pensando que al crecimiento de la demanda habr\u00eda respondido de forma proporcional un crecimiento de la oferta, y no ha sido as\u00ed. Por poner un ejemplo, aunque el consumo de producto ecol\u00f3gico est\u00e1 en aumento, la producci\u00f3n de estos productos en el territorio no est\u00e1 creciendo en la misma medida. O, en el caso contrario, a pesar de la producci\u00f3n del producto, los consumidores no est\u00e1n dispuestos a comprarlo a un precio justo anterior.<\/span><\/p>\n<p>Para responder a este desaf<span>\u00edo, con el fin de lograr una Gipuzkoa m\u00e1s culta, creativa, justa y sostenible, fomentando la capacidad cr\u00edtica y el compromiso colectivo, nuestra propuesta aborda los siguientes \u00e1mbitos de trabajo:<\/span><\/p>\n<p><span>1- Para hacer frente a los problemas o dificultades del sector primario:<\/span><\/p>\n<ol>\n<li><span> Se llevar\u00e1 a cabo la activaci\u00f3n de los espacios TREITU (entendimiento y elaboraci\u00f3<\/span>n de cr<span>\u00ed<\/span>ticas entre diferentes agentes)<\/li>\n<li><span> Desarrollo de la integraci\u00f3n del Fondo de Suelo Agrario de Gipuzkoa<\/span><\/li>\n<\/ol>\n<p><span>2- De cara a la comercializaci\u00f3<\/span>n:<\/p>\n<ol>\n<li><span> Organizaci\u00f3n y dinamizaci\u00f3n de los espacios p\u00fablicos donde se realiza la venta directa a trav<\/span>\u00e9<span>s de la Red de Ferias de Gipuzkoa.<\/span><\/li>\n<li><span> Incrementar la oferta de productos locales en la red de tiendas de proximidad.<\/span><\/li>\n<li><span> Integraci\u00f3n del aprovisionamiento de producciones de proximidad para el desarrollo de cooperativas de consumo.<\/span><\/li>\n<li><span> Comedores colectivos. Garantizando la presencia de productos aut\u00f3ctonos en dichos comedores.<\/span><\/li>\n<li><span> Sensibilizaci\u00f3<\/span>n:<\/li>\n<li><span> Elaboraci\u00f3n de proyectos de vinculaci\u00f3n para la fidelizaci\u00f3n de consumidores. Y de la mano, abordar las v\u00edas de transici\u00f3<\/span>n ecol<span>\u00f3gica de los productores.<\/span><\/li>\n<li><span> El desarrollo de las din\u00e1micas en materia de coeducaci\u00f3n en el \u00e1mbito educativo, Educar en la cultura agraria, Mi plataforma<\/span><\/li>\n<li><span> Aprecio de los productores y acciones encaminadas a expresar el reconocimiento social, temas de agroturismo y apertura de puertas, Pacto Social, Encuentro Goizane, estudios de valor social de productos locales, viajes t<\/span>\u00e9cnicos, etc.<\/li>\n<li><span> Desde el \u00e1mbito de la igualdad, la situaci\u00f3n de las mujeres baserritarras, el papel de las j\u00f3venes, una reflexi\u00f3n de integraci\u00f3n social que refleje la necesidad de las personas inmigrantes.<\/span><\/li>\n<\/ol>\n<p><span>\u00a0<\/span><\/p>\n<p><span>Objetivos generales y espec\u00edficos de la propuesta<\/span><\/p>\n<p><span>A nivel de Gipuzkoa, este proyecto pretende ser una herramienta que facilite la transici\u00f3n de los modelos de producci\u00f3n y consumo hacia un sistema de alimentaci\u00f3n m\u00e1s sostenible, que incremente al m\u00e1ximo tanto la producci\u00f3n como el consumo de productos locales. El objetivo de este proyecto es desarrollar un sistema de acompa\u00f1amiento que promueva el consumo sostenible a trav<\/span>\u00e9<span>s de la articulaci\u00f3n de un sistema interinstitucional.<\/span><\/p>\n<p><span>Con este sistema de acompa\u00f1amiento se crear\u00e1 una producci\u00f3n sostenible que permita posteriormente un consumo sostenible hacia los consumidores a trav<\/span>\u00e9<span>s de diferentes canales de venta.<\/span><\/p>\n<p><span>\u00a0<\/span><\/p>\n<p>Objetivos espec<span>\u00ed<\/span>ficos:<\/p>\n<p><span>&#8211; Promover modelos de consumo basados en la venta de proximidad, posibilitando el desarrollo y actualizaci\u00f3n de ferias de la mano de la red de ferias.<\/span><\/p>\n<p><span>&#8211; Impulsar la integraci\u00f3n de 9 cooperativas de consumo a nivel de Gipuzkoa<\/span><\/p>\n<p><span>&#8211; Organizaci\u00f3n de un modelo de sistema de suministro de productos aut\u00f3<\/span>ctonos para comedores colectivos.<\/p>\n<p><span>&#8211; Fomento de alianzas con productores y comercio de proximidad (Dendartean)\/hosteler\u00eda (Alojamientos Populares).<\/span><\/p>\n<p><span>&#8211; Profundizar en las relaciones entre productores y consumidores. Realizar acciones de sensibilizaci\u00f3n social en los valores y valores de los productos locales<\/span><\/p>\n<p><span>&#8211; Facilitar la transici\u00f3<\/span>n ecol<span>\u00f3gica de las explotaciones a trav<\/span>\u00e9<span>s de las Asociaciones Lurgintza y Abelur<\/span><\/p>\n<p><span>&#8211; Definir y difundir en todo el territorio la integraci\u00f3n del Fondo de Suelo Agrario de Gipuzkoa para dar respuesta a los problemas de suelo de las explotaciones existentes y de las nuevas con el fin de responder de la manera m\u00e1s adecuada a las necesidades de transici\u00f3n del sector.<\/span><\/p>\n<p><span>Realizar la definici\u00f3n, desarrollo e implante de los modelos Trebagune para garantizar el cambio generacional, la creaci\u00f3n de nuevas unidades\/modelos de producci\u00f3n y una formaci\u00f3n adecuada (crear un espacio piloto Trebatu)<\/span><\/p>\n<\/div>\n<hr>\n<h1>SERVICIOS ECOSIST\u00c9MICOS<\/h1>\n<div>\n<p><span>Etorkizuna Eraikiz &#8211; Programa Misiones 2022: Dentro de la misi\u00f3n de alimentaci\u00f3n sostenible de Gipuzkoa hemos realizado un an\u00e1lisis de los servicios ecosist\u00e9micos del sector primario guipuzcoano.<\/span><\/p>\n<\/div>\n<ul>\n<li>\n        <a href=\"\/wp-content\/uploads\/2024\/05\/Zerbitzu-ekosistemikoak-aurkezpena.pdf\"><\/a>\n    <\/li>\n<li>\n        <a href=\"http:\/\/landaola.eus\/wp-content\/uploads\/2024\/05\/Zerbitzu-ekosistemikoak-aurkezpena.pdf\">An\u00e1lisis de servicios ecosist\u00e9micos<\/a>\n    <\/li>\n<\/ul>\n<ul>\n<li>\n<p>        <img decoding=\"async\" src=\"\/wp-content\/uploads\/2022\/11\/lurretik-mahaira1.jpg\" alt=\"\"><\/p>\n<\/li>\n<li>\n<p>        <img decoding=\"async\" src=\"\/wp-content\/uploads\/2022\/11\/lurretik-mahaira2.jpg\" alt=\"\"><\/p>\n<\/li>\n<li>\n<p>        <img decoding=\"async\" src=\"\/wp-content\/uploads\/2022\/11\/lurretik-mahaira3.jpg\" alt=\"\"><\/p>\n<\/li>\n<li>\n<p>        <img decoding=\"async\" src=\"\/wp-content\/uploads\/2022\/11\/lurretik-mahaira4.jpg\" alt=\"\"><\/p>\n<\/li>\n<li>\n<p>        <img decoding=\"async\" src=\"\/wp-content\/uploads\/2022\/11\/lurretik-mahaira5.jpg\" alt=\"\"><\/p>\n<\/li>\n<\/ul>\n<p><!--more--><br \/>\n<!-- {\"type\":\"layout\",\"children\":[{\"type\":\"section\",\"props\":{\"style\":\"default\",\"width\":\"default\",\"vertical_align\":\"middle\",\"title_position\":\"top-left\",\"title_rotation\":\"left\",\"title_breakpoint\":\"xl\",\"image_position\":\"center-center\",\"width_expand\":\"right\",\"padding_remove_horizontal\":true},\"children\":[{\"type\":\"row\",\"props\":{\"layout\":\"2-3,1-3\"},\"children\":[{\"type\":\"column\",\"props\":{\"position_sticky_breakpoint\":\"m\",\"image_position\":\"center-center\",\"media_overlay_gradient\":\"\",\"width_medium\":\"2-3\",\"style\":\"default\",\"padding\":\"small\",\"css\":\".el-column{\\n padding-top: 0px !important;   \\n}\"},\"children\":[{\"type\":\"divider\",\"props\":{\"divider_element\":\"hr\",\"margin_remove_bottom\":true}},{\"type\":\"headline\",\"props\":{\"title_element\":\"h1\",\"content\":\"Lurretik mahaira\",\"title_color\":\"primary\",\"title_style\":\"heading-small\",\"margin_remove_top\":true,\"margin_remove_bottom\":true}},{\"type\":\"divider\",\"props\":{\"divider_element\":\"hr\",\"margin_remove_bottom\":false,\"margin_remove_top\":true}},{\"type\":\"text\",\"props\":{\"margin\":\"default\",\"column_breakpoint\":\"m\",\"content\":\"\n\n<p><span>El proyecto \\u201cLurretik Mahaira\\u201d se enmarca dentro de la <\\\/span><\\\/p>\\n\n\n<p>MISI\\u00d3N DE ALIMENTACI\\u00d3N SOSTENIBLE DE GIPUZKOA<\\\/p>\\n\n\n<p><strong><span>En 2040, Gipuzkoa contar\\u00e1 con un sistema alimentario sostenible, saludable, accesible y competitivo que maximice la capacidad de producci\\u00f3n local y fomente el consumo responsable, proyectando la cultura e identidad del territorio.<\\\/span><\\\/strong><\\\/p>\\n\n\n<p><span>Para impulsar una planificaci\\u00f3n o estrategia que tenga como objetivo fomentar el consumo sostenible es imprescindible contar con una producci\\u00f3n sostenible. Para conseguir un sector adecuado que facilite una producci\\u00f3n sostenible es imprescindible incidir en el sector agrario guipuzcoano.<\\\/span><\\\/p>\\n\n\n<p><span>En Gipuzkoa, el problema del relevo generacional que tiene el sector agrario es grave, ya que faltan nuevos productores que quieran operar en <\\\/span>\\u00e9<span>l. A este problema hay que a\\u00f1adir los siguientes factores:<\\\/span><\\\/p>\\n\n\n<p><span>- En general, las explotaciones guipuzcoanas son peque\\u00f1as y, por tanto, tienen dificultades para acceder a terrenos para ser rentables.<\\\/span><\\\/p>\\n\n\n<p><span>- La edad media de las personas que trabajan en el sector es alta, por lo que <\\\/span>\\u00e9<span>stas no invierten en innovaci\\u00f3n.<\\\/span><\\\/p>\\n\n\n<p><span>- En el caso de muchos productos, la comercializaci\\u00f3n est\\u00e1 desestructurada, lo que hace que los peque\\u00f1os productores tengan poca capacidad de negociaci\\u00f3n. Se pierden en esfuerzos individuales.<\\\/span><\\\/p>\\n\n\n<p><span>- El desconocimiento de las nuevas tendencias de consumo por parte de los productores hace que quien produce no responda a lo que demanda el mercado.<\\\/span><\\\/p>\\n\n\n<p><span>- El esfuerzo por vender la producci\\u00f3n propia es enorme y los productores no conocen las nuevas v\\u00edas de venta<\\\/span><\\\/p>\\n\n\n<p><span>- La ciudad y el medio rural est\\u00e1n cada vez m\\u00e1s alejados, lo que hace que la sociedad pierda conocimiento del sector.<\\\/span><\\\/p>\\n\n\n<p><span>- Gipuzkoa tiene problemas estructurales de respuesta a la demanda.<\\\/span><\\\/p>\\n\n\n<p><span>\\u00a0<\\\/span><\\\/p>\\n\n\n<p><span>Para poder revertir esta situaci\\u00f3n, se ha puesto el <\\\/span>\\u00e9<span>nfasis en estimular la demanda de los consumidores pensando que al crecimiento de la demanda habr\\u00eda respondido de forma proporcional un crecimiento de la oferta, y no ha sido as\\u00ed. Por poner un ejemplo, aunque el consumo de producto ecol\\u00f3gico est\\u00e1 en aumento, la producci\\u00f3n de estos productos en el territorio no est\\u00e1 creciendo en la misma medida. O, en el caso contrario, a pesar de la producci\\u00f3n del producto, los consumidores no est\\u00e1n dispuestos a comprarlo a un precio justo anterior.<\\\/span><\\\/p>\\n\n\n<p>Para responder a este desaf<span>\\u00edo, con el fin de lograr una Gipuzkoa m\\u00e1s culta, creativa, justa y sostenible, fomentando la capacidad cr\\u00edtica y el compromiso colectivo, nuestra propuesta aborda los siguientes \\u00e1mbitos de trabajo:<\\\/span><\\\/p>\\n\n\n<p><span>1- Para hacer frente a los problemas o dificultades del sector primario:<\\\/span><\\\/p>\\n\n\n<ol>\\n\n\n<li><span> Se llevar\\u00e1 a cabo la activaci\\u00f3n de los espacios TREITU (entendimiento y elaboraci\\u00f3<\\\/span>n de cr<span>\\u00ed<\\\/span>ticas entre diferentes agentes)<\\\/li>\\n\n\n<li><span> Desarrollo de la integraci\\u00f3n del Fondo de Suelo Agrario de Gipuzkoa<\\\/span><\\\/li>\\n<\\\/ol>\\n\n\n<p><span>2- De cara a la comercializaci\\u00f3<\\\/span>n:<\\\/p>\\n\n\n<ol>\\n\n\n<li><span> Organizaci\\u00f3n y dinamizaci\\u00f3n de los espacios p\\u00fablicos donde se realiza la venta directa a trav<\\\/span>\\u00e9<span>s de la Red de Ferias de Gipuzkoa.<\\\/span><\\\/li>\\n\n\n<li><span> Incrementar la oferta de productos locales en la red de tiendas de proximidad.<\\\/span><\\\/li>\\n\n\n<li><span> Integraci\\u00f3n del aprovisionamiento de producciones de proximidad para el desarrollo de cooperativas de consumo.<\\\/span><\\\/li>\\n\n\n<li><span> Comedores colectivos. Garantizando la presencia de productos aut\\u00f3ctonos en dichos comedores.<\\\/span><\\\/li>\\n\n\n<li><span> Sensibilizaci\\u00f3<\\\/span>n:<\\\/li>\\n\n\n<li><span> Elaboraci\\u00f3n de proyectos de vinculaci\\u00f3n para la fidelizaci\\u00f3n de consumidores. Y de la mano, abordar las v\\u00edas de transici\\u00f3<\\\/span>n ecol<span>\\u00f3gica de los productores.<\\\/span><\\\/li>\\n\n\n<li><span> El desarrollo de las din\\u00e1micas en materia de coeducaci\\u00f3n en el \\u00e1mbito educativo, Educar en la cultura agraria, Mi plataforma<\\\/span><\\\/li>\\n\n\n<li><span> Aprecio de los productores y acciones encaminadas a expresar el reconocimiento social, temas de agroturismo y apertura de puertas, Pacto Social, Encuentro Goizane, estudios de valor social de productos locales, viajes t<\\\/span>\\u00e9cnicos, etc.<\\\/li>\\n\n\n<li><span> Desde el \\u00e1mbito de la igualdad, la situaci\\u00f3n de las mujeres baserritarras, el papel de las j\\u00f3venes, una reflexi\\u00f3n de integraci\\u00f3n social que refleje la necesidad de las personas inmigrantes.<\\\/span><\\\/li>\\n<\\\/ol>\\n\n\n<p><span>\\u00a0<\\\/span><\\\/p>\\n\n\n<p><span>Objetivos generales y espec\\u00edficos de la propuesta<\\\/span><\\\/p>\\n\n\n<p><span>A nivel de Gipuzkoa, este proyecto pretende ser una herramienta que facilite la transici\\u00f3n de los modelos de producci\\u00f3n y consumo hacia un sistema de alimentaci\\u00f3n m\\u00e1s sostenible, que incremente al m\\u00e1ximo tanto la producci\\u00f3n como el consumo de productos locales. El objetivo de este proyecto es desarrollar un sistema de acompa\\u00f1amiento que promueva el consumo sostenible a trav<\\\/span>\\u00e9<span>s de la articulaci\\u00f3n de un sistema interinstitucional.<\\\/span><\\\/p>\\n\n\n<p><span>Con este sistema de acompa\\u00f1amiento se crear\\u00e1 una producci\\u00f3n sostenible que permita posteriormente un consumo sostenible hacia los consumidores a trav<\\\/span>\\u00e9<span>s de diferentes canales de venta.<\\\/span><\\\/p>\\n\n\n<p><span>\\u00a0<\\\/span><\\\/p>\\n\n\n<p>Objetivos espec<span>\\u00ed<\\\/span>ficos:<\\\/p>\\n\n\n<p><span>- Promover modelos de consumo basados en la venta de proximidad, posibilitando el desarrollo y actualizaci\\u00f3n de ferias de la mano de la red de ferias.<\\\/span><\\\/p>\\n\n\n<p><span>- Impulsar la integraci\\u00f3n de 9 cooperativas de consumo a nivel de Gipuzkoa<\\\/span><\\\/p>\\n\n\n<p><span>- Organizaci\\u00f3n de un modelo de sistema de suministro de productos aut\\u00f3<\\\/span>ctonos para comedores colectivos.<\\\/p>\\n\n\n<p><span>- Fomento de alianzas con productores y comercio de proximidad (Dendartean)\\\/hosteler\\u00eda (Alojamientos Populares).<\\\/span><\\\/p>\\n\n\n<p><span>- Profundizar en las relaciones entre productores y consumidores. Realizar acciones de sensibilizaci\\u00f3n social en los valores y valores de los productos locales<\\\/span><\\\/p>\\n\n\n<p><span>- Facilitar la transici\\u00f3<\\\/span>n ecol<span>\\u00f3gica de las explotaciones a trav<\\\/span>\\u00e9<span>s de las Asociaciones Lurgintza y Abelur<\\\/span><\\\/p>\\n\n\n<p><span>- Definir y difundir en todo el territorio la integraci\\u00f3n del Fondo de Suelo Agrario de Gipuzkoa para dar respuesta a los problemas de suelo de las explotaciones existentes y de las nuevas con el fin de responder de la manera m\\u00e1s adecuada a las necesidades de transici\\u00f3n del sector.<\\\/span><\\\/p>\\n\n\n<p><span>Realizar la definici\\u00f3n, desarrollo e implante de los modelos Trebagune para garantizar el cambio generacional, la creaci\\u00f3n de nuevas unidades\\\/modelos de producci\\u00f3n y una formaci\\u00f3n adecuada (crear un espacio piloto Trebatu)<\\\/span><\\\/p>\"}},{\"type\":\"divider\",\"props\":{\"divider_element\":\"hr\"}},{\"type\":\"headline\",\"props\":{\"title_element\":\"h1\",\"content\":\"SERVICIOS ECOSIST\\u00c9MICOS\"}},{\"type\":\"text\",\"props\":{\"margin\":\"default\",\"column_breakpoint\":\"m\",\"content\":\"\n\n<p><span>Etorkizuna Eraikiz - Programa Misiones 2022: Dentro de la misi\\u00f3n de alimentaci\\u00f3n sostenible de Gipuzkoa hemos realizado un an\\u00e1lisis de los servicios ecosist\\u00e9micos del sector primario guipuzcoano.<\\\/span><\\\/p>\"}},{\"type\":\"button\",\"props\":{\"grid_column_gap\":\"small\",\"grid_row_gap\":\"small\",\"margin\":\"default\"},\"children\":[{\"type\":\"button_item\",\"props\":{\"link_title\":\"Zerbitzu ekosistemikoak aurkezpena\",\"link\":\"wp-content\\\/uploads\\\/2024\\\/05\\\/Zerbitzu-ekosistemikoak-aurkezpena.pdf\",\"button_style\":\"default\",\"icon_align\":\"left\"}},{\"type\":\"button_item\",\"props\":{\"button_style\":\"default\",\"icon_align\":\"left\",\"link\":\"http:\\\/\\\/landaola.eus\\\/wp-content\\\/uploads\\\/2024\\\/05\\\/Zerbitzu-ekosistemikoak-aurkezpena.pdf\",\"content\":\"An\\u00e1lisis de servicios ecosist\\u00e9micos\"}}]}]},{\"type\":\"column\",\"props\":{\"position_sticky_breakpoint\":\"m\",\"image_position\":\"center-center\",\"media_overlay_gradient\":\"\",\"width_medium\":\"1-3\",\"position_sticky\":false},\"children\":[{\"type\":\"gallery\",\"props\":{\"show_title\":true,\"show_meta\":true,\"show_content\":true,\"show_link\":true,\"show_hover_image\":true,\"grid_default\":\"1\",\"grid_medium\":\"1\",\"filter_style\":\"tab\",\"filter_all\":true,\"filter_position\":\"top\",\"filter_align\":\"left\",\"filter_grid_width\":\"auto\",\"filter_grid_breakpoint\":\"m\",\"overlay_mode\":\"cover\",\"overlay_hover\":true,\"overlay_style\":\"overlay-primary\",\"text_color\":\"light\",\"overlay_position\":\"center\",\"overlay_transition\":\"fade\",\"title_hover_style\":\"reset\",\"title_element\":\"h3\",\"meta_style\":\"meta\",\"meta_align\":\"below-title\",\"meta_element\":\"div\",\"link_text\":\"Read more\",\"link_style\":\"default\",\"text_align\":\"center\",\"margin\":\"default\",\"item_animation\":true,\"grid_row_gap\":\"collapse\"},\"children\":[{\"type\":\"gallery_item\",\"props\":{\"image\":\"wp-content\\\/uploads\\\/2022\\\/11\\\/lurretik-mahaira1.jpg\"}},{\"type\":\"gallery_item\",\"props\":{\"image\":\"wp-content\\\/uploads\\\/2022\\\/11\\\/lurretik-mahaira2.jpg\"}},{\"type\":\"gallery_item\",\"props\":{\"image\":\"wp-content\\\/uploads\\\/2022\\\/11\\\/lurretik-mahaira3.jpg\"}},{\"type\":\"gallery_item\",\"props\":{\"image\":\"wp-content\\\/uploads\\\/2022\\\/11\\\/lurretik-mahaira4.jpg\"}},{\"type\":\"gallery_item\",\"props\":{\"image\":\"wp-content\\\/uploads\\\/2022\\\/11\\\/lurretik-mahaira5.jpg\"}}]}]}]}]}],\"version\":\"2.7.22\"} --><\/p>\n","protected":false},"excerpt":{"rendered":"<p>Lurretik mahaira El proyecto \u201cLurretik Mahaira\u201d se enmarca dentro de la MISI\u00d3N DE ALIMENTACI\u00d3N SOSTENIBLE DE GIPUZKOA En 2040, Gipuzkoa contar\u00e1 con un sistema alimentario sostenible, saludable, accesible y competitivo que maximice la capacidad de producci\u00f3n local y fomente el consumo responsable, proyectando la cultura e identidad del territorio. Para impulsar una planificaci\u00f3n o estrategia [&hellip;]<\/p>\n","protected":false},"author":1,"featured_media":0,"parent":0,"menu_order":0,"comment_status":"closed","ping_status":"closed","template":"","meta":{"footnotes":""},"yoast_head":"<!-- This site is optimized with the Yoast SEO plugin v21.5 - https:\/\/yoast.com\/wordpress\/plugins\/seo\/ -->\n<title>Lurretik mahaira - Landaola - Gipuzkoako Landa Garapen Elkarteen Federazioa<\/title>\n<meta name=\"description\" content=\"Para fomentar el consumo sostenible y responsable es imprescindible contar con una producci\u00f3n sostenible en el sector agrario guipuzcoano.\" \/>\n<meta name=\"robots\" content=\"index, follow, max-snippet:-1, max-image-preview:large, max-video-preview:-1\" \/>\n<link rel=\"canonical\" href=\"https:\/\/landaola.eus\/es\/lurretik-mahaira\/\" \/>\n<meta property=\"og:locale\" content=\"es_ES\" \/>\n<meta property=\"og:type\" content=\"article\" \/>\n<meta property=\"og:title\" content=\"Lurretik mahaira - Landaola - Gipuzkoako Landa Garapen Elkarteen Federazioa\" \/>\n<meta property=\"og:description\" content=\"Para fomentar el consumo sostenible y responsable es imprescindible contar con una producci\u00f3n sostenible en el sector agrario guipuzcoano.\" \/>\n<meta property=\"og:url\" content=\"https:\/\/landaola.eus\/es\/lurretik-mahaira\/\" \/>\n<meta property=\"og:site_name\" content=\"Landaola - Gipuzkoako Landa Garapen Elkarteen Federazioa\" \/>\n<meta property=\"article:publisher\" content=\"https:\/\/www.facebook.com\/Landaola-1306311309416102\" \/>\n<meta property=\"article:modified_time\" content=\"2024-05-31T07:32:45+00:00\" \/>\n<meta name=\"twitter:card\" content=\"summary_large_image\" \/>\n<meta name=\"twitter:site\" content=\"@Landaola_\" \/>\n<meta name=\"twitter:label1\" content=\"Tiempo de lectura\" \/>\n\t<meta name=\"twitter:data1\" content=\"6 minutos\" \/>\n<script type=\"application\/ld+json\" class=\"yoast-schema-graph\">{\"@context\":\"https:\/\/schema.org\",\"@graph\":[{\"@type\":\"WebPage\",\"@id\":\"https:\/\/landaola.eus\/es\/lurretik-mahaira\/\",\"url\":\"https:\/\/landaola.eus\/es\/lurretik-mahaira\/\",\"name\":\"Lurretik mahaira - Landaola - Gipuzkoako Landa Garapen Elkarteen Federazioa\",\"isPartOf\":{\"@id\":\"https:\/\/landaola.eus\/#website\"},\"datePublished\":\"2022-11-17T10:25:29+00:00\",\"dateModified\":\"2024-05-31T07:32:45+00:00\",\"description\":\"Para fomentar el consumo sostenible y responsable es imprescindible contar con una producci\u00f3n sostenible en el sector agrario guipuzcoano.\",\"breadcrumb\":{\"@id\":\"https:\/\/landaola.eus\/es\/lurretik-mahaira\/#breadcrumb\"},\"inLanguage\":\"es\",\"potentialAction\":[{\"@type\":\"ReadAction\",\"target\":[\"https:\/\/landaola.eus\/es\/lurretik-mahaira\/\"]}]},{\"@type\":\"BreadcrumbList\",\"@id\":\"https:\/\/landaola.eus\/es\/lurretik-mahaira\/#breadcrumb\",\"itemListElement\":[{\"@type\":\"ListItem\",\"position\":1,\"name\":\"Home\",\"item\":\"https:\/\/landaola.eus\/es\/\"},{\"@type\":\"ListItem\",\"position\":2,\"name\":\"Lurretik mahaira\"}]},{\"@type\":\"WebSite\",\"@id\":\"https:\/\/landaola.eus\/#website\",\"url\":\"https:\/\/landaola.eus\/\",\"name\":\"Landaola - Gipuzkoako Landa Garapen Elkarteen Federazioa\",\"description\":\"Gipuzkoako Landa Garapen Elkarteen Federazioa\",\"publisher\":{\"@id\":\"https:\/\/landaola.eus\/#organization\"},\"potentialAction\":[{\"@type\":\"SearchAction\",\"target\":{\"@type\":\"EntryPoint\",\"urlTemplate\":\"https:\/\/landaola.eus\/?s={search_term_string}\"},\"query-input\":\"required name=search_term_string\"}],\"inLanguage\":\"es\"},{\"@type\":\"Organization\",\"@id\":\"https:\/\/landaola.eus\/#organization\",\"name\":\"LANDAOLA\",\"alternateName\":\"Gipuzkoako landa garapen elkarteen federazioa\",\"url\":\"https:\/\/landaola.eus\/\",\"logo\":{\"@type\":\"ImageObject\",\"inLanguage\":\"es\",\"@id\":\"https:\/\/landaola.eus\/#\/schema\/logo\/image\/\",\"url\":\"https:\/\/landaola.eus\/wp-content\/uploads\/2022\/11\/landaola.svg\",\"contentUrl\":\"https:\/\/landaola.eus\/wp-content\/uploads\/2022\/11\/landaola.svg\",\"width\":1,\"height\":1,\"caption\":\"LANDAOLA\"},\"image\":{\"@id\":\"https:\/\/landaola.eus\/#\/schema\/logo\/image\/\"},\"sameAs\":[\"https:\/\/www.facebook.com\/Landaola-1306311309416102\",\"https:\/\/twitter.com\/Landaola_\",\"https:\/\/www.youtube.com\/channel\/UCmr3BnLvYWU86tkM-rHfXGg\",\"https:\/\/www.instagram.com\/landaola_\/?igshid=YmMyMTA2M2Y\"]}]}<\/script>\n<!-- \/ Yoast SEO plugin. -->","yoast_head_json":{"title":"Lurretik mahaira - Landaola - Gipuzkoako Landa Garapen Elkarteen Federazioa","description":"Para fomentar el consumo sostenible y responsable es imprescindible contar con una producci\u00f3n sostenible en el sector agrario guipuzcoano.","robots":{"index":"index","follow":"follow","max-snippet":"max-snippet:-1","max-image-preview":"max-image-preview:large","max-video-preview":"max-video-preview:-1"},"canonical":"https:\/\/landaola.eus\/es\/lurretik-mahaira\/","og_locale":"es_ES","og_type":"article","og_title":"Lurretik mahaira - Landaola - Gipuzkoako Landa Garapen Elkarteen Federazioa","og_description":"Para fomentar el consumo sostenible y responsable es imprescindible contar con una producci\u00f3n sostenible en el sector agrario guipuzcoano.","og_url":"https:\/\/landaola.eus\/es\/lurretik-mahaira\/","og_site_name":"Landaola - Gipuzkoako Landa Garapen Elkarteen Federazioa","article_publisher":"https:\/\/www.facebook.com\/Landaola-1306311309416102","article_modified_time":"2024-05-31T07:32:45+00:00","twitter_card":"summary_large_image","twitter_site":"@Landaola_","twitter_misc":{"Tiempo de lectura":"6 minutos"},"schema":{"@context":"https:\/\/schema.org","@graph":[{"@type":"WebPage","@id":"https:\/\/landaola.eus\/es\/lurretik-mahaira\/","url":"https:\/\/landaola.eus\/es\/lurretik-mahaira\/","name":"Lurretik mahaira - Landaola - Gipuzkoako Landa Garapen Elkarteen Federazioa","isPartOf":{"@id":"https:\/\/landaola.eus\/#website"},"datePublished":"2022-11-17T10:25:29+00:00","dateModified":"2024-05-31T07:32:45+00:00","description":"Para fomentar el consumo sostenible y responsable es imprescindible contar con una producci\u00f3n sostenible en el sector agrario guipuzcoano.","breadcrumb":{"@id":"https:\/\/landaola.eus\/es\/lurretik-mahaira\/#breadcrumb"},"inLanguage":"es","potentialAction":[{"@type":"ReadAction","target":["https:\/\/landaola.eus\/es\/lurretik-mahaira\/"]}]},{"@type":"BreadcrumbList","@id":"https:\/\/landaola.eus\/es\/lurretik-mahaira\/#breadcrumb","itemListElement":[{"@type":"ListItem","position":1,"name":"Home","item":"https:\/\/landaola.eus\/es\/"},{"@type":"ListItem","position":2,"name":"Lurretik mahaira"}]},{"@type":"WebSite","@id":"https:\/\/landaola.eus\/#website","url":"https:\/\/landaola.eus\/","name":"Landaola - Gipuzkoako Landa Garapen Elkarteen Federazioa","description":"Gipuzkoako Landa Garapen Elkarteen Federazioa","publisher":{"@id":"https:\/\/landaola.eus\/#organization"},"potentialAction":[{"@type":"SearchAction","target":{"@type":"EntryPoint","urlTemplate":"https:\/\/landaola.eus\/?s={search_term_string}"},"query-input":"required name=search_term_string"}],"inLanguage":"es"},{"@type":"Organization","@id":"https:\/\/landaola.eus\/#organization","name":"LANDAOLA","alternateName":"Gipuzkoako landa garapen elkarteen federazioa","url":"https:\/\/landaola.eus\/","logo":{"@type":"ImageObject","inLanguage":"es","@id":"https:\/\/landaola.eus\/#\/schema\/logo\/image\/","url":"https:\/\/landaola.eus\/wp-content\/uploads\/2022\/11\/landaola.svg","contentUrl":"https:\/\/landaola.eus\/wp-content\/uploads\/2022\/11\/landaola.svg","width":1,"height":1,"caption":"LANDAOLA"},"image":{"@id":"https:\/\/landaola.eus\/#\/schema\/logo\/image\/"},"sameAs":["https:\/\/www.facebook.com\/Landaola-1306311309416102","https:\/\/twitter.com\/Landaola_","https:\/\/www.youtube.com\/channel\/UCmr3BnLvYWU86tkM-rHfXGg","https:\/\/www.instagram.com\/landaola_\/?igshid=YmMyMTA2M2Y"]}]}},"_links":{"self":[{"href":"https:\/\/landaola.eus\/es\/wp-json\/wp\/v2\/pages\/459"}],"collection":[{"href":"https:\/\/landaola.eus\/es\/wp-json\/wp\/v2\/pages"}],"about":[{"href":"https:\/\/landaola.eus\/es\/wp-json\/wp\/v2\/types\/page"}],"author":[{"embeddable":true,"href":"https:\/\/landaola.eus\/es\/wp-json\/wp\/v2\/users\/1"}],"replies":[{"embeddable":true,"href":"https:\/\/landaola.eus\/es\/wp-json\/wp\/v2\/comments?post=459"}],"version-history":[{"count":26,"href":"https:\/\/landaola.eus\/es\/wp-json\/wp\/v2\/pages\/459\/revisions"}],"predecessor-version":[{"id":1102,"href":"https:\/\/landaola.eus\/es\/wp-json\/wp\/v2\/pages\/459\/revisions\/1102"}],"wp:attachment":[{"href":"https:\/\/landaola.eus\/es\/wp-json\/wp\/v2\/media?parent=459"}],"curies":[{"name":"wp","href":"https:\/\/api.w.org\/{rel}","templated":true}]}}