{"id":22,"date":"2022-05-24T08:41:47","date_gmt":"2022-05-24T08:41:47","guid":{"rendered":"http:\/\/landaola.eus\/?page_id=22"},"modified":"2025-09-29T10:25:48","modified_gmt":"2025-09-29T09:25:48","slug":"presentacion","status":"publish","type":"page","link":"https:\/\/landaola.eus\/es\/","title":{"rendered":"Presentaci\u00f3n"},"content":{"rendered":"<ul>\n<li>\n<p>        <img decoding=\"async\" src=\"\/wp-content\/uploads\/2023\/09\/landa-ekin-1.jpg\" alt=\"\"><\/p>\n<h1>Servicio Landan Ekin<\/h1>\n<p><a href=\"\/es\/servicios-landaola\/\">M\u00e1s informaci\u00f3n<\/a><\/p>\n<\/li>\n<li>\n<p>        <img decoding=\"async\" src=\"\/wp-content\/uploads\/2022\/05\/landola-home.jpg\" alt=\"\"><\/p>\n<h1>Landaola<\/h1>\n<\/li>\n<li>\n<p>        <img decoding=\"async\" src=\"\/wp-content\/uploads\/2022\/09\/steven-weeks-DUPFowqI6oI-unsplash-1.jpg\" alt=\"\"><\/p>\n<h1>Lurretik mahaira<\/h1>\n<p><a href=\"\/es\/lurretik-mahaira\/\">M\u00e1s informaci\u00f3n<\/a><\/p>\n<\/li>\n<\/ul>\n<h2>Presentaci\u00f3n<\/h2>\n<div>\n<p>LANDAOLA es la federaci\u00f3n de asociaciones de desarrollo rural de Gipuzkoa. Est\u00e1 formada por 6 asociaciones que trabajan en el \u00e1mbito del desarrollo rural de las comarcas guipuzcoanas: Behemendi (Donostialdea \u2013 Bidasoa), Deba-Garaia (Alto Deba), Debemen (Bajo Deba), Goimen (Goierri), Tolomendi (Tolosaldea) y Urkome (Urola Kosta).<\/p>\n<\/div>\n<hr>\n<h3>Misi\u00f3n:<\/h3>\n<div>Promover estrategias comunes de Desarrollo Rural en el Territorio entre los baserritarras, otros agentes rurales y diferentes administraciones.<\/div>\n<h3>Objetivos:<\/h3>\n<div>\n<ol>\n<li>Coordinaci\u00f3n de las 6 Asociaciones de Desarrollo Rural de Gipuzkoa.<\/li>\n<li>Dinamizar, elaborar y\/o ejecutar proyectos y servicios en com\u00fan a nivel territorial.<\/li>\n<li>A nivel territorial, ser Entidad de Referencia Rural.<\/li>\n<li>Promoci\u00f3n de la Innovaci\u00f3n a nivel territorial.<\/li>\n<li>Realizar labores de Prospecci\u00f3n de proyectos, modelos, procesos de inter\u00e9s y modelos de Desarrollo Rural.<\/li>\n<li>Fomentar la colaboraci\u00f3n con otras entidades supraterritoriales.<\/li>\n<li>Protecci\u00f3n del medio rural y de sus habitantes.<\/li>\n<\/ol>\n<\/div>\n<h3>Funciones:<\/h3>\n<div>\n<ul>\n<li>Elaboraci\u00f3n y desarrollo del Plan Anual de Gesti\u00f3n a nivel territorial.<\/li>\n<li>Comunicaci\u00f3n territorial y supraterritorial.<\/li>\n<li>An\u00e1lisis de las diferentes fuentes de financiaci\u00f3n para la ejecuci\u00f3n de los proyectos.<\/li>\n<li>Dinamizaci\u00f3n de la Mesa del sector primario a nivel territorial.<\/li>\n<li>Trabajo en red entre otros agentes del medio rural.<\/li>\n<li>Recoger\/detectar las necesidades del medio rural y servir de puente para el desarrollo de estrategias de las diferentes administraciones.<\/li>\n<li>Llevar a cabo proyectos territoriales con asociaciones, agentes sociales y sectoriales, ayuntamientos.<\/li>\n<\/ul>\n<\/div>\n<hr>\n<h1>\n<div class=\"page\" title=\"Page 1\">\n<div class=\"layoutArea\">\n<div class=\"column\">\n<div class=\"page\" title=\"Page 1\">\n<div class=\"layoutArea\">\n<div class=\"column\">\n<p><span>Informaci\u00f3n de las Asociaciones de Desarrollo Rural de Gipuzkoa<\/span><\/p>\n<\/div>\n<\/div>\n<\/div>\n<\/div>\n<\/div>\n<\/div>\n<\/h1>\n<p><img decoding=\"async\" src=\"\/wp-content\/uploads\/2022\/05\/mapa.svg\" alt=\"\"><\/p>\n<ul>\n<li>\n<h3>Behemendi<\/h3>\n<div>\n<div class=\"page\" title=\"Page 1\">\n<div class=\"layoutArea\">\n<div class=\"column\">\n<p><span>Ibaiondo Poli\u0301gonos 27, 2.solairua 2 7- bulegoa <br \/><\/span><span>20120 Hernani (GIPUZKOA) <\/span><\/p>\n<p><a href=\"tel:943490219\"><span>943490219 <\/span><\/a><\/p>\n<p><a href=\"mailto:behemendi@behemendi.eus\"><span>behemendi@behemendi.eus <\/span><\/a><\/p>\n<\/div>\n<\/div>\n<\/div>\n<\/div>\n<\/li>\n<li>\n<h3>Deba Garaia<\/h3>\n<div>\n<div class=\"page\" title=\"Page 1\">\n<div class=\"layoutArea\">\n<div class=\"column\">\n<div class=\"page\" title=\"Page 1\">\n<div class=\"layoutArea\">\n<div class=\"column\">\n<p><span>Urteaga Kalea, 21 <br \/><\/span><span>20570 Bergara (Gipuzkoa)<\/p>\n<p><\/span><\/p>\n<p><a href=\"tel:943762547\"><span>943762547 <\/span><\/a><\/p>\n<p><a href=\"mailto:debagaraia@debagaraia.eus\"><span>debagaraia@debagaraia.eus <\/span><\/a><\/p>\n<\/div>\n<\/div>\n<\/div>\n<\/div>\n<\/div>\n<\/div>\n<\/div>\n<\/li>\n<li>\n<h3>Debemen<\/h3>\n<div>\n<div class=\"page\" title=\"Page 1\">\n<div class=\"layoutArea\">\n<div class=\"column\">\n<div class=\"page\" title=\"Page 1\">\n<div class=\"layoutArea\">\n<div class=\"column\">\n<div class=\"page\" title=\"Page 1\">\n<div class=\"layoutArea\">\n<div class=\"column\">\n<p><span>Nafarroa enparantza 1 -2o <br \/><\/span><span>20870 Elgoibar (Gipuzkoa)<\/p>\n<p><\/span><\/p>\n<p><a href=\"tel:943744067\"><span>943744067 <\/span><\/a><\/p>\n<p><a href=\"mailto:debemen@debemen.eus\"><span>debemen@debemen.eus <\/span><\/a><\/p>\n<\/div>\n<\/div>\n<\/div>\n<\/div>\n<\/div>\n<\/div>\n<\/div>\n<\/div>\n<\/div>\n<\/div>\n<\/li>\n<li>\n<h3>Goimen<\/h3>\n<div>\n<div class=\"page\" title=\"Page 1\">\n<div class=\"layoutArea\">\n<div class=\"column\">\n<div class=\"page\" title=\"Page 1\">\n<div class=\"layoutArea\">\n<div class=\"column\">\n<div class=\"page\" title=\"Page 1\">\n<div class=\"layoutArea\">\n<div class=\"column\">\n<div class=\"page\" title=\"Page 1\">\n<div class=\"layoutArea\">\n<div class=\"column\">\n<p><span>Barrio Olaeta 6 <br \/><\/span><span>20247 Zaldibia (Gipuzkoa)<\/p>\n<p><\/span><\/p>\n<p><a href=\"tel:943161244\"><span>943161244 <\/span><\/a><\/p>\n<p><a href=\"mailto:goimen@goimen.eus\"><span>goimen@goimen.eus <\/span><\/a><\/p>\n<\/div>\n<\/div>\n<\/div>\n<\/div>\n<\/div>\n<\/div>\n<\/div>\n<\/div>\n<\/div>\n<\/div>\n<\/div>\n<\/div>\n<\/div>\n<\/li>\n<li>\n<h3>Tolomendi<\/h3>\n<div>\n<div class=\"page\" title=\"Page 1\">\n<div class=\"layoutArea\">\n<div class=\"column\">\n<div class=\"page\" title=\"Page 1\">\n<div class=\"layoutArea\">\n<div class=\"column\">\n<div class=\"page\" title=\"Page 1\">\n<div class=\"layoutArea\">\n<div class=\"column\">\n<div class=\"page\" title=\"Page 1\">\n<div class=\"layoutArea\">\n<div class=\"column\">\n<div class=\"page\" title=\"Page 1\">\n<div class=\"layoutArea\">\n<div class=\"column\">\n<p><span>Nafarroa etobidea, 6 <br \/><\/span><span>20400 TOLOSA (Gipuzkoa)<\/p>\n<p><\/span><\/p>\n<p><a href=\"tel:943655097\"><span>943655097<\/span><\/a><\/p>\n<p><a href=\"mailto:tolomendi@tolomendi.eus\"><span> tolomendi@tolomendi.eus <\/span><\/a><\/p>\n<\/div>\n<\/div>\n<\/div>\n<\/div>\n<\/div>\n<\/div>\n<\/div>\n<\/div>\n<\/div>\n<\/div>\n<\/div>\n<\/div>\n<\/div>\n<\/div>\n<\/div>\n<\/div>\n<\/li>\n<li>\n<h3>Urkome<\/h3>\n<div>\n<div class=\"page\" title=\"Page 1\">\n<div class=\"layoutArea\">\n<div class=\"column\">\n<div class=\"page\" title=\"Page 1\">\n<div class=\"layoutArea\">\n<div class=\"column\">\n<div class=\"page\" title=\"Page 1\">\n<div class=\"layoutArea\">\n<div class=\"column\">\n<div class=\"page\" title=\"Page 1\">\n<div class=\"layoutArea\">\n<div class=\"column\">\n<div class=\"page\" title=\"Page 1\">\n<div class=\"layoutArea\">\n<div class=\"column\">\n<div class=\"page\" title=\"Page 1\">\n<div class=\"layoutArea\">\n<div class=\"column\">\n<p><span>Plaza Nagusia 11,1. solairua, 5 bulegoa <br \/><\/span><span>20730 Azpeitia (Gipuzkoa)<br \/><\/span><\/p>\n<p><a href=\"tel:943816500\"><span>943816500 <\/span><\/a><\/p>\n<p><a href=\"mailto:urkome@urkome.eus\"><span>urkome@urkome.eus <\/span><\/a><\/p>\n<\/div>\n<\/div>\n<\/div>\n<\/div>\n<\/div>\n<\/div>\n<\/div>\n<\/div>\n<\/div>\n<\/div>\n<\/div>\n<\/div>\n<\/div>\n<\/div>\n<\/div>\n<\/div>\n<\/div>\n<\/div>\n<\/div>\n<\/li>\n<\/ul>\n<hr>\n<h2>\n<div class=\"page\" title=\"Page 1\">\n<div class=\"layoutArea\">\n<div class=\"column\">\n<div class=\"page\" title=\"Page 1\">\n<div class=\"layoutArea\">\n<div class=\"column\">\n<p><span>LANDAGUNE <\/span><\/p>\n<\/div>\n<\/div>\n<\/div>\n<\/div>\n<\/div>\n<\/div>\n<\/h2>\n<div>\n<div class=\"page\" title=\"Page 1\">\n<div class=\"layoutArea\">\n<div class=\"column\">\n<div class=\"page\" title=\"Page 1\">\n<div class=\"layoutArea\">\n<div class=\"column\">\n<p><span>Landagune es la mesa territorial de Gipuzkoa que agrupa a los agentes competentes en materia de desarrollo rural (Gobierno Vasco, Diputaci\u00f3n Foral de Gipuzkoa, Fundaci\u00f3n HAZI y Asociaciones de Desarrollo Rural).<\/span><span>\u00a0<\/span><\/p>\n<p><span>En determinados momentos, en funci\u00f3n del tema a tratar y si as\u00ed lo acuerdan los participantes, la participaci\u00f3n puede abrirse tambi<\/span>\u00e9<span>n a otros agentes.<\/span><\/p>\n<\/div>\n<\/div>\n<\/div>\n<\/div>\n<\/div>\n<\/div>\n<\/div>\n<h3>Objetivos:<\/h3>\n<div>\n<div class=\"page\" title=\"Page 1\">\n<div class=\"layoutArea\">\n<div class=\"column\">\n<div class=\"page\" title=\"Page 1\">\n<div class=\"layoutArea\">\n<div class=\"column\">\n<div class=\"page\" title=\"Page 1\">\n<div class=\"layoutArea\">\n<div class=\"column\">\n<p><span>Los principales objetivos de la Mesa Territorial son:<\/span><\/p>\n<ol>\n<li><span>Elaboraci\u00f3n, ejecuci\u00f3n, seguimiento y valoraci\u00f3n de un Plan de gesti\u00f3<\/span>n territorial com<span>\u00fan. Una mesa que recoja las actividades a realizar anualmente, responsabilidades, plazos, viajes, presupuestos.<\/span><\/li>\n<li><span>Revisar anualmente los convenios de colaboraci\u00f3n de las ADR con la Diputaci\u00f3n Foral de Gipuzkoa y el Gobierno Vasco para ajustarlos a la realidad y lograr una visi\u00f3n conjunta y coherente entre administraciones.<\/span><\/li>\n<li><span>Compartir informaci\u00f3n (multidireccional):<\/span>\n<ul>\n<li><span> Comunicaci\u00f3n de instrucciones espec\u00edficas por parte de las administraciones supracomarcales.<\/span><\/li>\n<li><span> Comunicaci\u00f3n de necesidades\/problemas espec\u00edficos por parte de las ADR.<br \/><\/span><span><\/span><\/li>\n<\/ul>\n<\/li>\n<li><span>El aprendizaje conjunto y la conciliaci\u00f3<\/span>n:\n<ul>\n<li><span> Que cada participante comparta proyectos interesantes (regionales, supracomarcales, de otros territorios) que sirvan de inspiraci\u00f3n o de colaboraci\u00f3<\/span>n interinstitucional.<\/li>\n<li><span> Organizaci\u00f3n de jornadas y cursos compartidos por los miembros de las mesas.<\/span><\/li>\n<\/ul>\n<\/li>\n<li><span> <\/span>Visitas t\u00e9cnicas.<\/li>\n<li><span>Toma de decisiones: Foro para la toma y debate de decisiones que afecten a los miembros de la mesa territorial, con el fin de agilizar tr\u00e1mites y agilizar plazos.<\/span><\/li>\n<\/ol>\n<\/div>\n<\/div>\n<\/div>\n<\/div>\n<\/div>\n<\/div>\n<\/div>\n<\/div>\n<\/div>\n<\/div>\n<hr>\n<h2>\n<div class=\"page\" title=\"Page 1\">\n<div class=\"layoutArea\">\n<div class=\"column\">\n<div class=\"page\" title=\"Page 1\">\n<div class=\"layoutArea\">\n<div class=\"column\">\n<div class=\"page\" title=\"Page 1\">\n<div class=\"layoutArea\">\n<div class=\"column\">\n<p><span>MENEKO <\/span><\/p>\n<\/div>\n<\/div>\n<\/div>\n<\/div>\n<\/div>\n<\/div>\n<\/div>\n<\/div>\n<\/div>\n<\/h2>\n<div>\n<div class=\"page\" title=\"Page 1\">\n<div class=\"layoutArea\">\n<div class=\"column\">\n<div class=\"page\" title=\"Page 1\">\n<div class=\"layoutArea\">\n<div class=\"column\">\n<div class=\"page\" title=\"Page 1\">\n<div class=\"layoutArea\">\n<div class=\"column\">\n<p><span>Es la Federaci\u00f3n de ASOCIACIONES DE DESARROLLO RURAL del Pa\u00ed<\/span>s Vasco.<\/p>\n<p>MENEKO est<span>\u00e1 formada por 18 Asociaciones de Desarrollo Rural de los tres territorios:<\/span><\/p>\n<p>En <span>Araba: A\u00f1<\/span>ana, <span>Arabako Errioxa, Llanada Alavesa, Mairulegorreta, Izki y Zabaia.<\/span><\/p>\n<p><span>En Bizkaia: Enkarterrialde, Gorbeialde, Jata Ondo, Lea-Artibai, Urkiola y Urremendi.<\/span><\/p>\n<p><span>En Gipuzkoa: Behemendi, Deba Garaia, Debemen, Goimen, Tolomendi y Urkome.<\/span><\/p>\n<p><span>Entre los fines de la Federaci\u00f3n se encuentran los recogidos en la Ley 10\/1998, de 8 de abril, de Desarrollo Rural, junto con:<\/span><\/p>\n<p style=\"padding-left: 40px;\"><span>\u2013 Sensibilizar a las diferentes administraciones en favor de un desarrollo rural integrador que optimice el uso de recursos end\u00f3genos.<\/span><\/p>\n<p style=\"padding-left: 40px;\"><span>\u2013 Recopilar y difundir entre los socios la informaci\u00f3n existente en materia de desarrollo rural, centr\u00e1ndeose en proyectos o iniciativas comunes que puedan llevarse a cabo.<\/span><\/p>\n<p style=\"padding-left: 40px;\"><span>\u2013 Intercambio de experiencias y metodolog\u00edas de intervenci\u00f3n en materia de desarrollo rural entre los socios.<\/span><span>\u00a0<\/span><\/p>\n<p style=\"padding-left: 40px;\"><span>\u2013 Al mismo tiempo, valores como la igualdad de oportunidades y la justicia social, <\/span><span>participaci\u00f3n y desarrollo de programas de desarrollo que busquen la promoci\u00f3<\/span>n econ<span>\u00f3<\/span>mica.<\/p>\n<p style=\"padding-left: 40px;\"><span>\u2013 Cooperaci\u00f3n al desarrollo.<\/span><\/p>\n<p style=\"padding-left: 40px;\"><span>\u2013 Colaborar en programas de desarrollo rural y planes de gesti\u00f3n del Pa\u00eds Vasco.<\/span><\/p>\n<p style=\"padding-left: 40px;\"><span>\u2013 Colaborar en la gesti\u00f3n de los programas y planes de desarrollo rural promovidos y\/o aprobados por las Administraciones P\u00fablicas cuando as\u00ed se le requiera, en los t<\/span>\u00e9<span>rminos establecidos en los Convenios que se suscriban al efecto.<\/span><\/p>\n<\/div>\n<\/div>\n<\/div>\n<\/div>\n<\/div>\n<\/div>\n<\/div>\n<\/div>\n<\/div>\n<\/div>\n<hr>\n<h2>MENDINET<\/h2>\n<div>\n<p><span>La Asociaci\u00f3n para el Progreso del Desarrollo Rural MENDINET es una entidad sin \u00e1nimo de lucro y el Grupo de Acci\u00f3n Local (GAL) de la CAPV. MENDINET es la entidad encargada de la gesti\u00f3n de las ayudas LEADER en el Pa\u00eds Vasco, responsabilidad que ha tenido no s\u00f3lo en el periodo 2016-2020, sino tambi<\/span>\u00e9<span>n en los dos anteriores, LEADER + 2002-2007 y LEADER 2007-2013. Est\u00e1 formada por 18 asociaciones de desarrollo rural de Euskadi y la Fundaci\u00f3n HAZI.<\/span><\/p>\n<p><span>Desde MENDINET ofrecemos un servicio de asesoramiento a personas f\u00edsicas y jur\u00ed<\/span>dicas, tanto privadas como p<span>\u00fablicas, que deseen poner en marcha un proyecto de desarrollo rural en la zona LEADER. Para ello s\u00f3lo tienes que ponerte en contacto con tu Asociaci\u00f3n de Desarrollo Rural.<\/span><\/p>\n<\/div>\n<hr>\n<div>\n<p>    <a class=\"twitter-timeline\" data-height=\"610\" href=\"https:\/\/twitter.com\/Landaola_?ref_src=twsrc%5Etfw\">Tweets by Landaola_<\/a> <script async src=\"https:\/\/platform.twitter.com\/widgets.js\" charset=\"utf-8\"><\/script>\n<\/div>\n<p><!--more--><br \/>\n<!-- {\"type\":\"layout\",\"children\":[{\"type\":\"section\",\"props\":{\"style\":\"default\",\"width\":\"default\",\"vertical_align\":\"bottom\",\"title_position\":\"top-left\",\"title_rotation\":\"left\",\"title_breakpoint\":\"xl\",\"image_position\":\"center-center\",\"image\":\"wp-content\\\/uploads\\\/2024\\\/03\\\/trebatu-es.jpg\",\"height\":\"full\",\"image_size\":\"cover\",\"status\":\"disabled\"},\"children\":[{\"type\":\"row\",\"children\":[{\"type\":\"column\",\"props\":{\"position_sticky_breakpoint\":\"m\",\"image_position\":\"center-center\",\"media_overlay_gradient\":\"\",\"vertical_align\":\"bottom\"},\"children\":[{\"type\":\"button\",\"props\":{\"grid_column_gap\":\"small\",\"grid_row_gap\":\"small\",\"margin\":\"default\",\"text_align\":\"center\"},\"children\":[{\"type\":\"button_item\",\"props\":{\"button_style\":\"danger\",\"icon_align\":\"left\",\"link\":\"wp-content\\\/uploads\\\/2024\\\/03\\\/CONDICIONES-DE-LANDAOLA-PARA-LA-CONTRATACION-DE-UN-COORDINADOR-PARA-TREBATU.pdf\",\"content\":\"Descargar PDF\"}}]}]}]}],\"name\":\"trebatu\"},{\"type\":\"section\",\"props\":{\"style\":\"default\",\"width\":\"\",\"vertical_align\":\"middle\",\"title_position\":\"top-left\",\"title_rotation\":\"left\",\"title_breakpoint\":\"xl\",\"image_position\":\"center-center\",\"padding\":\"none\",\"status\":\"\"},\"children\":[{\"type\":\"row\",\"children\":[{\"type\":\"column\",\"props\":{\"position_sticky_breakpoint\":\"m\",\"image_position\":\"center-center\",\"media_overlay_gradient\":\"\"},\"children\":[{\"type\":\"slideshow\",\"props\":{\"show_title\":true,\"show_meta\":true,\"show_content\":true,\"show_link\":true,\"show_thumbnail\":true,\"slideshow_min_height\":300,\"slideshow_autoplay_pause\":true,\"nav\":\"\",\"nav_position\":\"bottom-center\",\"nav_position_margin\":\"medium\",\"nav_align\":\"center\",\"nav_breakpoint\":\"s\",\"thumbnav_width\":\"100\",\"thumbnav_height\":\"75\",\"thumbnav_svg_color\":\"emphasis\",\"slidenav\":\"default\",\"slidenav_margin\":\"medium\",\"slidenav_breakpoint\":\"s\",\"slidenav_outside_breakpoint\":\"xl\",\"overlay_position\":\"center\",\"overlay_animation\":\"parallax\",\"title_element\":\"h1\",\"meta_style\":\"meta\",\"meta_align\":\"below-title\",\"meta_element\":\"div\",\"link_text\":\"Read more\",\"link_style\":\"danger\",\"margin\":\"default\",\"slideshow_max_height\":\"650\",\"overlay_container\":\"default\",\"title_style\":\"heading-xlarge\",\"slideshow_autoplay\":true,\"slideshow_autoplay_interval\":\"5\",\"slideshow_kenburns\":\"alternate\",\"text_align\":\"center\",\"status\":\"\"},\"children\":[{\"type\":\"slideshow_item\",\"props\":{\"image\":\"wp-content\\\/uploads\\\/2023\\\/09\\\/landa-ekin-1.jpg\",\"title\":\"Servicio Landan Ekin\",\"text_color\":\"light\",\"link\":\"es\\\/servicios-landaola\\\/\",\"link_text\":\"M\\u00e1s informaci\\u00f3n\"}},{\"type\":\"slideshow_item\",\"props\":{\"image\":\"wp-content\\\/uploads\\\/2022\\\/05\\\/landola-home.jpg\",\"title\":\"Landaola\",\"text_color\":\"light\"}},{\"type\":\"slideshow_item\",\"props\":{\"title\":\"Lurretik mahaira\",\"text_color\":\"light\",\"image\":\"wp-content\\\/uploads\\\/2022\\\/09\\\/steven-weeks-DUPFowqI6oI-unsplash-1.jpg\",\"thumbnail\":\"\",\"link\":\"es\\\/lurretik-mahaira\\\/\",\"link_text\":\"M\\u00e1s informaci\\u00f3n\"}}]}]}]}]},{\"type\":\"section\",\"props\":{\"style\":\"default\",\"width\":\"default\",\"vertical_align\":\"middle\",\"title_position\":\"top-left\",\"title_rotation\":\"left\",\"title_breakpoint\":\"xl\",\"image_position\":\"center-center\",\"animation\":\"fade\",\"animation_delay\":\"200\"},\"children\":[{\"type\":\"row\",\"children\":[{\"type\":\"column\",\"props\":{\"position_sticky_breakpoint\":\"m\",\"image_position\":\"center-center\",\"media_overlay_gradient\":\"\"},\"children\":[{\"type\":\"headline\",\"props\":{\"title_element\":\"h2\",\"content\":\"Presentaci\\u00f3n\",\"title_style\":\"h1\"}},{\"type\":\"text\",\"props\":{\"margin\":\"default\",\"column_breakpoint\":\"m\",\"content\":\"\n\n<p>LANDAOLA es la federaci\\u00f3n de asociaciones de desarrollo rural de Gipuzkoa. Est\\u00e1 formada por 6 asociaciones que trabajan en el \\u00e1mbito del desarrollo rural de las comarcas guipuzcoanas: Behemendi (Donostialdea \\u2013 Bidasoa), Deba-Garaia (Alto Deba), Debemen (Bajo Deba), Goimen (Goierri), Tolomendi (Tolosaldea) y Urkome (Urola Kosta).<\\\/p>\",\"text_style\":\"lead\",\"maxwidth\":\"2xlarge\",\"maxwidth_breakpoint\":\"m\"}},{\"type\":\"divider\",\"props\":{\"divider_element\":\"hr\",\"maxwidth\":\"2xlarge\",\"maxwidth_breakpoint\":\"m\"}},{\"type\":\"headline\",\"props\":{\"title_element\":\"h3\",\"content\":\"Misi\\u00f3n:\",\"title_style\":\"h3\",\"title_color\":\"primary\"}},{\"type\":\"text\",\"props\":{\"margin\":\"default\",\"column_breakpoint\":\"m\",\"content\":\"Promover estrategias comunes de Desarrollo Rural en el Territorio entre los baserritarras, otros agentes rurales y diferentes administraciones.\",\"maxwidth\":\"2xlarge\",\"maxwidth_breakpoint\":\"m\",\"margin_remove_bottom\":true}},{\"type\":\"headline\",\"props\":{\"title_element\":\"h3\",\"content\":\"Objetivos:\",\"title_style\":\"h3\",\"title_color\":\"primary\"}},{\"type\":\"text\",\"props\":{\"margin\":\"default\",\"column_breakpoint\":\"m\",\"content\":\"\n\n<ol>\\n\n\n<li>Coordinaci\\u00f3n de las 6 Asociaciones de Desarrollo Rural de Gipuzkoa.<\\\/li>\\n\n\n<li>Dinamizar, elaborar y\\\/o ejecutar proyectos y servicios en com\\u00fan a nivel territorial.<\\\/li>\\n\n\n<li>A nivel territorial, ser Entidad de Referencia Rural.<\\\/li>\\n\n\n<li>Promoci\\u00f3n de la Innovaci\\u00f3n a nivel territorial.<\\\/li>\\n\n\n<li>Realizar labores de Prospecci\\u00f3n de proyectos, modelos, procesos de inter\\u00e9s y modelos de Desarrollo Rural.<\\\/li>\\n\n\n<li>Fomentar la colaboraci\\u00f3n con otras entidades supraterritoriales.<\\\/li>\\n\n\n<li>Protecci\\u00f3n del medio rural y de sus habitantes.<\\\/li>\\n<\\\/ol>\",\"maxwidth\":\"2xlarge\",\"maxwidth_breakpoint\":\"m\"}},{\"type\":\"headline\",\"props\":{\"title_element\":\"h3\",\"content\":\"Funciones:\",\"title_style\":\"h3\",\"title_color\":\"primary\"}},{\"type\":\"text\",\"props\":{\"margin\":\"default\",\"column_breakpoint\":\"m\",\"content\":\"\n\n<ul>\\n\n\n<li>Elaboraci\\u00f3n y desarrollo del Plan Anual de Gesti\\u00f3n a nivel territorial.<\\\/li>\\n\n\n<li>Comunicaci\\u00f3n territorial y supraterritorial.<\\\/li>\\n\n\n<li>An\\u00e1lisis de las diferentes fuentes de financiaci\\u00f3n para la ejecuci\\u00f3n de los proyectos.<\\\/li>\\n\n\n<li>Dinamizaci\\u00f3n de la Mesa del sector primario a nivel territorial.<\\\/li>\\n\n\n<li>Trabajo en red entre otros agentes del medio rural.<\\\/li>\\n\n\n<li>Recoger\\\/detectar las necesidades del medio rural y servir de puente para el desarrollo de estrategias de las diferentes administraciones.<\\\/li>\\n\n\n<li>Llevar a cabo proyectos territoriales con asociaciones, agentes sociales y sectoriales, ayuntamientos.<\\\/li>\\n<\\\/ul>\",\"maxwidth\":\"2xlarge\",\"maxwidth_breakpoint\":\"m\"}},{\"type\":\"divider\",\"props\":{\"divider_element\":\"hr\"}}]}]}]},{\"type\":\"section\",\"props\":{\"style\":\"default\",\"width\":\"default\",\"vertical_align\":\"middle\",\"title_position\":\"top-left\",\"title_rotation\":\"left\",\"title_breakpoint\":\"xl\",\"image_position\":\"center-center\",\"padding_remove_top\":true,\"animation\":\"fade\",\"animation_delay\":\"200\"},\"children\":[{\"type\":\"row\",\"children\":[{\"type\":\"column\",\"props\":{\"position_sticky_breakpoint\":\"m\",\"image_position\":\"center-center\",\"media_overlay_gradient\":\"\"},\"children\":[{\"type\":\"headline\",\"props\":{\"title_element\":\"h1\",\"content\":\"\n\n<div class=\\\"page\\\" title=\\\"Page 1\\\">\\n\n\n<div class=\\\"layoutArea\\\">\\n\n\n<div class=\\\"column\\\">\\n\n\n<div class=\\\"page\\\" title=\\\"Page 1\\\">\\n\n\n<div class=\\\"layoutArea\\\">\\n\n\n<div class=\\\"column\\\">\\n\n\n<p><span>Informaci\\u00f3n de las Asociaciones de Desarrollo Rural de Gipuzkoa<\\\/span><\\\/p>\\n<\\\/div>\\n<\\\/div>\\n<\\\/div>\\n<\\\/div>\\n<\\\/div>\\n<\\\/div>\",\"title_style\":\"h1\",\"title_color\":\"primary\",\"maxwidth\":\"xlarge\",\"maxwidth_breakpoint\":\"m\"}}]}]},{\"type\":\"row\",\"props\":{\"layout\":\"2-5,3-5\"},\"children\":[{\"type\":\"column\",\"props\":{\"position_sticky_breakpoint\":\"m\",\"image_position\":\"center-center\",\"media_overlay_gradient\":\"\",\"width_medium\":\"2-5\",\"vertical_align\":\"middle\"},\"children\":[{\"type\":\"image\",\"props\":{\"margin\":\"default\",\"image_svg_color\":\"emphasis\",\"image\":\"wp-content\\\/uploads\\\/2022\\\/05\\\/mapa.svg\"}}]},{\"type\":\"column\",\"props\":{\"position_sticky_breakpoint\":\"m\",\"image_position\":\"center-center\",\"media_overlay_gradient\":\"\",\"width_medium\":\"3-5\"},\"children\":[{\"type\":\"grid\",\"props\":{\"show_title\":true,\"show_meta\":true,\"show_content\":true,\"show_image\":true,\"show_link\":true,\"grid_default\":\"1\",\"grid_medium\":\"3\",\"filter_style\":\"tab\",\"filter_all\":true,\"filter_position\":\"top\",\"filter_align\":\"left\",\"filter_grid_width\":\"auto\",\"filter_grid_breakpoint\":\"m\",\"title_hover_style\":\"reset\",\"title_element\":\"h3\",\"title_align\":\"top\",\"title_grid_width\":\"1-2\",\"title_grid_breakpoint\":\"m\",\"meta_style\":\"meta\",\"meta_align\":\"below-title\",\"meta_element\":\"div\",\"content_column_breakpoint\":\"m\",\"icon_width\":80,\"image_align\":\"top\",\"image_grid_width\":\"1-2\",\"image_grid_breakpoint\":\"m\",\"image_svg_color\":\"emphasis\",\"link_text\":\"Read more\",\"link_style\":\"default\",\"margin\":\"default\",\"item_animation\":true,\"grid_row_gap\":\"small\",\"grid_column_gap\":\"small\",\"title_color\":\"primary\",\"content_margin\":\"small\"},\"children\":[{\"type\":\"grid_item\",\"props\":{\"title\":\"Behemendi\",\"content\":\"\n\n<div class=\\\"page\\\" title=\\\"Page 1\\\">\\n\n\n<div class=\\\"layoutArea\\\">\\n\n\n<div class=\\\"column\\\">\\n\n\n<p><span>Ibaiondo Poli\\u0301gonos 27, 2.solairua 2 7- bulegoa <br \\\/><\\\/span><span>20120 Hernani (GIPUZKOA) <\\\/span><\\\/p>\\n\n\n<p><a href=\\\"tel:943490219\\\"><span>943490219 <\\\/span><\\\/a><\\\/p>\\n\n\n<p><a href=\\\"mailto:behemendi@behemendi.eus\\\"><span>behemendi@behemendi.eus <\\\/span><\\\/a><\\\/p>\\n<\\\/div>\\n<\\\/div>\\n<\\\/div>\"}},{\"type\":\"grid_item\",\"props\":{\"title\":\"Deba Garaia\",\"content\":\"\n\n<div class=\\\"page\\\" title=\\\"Page 1\\\">\\n\n\n<div class=\\\"layoutArea\\\">\\n\n\n<div class=\\\"column\\\">\\n\n\n<div class=\\\"page\\\" title=\\\"Page 1\\\">\\n\n\n<div class=\\\"layoutArea\\\">\\n\n\n<div class=\\\"column\\\">\\n\n\n<p><span>Urteaga Kalea, 21 <br \\\/><\\\/span><span>20570 Bergara (Gipuzkoa)<br \\\/><br \\\/><\\\/span><\\\/p>\\n\n\n<p><a href=\\\"tel:943762547\\\"><span>943762547 <\\\/span><\\\/a><\\\/p>\\n\n\n<p><a href=\\\"mailto:debagaraia@debagaraia.eus\\\"><span>debagaraia@debagaraia.eus <\\\/span><\\\/a><\\\/p>\\n<\\\/div>\\n<\\\/div>\\n<\\\/div>\\n<\\\/div>\\n<\\\/div>\\n<\\\/div>\"}},{\"type\":\"grid_item\",\"props\":{\"title\":\"Debemen\",\"content\":\"\n\n<div class=\\\"page\\\" title=\\\"Page 1\\\">\\n\n\n<div class=\\\"layoutArea\\\">\\n\n\n<div class=\\\"column\\\">\\n\n\n<div class=\\\"page\\\" title=\\\"Page 1\\\">\\n\n\n<div class=\\\"layoutArea\\\">\\n\n\n<div class=\\\"column\\\">\\n\n\n<div class=\\\"page\\\" title=\\\"Page 1\\\">\\n\n\n<div class=\\\"layoutArea\\\">\\n\n\n<div class=\\\"column\\\">\\n\n\n<p><span>Nafarroa enparantza 1 -2o <br \\\/><\\\/span><span>20870 Elgoibar (Gipuzkoa)<br \\\/><br \\\/><\\\/span><\\\/p>\\n\n\n<p><a href=\\\"tel:943744067\\\"><span>943744067 <\\\/span><\\\/a><\\\/p>\\n\n\n<p><a href=\\\"mailto:debemen@debemen.eus\\\"><span>debemen@debemen.eus <\\\/span><\\\/a><\\\/p>\\n<\\\/div>\\n<\\\/div>\\n<\\\/div>\\n<\\\/div>\\n<\\\/div>\\n<\\\/div>\\n<\\\/div>\\n<\\\/div>\\n<\\\/div>\"}},{\"type\":\"grid_item\",\"props\":{\"title\":\"Goimen\",\"content\":\"\n\n<div class=\\\"page\\\" title=\\\"Page 1\\\">\\n\n\n<div class=\\\"layoutArea\\\">\\n\n\n<div class=\\\"column\\\">\\n\n\n<div class=\\\"page\\\" title=\\\"Page 1\\\">\\n\n\n<div class=\\\"layoutArea\\\">\\n\n\n<div class=\\\"column\\\">\\n\n\n<div class=\\\"page\\\" title=\\\"Page 1\\\">\\n\n\n<div class=\\\"layoutArea\\\">\\n\n\n<div class=\\\"column\\\">\\n\n\n<div class=\\\"page\\\" title=\\\"Page 1\\\">\\n\n\n<div class=\\\"layoutArea\\\">\\n\n\n<div class=\\\"column\\\">\\n\n\n<p><span>Barrio Olaeta 6 <br \\\/><\\\/span><span>20247 Zaldibia (Gipuzkoa)<br \\\/><br \\\/><\\\/span><\\\/p>\\n\n\n<p><a href=\\\"tel:943161244\\\"><span>943161244 <\\\/span><\\\/a><\\\/p>\\n\n\n<p><a href=\\\"mailto:goimen@goimen.eus\\\"><span>goimen@goimen.eus <\\\/span><\\\/a><\\\/p>\\n<\\\/div>\\n<\\\/div>\\n<\\\/div>\\n<\\\/div>\\n<\\\/div>\\n<\\\/div>\\n<\\\/div>\\n<\\\/div>\\n<\\\/div>\\n<\\\/div>\\n<\\\/div>\\n<\\\/div>\"}},{\"type\":\"grid_item\",\"props\":{\"title\":\"Tolomendi\",\"content\":\"\n\n<div class=\\\"page\\\" title=\\\"Page 1\\\">\\n\n\n<div class=\\\"layoutArea\\\">\\n\n\n<div class=\\\"column\\\">\\n\n\n<div class=\\\"page\\\" title=\\\"Page 1\\\">\\n\n\n<div class=\\\"layoutArea\\\">\\n\n\n<div class=\\\"column\\\">\\n\n\n<div class=\\\"page\\\" title=\\\"Page 1\\\">\\n\n\n<div class=\\\"layoutArea\\\">\\n\n\n<div class=\\\"column\\\">\\n\n\n<div class=\\\"page\\\" title=\\\"Page 1\\\">\\n\n\n<div class=\\\"layoutArea\\\">\\n\n\n<div class=\\\"column\\\">\\n\n\n<div class=\\\"page\\\" title=\\\"Page 1\\\">\\n\n\n<div class=\\\"layoutArea\\\">\\n\n\n<div class=\\\"column\\\">\\n\n\n<p><span>Nafarroa etobidea, 6 <br \\\/><\\\/span><span>20400 TOLOSA (Gipuzkoa)<br \\\/><br \\\/><\\\/span><\\\/p>\\n\n\n<p><a href=\\\"tel:943655097\\\"><span>943655097<\\\/span><\\\/a><\\\/p>\\n\n\n<p><a href=\\\"mailto:tolomendi@tolomendi.eus\\\"><span> tolomendi@tolomendi.eus <\\\/span><\\\/a><\\\/p>\\n<\\\/div>\\n<\\\/div>\\n<\\\/div>\\n<\\\/div>\\n<\\\/div>\\n<\\\/div>\\n<\\\/div>\\n<\\\/div>\\n<\\\/div>\\n<\\\/div>\\n<\\\/div>\\n<\\\/div>\\n<\\\/div>\\n<\\\/div>\\n<\\\/div>\"}},{\"type\":\"grid_item\",\"props\":{\"title\":\"Urkome\",\"content\":\"\n\n<div class=\\\"page\\\" title=\\\"Page 1\\\">\\n\n\n<div class=\\\"layoutArea\\\">\\n\n\n<div class=\\\"column\\\">\\n\n\n<div class=\\\"page\\\" title=\\\"Page 1\\\">\\n\n\n<div class=\\\"layoutArea\\\">\\n\n\n<div class=\\\"column\\\">\\n\n\n<div class=\\\"page\\\" title=\\\"Page 1\\\">\\n\n\n<div class=\\\"layoutArea\\\">\\n\n\n<div class=\\\"column\\\">\\n\n\n<div class=\\\"page\\\" title=\\\"Page 1\\\">\\n\n\n<div class=\\\"layoutArea\\\">\\n\n\n<div class=\\\"column\\\">\\n\n\n<div class=\\\"page\\\" title=\\\"Page 1\\\">\\n\n\n<div class=\\\"layoutArea\\\">\\n\n\n<div class=\\\"column\\\">\\n\n\n<div class=\\\"page\\\" title=\\\"Page 1\\\">\\n\n\n<div class=\\\"layoutArea\\\">\\n\n\n<div class=\\\"column\\\">\\n\n\n<p><span>Plaza Nagusia 11,1. solairua, 5 bulegoa <br \\\/><\\\/span><span>20730 Azpeitia (Gipuzkoa)<br \\\/><\\\/span><\\\/p>\\n\n\n<p><a href=\\\"tel:943816500\\\"><span>943816500 <\\\/span><\\\/a><\\\/p>\\n\n\n<p><a href=\\\"mailto:urkome@urkome.eus\\\"><span>urkome@urkome.eus <\\\/span><\\\/a><\\\/p>\\n<\\\/div>\\n<\\\/div>\\n<\\\/div>\\n<\\\/div>\\n<\\\/div>\\n<\\\/div>\\n<\\\/div>\\n<\\\/div>\\n<\\\/div>\\n<\\\/div>\\n<\\\/div>\\n<\\\/div>\\n<\\\/div>\\n<\\\/div>\\n<\\\/div>\\n<\\\/div>\\n<\\\/div>\\n<\\\/div>\"}}]}]}]},{\"type\":\"row\",\"children\":[{\"type\":\"column\",\"props\":{\"position_sticky_breakpoint\":\"m\",\"image_position\":\"center-center\",\"media_overlay_gradient\":\"\"},\"children\":[{\"type\":\"divider\",\"props\":{\"divider_element\":\"hr\"}}]}]}]},{\"type\":\"section\",\"props\":{\"style\":\"default\",\"width\":\"default\",\"vertical_align\":\"middle\",\"title_position\":\"top-left\",\"title_rotation\":\"left\",\"title_breakpoint\":\"xl\",\"image_position\":\"center-center\",\"animation\":\"fade\",\"animation_delay\":\"200\",\"padding_remove_top\":true},\"children\":[{\"type\":\"row\",\"children\":[{\"type\":\"column\",\"props\":{\"position_sticky_breakpoint\":\"m\",\"image_position\":\"center-center\",\"media_overlay_gradient\":\"\"},\"children\":[{\"type\":\"headline\",\"props\":{\"title_element\":\"h2\",\"content\":\"\n\n<div class=\\\"page\\\" title=\\\"Page 1\\\">\\n\n\n<div class=\\\"layoutArea\\\">\\n\n\n<div class=\\\"column\\\">\\n\n\n<div class=\\\"page\\\" title=\\\"Page 1\\\">\\n\n\n<div class=\\\"layoutArea\\\">\\n\n\n<div class=\\\"column\\\">\\n\n\n<p><span>LANDAGUNE <\\\/span><\\\/p>\\n<\\\/div>\\n<\\\/div>\\n<\\\/div>\\n<\\\/div>\\n<\\\/div>\\n<\\\/div>\",\"title_style\":\"h1\",\"title_color\":\"primary\"}},{\"type\":\"text\",\"props\":{\"margin\":\"default\",\"column_breakpoint\":\"m\",\"content\":\"\n\n<div class=\\\"page\\\" title=\\\"Page 1\\\">\\n\n\n<div class=\\\"layoutArea\\\">\\n\n\n<div class=\\\"column\\\">\\n\n\n<div class=\\\"page\\\" title=\\\"Page 1\\\">\\n\n\n<div class=\\\"layoutArea\\\">\\n\n\n<div class=\\\"column\\\">\\n\n\n<p><span>Landagune es la mesa territorial de Gipuzkoa que agrupa a los agentes competentes en materia de desarrollo rural (Gobierno Vasco, Diputaci\\u00f3n Foral de Gipuzkoa, Fundaci\\u00f3n HAZI y Asociaciones de Desarrollo Rural).<\\\/span><span>\\u00a0<\\\/span><\\\/p>\\n\n\n<p><span>En determinados momentos, en funci\\u00f3n del tema a tratar y si as\\u00ed lo acuerdan los participantes, la participaci\\u00f3n puede abrirse tambi<\\\/span>\\u00e9<span>n a otros agentes.<\\\/span><\\\/p>\\n<\\\/div>\\n<\\\/div>\\n<\\\/div>\\n<\\\/div>\\n<\\\/div>\\n<\\\/div>\",\"maxwidth\":\"2xlarge\",\"maxwidth_breakpoint\":\"m\",\"margin_remove_bottom\":true}},{\"type\":\"headline\",\"props\":{\"title_element\":\"h3\",\"content\":\"Objetivos:\",\"title_style\":\"h3\",\"title_color\":\"primary\",\"margin\":\"small\"}},{\"type\":\"text\",\"props\":{\"margin\":\"default\",\"column_breakpoint\":\"m\",\"content\":\"\n\n<div class=\\\"page\\\" title=\\\"Page 1\\\">\\n\n\n<div class=\\\"layoutArea\\\">\\n\n\n<div class=\\\"column\\\">\\n\n\n<div class=\\\"page\\\" title=\\\"Page 1\\\">\\n\n\n<div class=\\\"layoutArea\\\">\\n\n\n<div class=\\\"column\\\">\\n\n\n<div class=\\\"page\\\" title=\\\"Page 1\\\">\\n\n\n<div class=\\\"layoutArea\\\">\\n\n\n<div class=\\\"column\\\">\\n\n\n<p><span>Los principales objetivos de la Mesa Territorial son:<\\\/span><\\\/p>\\n\n\n<ol>\\n\n\n<li><span>Elaboraci\\u00f3n, ejecuci\\u00f3n, seguimiento y valoraci\\u00f3n de un Plan de gesti\\u00f3<\\\/span>n territorial com<span>\\u00fan. Una mesa que recoja las actividades a realizar anualmente, responsabilidades, plazos, viajes, presupuestos.<\\\/span><\\\/li>\\n\n\n<li><span>Revisar anualmente los convenios de colaboraci\\u00f3n de las ADR con la Diputaci\\u00f3n Foral de Gipuzkoa y el Gobierno Vasco para ajustarlos a la realidad y lograr una visi\\u00f3n conjunta y coherente entre administraciones.<\\\/span><\\\/li>\\n\n\n<li><span>Compartir informaci\\u00f3n (multidireccional):<\\\/span>\\n\n\n<ul>\\n\n\n<li><span> Comunicaci\\u00f3n de instrucciones espec\\u00edficas por parte de las administraciones supracomarcales.<\\\/span><\\\/li>\\n\n\n<li><span> Comunicaci\\u00f3n de necesidades\\\/problemas espec\\u00edficos por parte de las ADR.<br \\\/><\\\/span><span><\\\/span><\\\/li>\\n<\\\/ul>\\n<\\\/li>\\n\n\n<li><span>El aprendizaje conjunto y la conciliaci\\u00f3<\\\/span>n:\\n\n\n<ul>\\n\n\n<li><span> Que cada participante comparta proyectos interesantes (regionales, supracomarcales, de otros territorios) que sirvan de inspiraci\\u00f3n o de colaboraci\\u00f3<\\\/span>n interinstitucional.<\\\/li>\\n\n\n<li><span> Organizaci\\u00f3n de jornadas y cursos compartidos por los miembros de las mesas.<\\\/span><\\\/li>\\n<\\\/ul>\\n<\\\/li>\\n\n\n<li><span> <\\\/span>Visitas t\\u00e9cnicas.<\\\/li>\\n\n\n<li><span>Toma de decisiones: Foro para la toma y debate de decisiones que afecten a los miembros de la mesa territorial, con el fin de agilizar tr\\u00e1mites y agilizar plazos.<\\\/span><\\\/li>\\n<\\\/ol>\\n<\\\/div>\\n<\\\/div>\\n<\\\/div>\\n<\\\/div>\\n<\\\/div>\\n<\\\/div>\\n<\\\/div>\\n<\\\/div>\\n<\\\/div>\",\"maxwidth\":\"2xlarge\",\"maxwidth_breakpoint\":\"m\",\"margin_remove_bottom\":true}},{\"type\":\"divider\",\"props\":{\"divider_element\":\"hr\"}}]}]}]},{\"type\":\"section\",\"props\":{\"style\":\"default\",\"width\":\"default\",\"vertical_align\":\"middle\",\"title_position\":\"top-left\",\"title_rotation\":\"left\",\"title_breakpoint\":\"xl\",\"image_position\":\"center-center\",\"animation\":\"fade\",\"animation_delay\":\"200\",\"padding_remove_top\":true},\"children\":[{\"type\":\"row\",\"children\":[{\"type\":\"column\",\"props\":{\"position_sticky_breakpoint\":\"m\",\"image_position\":\"center-center\",\"media_overlay_gradient\":\"\"},\"children\":[{\"type\":\"headline\",\"props\":{\"title_element\":\"h2\",\"content\":\"\n\n<div class=\\\"page\\\" title=\\\"Page 1\\\">\\n\n\n<div class=\\\"layoutArea\\\">\\n\n\n<div class=\\\"column\\\">\\n\n\n<div class=\\\"page\\\" title=\\\"Page 1\\\">\\n\n\n<div class=\\\"layoutArea\\\">\\n\n\n<div class=\\\"column\\\">\\n\n\n<div class=\\\"page\\\" title=\\\"Page 1\\\">\\n\n\n<div class=\\\"layoutArea\\\">\\n\n\n<div class=\\\"column\\\">\\n\n\n<p><span>MENEKO <\\\/span><\\\/p>\\n<\\\/div>\\n<\\\/div>\\n<\\\/div>\\n<\\\/div>\\n<\\\/div>\\n<\\\/div>\\n<\\\/div>\\n<\\\/div>\\n<\\\/div>\",\"title_style\":\"h1\",\"title_color\":\"primary\"}},{\"type\":\"text\",\"props\":{\"margin\":\"default\",\"column_breakpoint\":\"m\",\"content\":\"\n\n<div class=\\\"page\\\" title=\\\"Page 1\\\">\\n\n\n<div class=\\\"layoutArea\\\">\\n\n\n<div class=\\\"column\\\">\\n\n\n<div class=\\\"page\\\" title=\\\"Page 1\\\">\\n\n\n<div class=\\\"layoutArea\\\">\\n\n\n<div class=\\\"column\\\">\\n\n\n<div class=\\\"page\\\" title=\\\"Page 1\\\">\\n\n\n<div class=\\\"layoutArea\\\">\\n\n\n<div class=\\\"column\\\">\\n\n\n<p><span>Es la Federaci\\u00f3n de ASOCIACIONES DE DESARROLLO RURAL del Pa\\u00ed<\\\/span>s Vasco.<\\\/p>\\n\n\n<p>MENEKO est<span>\\u00e1 formada por 18 Asociaciones de Desarrollo Rural de los tres territorios:<\\\/span><\\\/p>\\n\n\n<p>En <span>Araba: A\\u00f1<\\\/span>ana, <span>Arabako Errioxa, Llanada Alavesa, Mairulegorreta, Izki y Zabaia.<\\\/span><\\\/p>\\n\n\n<p><span>En Bizkaia: Enkarterrialde, Gorbeialde, Jata Ondo, Lea-Artibai, Urkiola y Urremendi.<\\\/span><\\\/p>\\n\n\n<p><span>En Gipuzkoa: Behemendi, Deba Garaia, Debemen, Goimen, Tolomendi y Urkome.<\\\/span><\\\/p>\\n\n\n<p><span>Entre los fines de la Federaci\\u00f3n se encuentran los recogidos en la Ley 10\\\/1998, de 8 de abril, de Desarrollo Rural, junto con:<\\\/span><\\\/p>\\n\n\n<p style=\\\"padding-left: 40px;\\\"><span>\\u2013 Sensibilizar a las diferentes administraciones en favor de un desarrollo rural integrador que optimice el uso de recursos end\\u00f3genos.<\\\/span><\\\/p>\\n\n\n<p style=\\\"padding-left: 40px;\\\"><span>\\u2013 Recopilar y difundir entre los socios la informaci\\u00f3n existente en materia de desarrollo rural, centr\\u00e1ndeose en proyectos o iniciativas comunes que puedan llevarse a cabo.<\\\/span><\\\/p>\\n\n\n<p style=\\\"padding-left: 40px;\\\"><span>\\u2013 Intercambio de experiencias y metodolog\\u00edas de intervenci\\u00f3n en materia de desarrollo rural entre los socios.<\\\/span><span>\\u00a0<\\\/span><\\\/p>\\n\n\n<p style=\\\"padding-left: 40px;\\\"><span>\\u2013 Al mismo tiempo, valores como la igualdad de oportunidades y la justicia social, <\\\/span><span>participaci\\u00f3n y desarrollo de programas de desarrollo que busquen la promoci\\u00f3<\\\/span>n econ<span>\\u00f3<\\\/span>mica.<\\\/p>\\n\n\n<p style=\\\"padding-left: 40px;\\\"><span>\\u2013 Cooperaci\\u00f3n al desarrollo.<\\\/span><\\\/p>\\n\n\n<p style=\\\"padding-left: 40px;\\\"><span>\\u2013 Colaborar en programas de desarrollo rural y planes de gesti\\u00f3n del Pa\\u00eds Vasco.<\\\/span><\\\/p>\\n\n\n<p style=\\\"padding-left: 40px;\\\"><span>\\u2013 Colaborar en la gesti\\u00f3n de los programas y planes de desarrollo rural promovidos y\\\/o aprobados por las Administraciones P\\u00fablicas cuando as\\u00ed se le requiera, en los t<\\\/span>\\u00e9<span>rminos establecidos en los Convenios que se suscriban al efecto.<\\\/span><\\\/p>\\n<\\\/div>\\n<\\\/div>\\n<\\\/div>\\n<\\\/div>\\n<\\\/div>\\n<\\\/div>\\n<\\\/div>\\n<\\\/div>\\n<\\\/div>\",\"maxwidth\":\"2xlarge\",\"maxwidth_breakpoint\":\"m\",\"margin_remove_bottom\":true}},{\"type\":\"divider\",\"props\":{\"divider_element\":\"hr\"}}]}]}]},{\"type\":\"section\",\"props\":{\"style\":\"default\",\"width\":\"default\",\"vertical_align\":\"middle\",\"title_position\":\"top-left\",\"title_rotation\":\"left\",\"title_breakpoint\":\"xl\",\"image_position\":\"center-center\",\"animation\":\"fade\",\"animation_delay\":\"200\",\"padding_remove_top\":true},\"children\":[{\"type\":\"row\",\"children\":[{\"type\":\"column\",\"props\":{\"position_sticky_breakpoint\":\"m\",\"image_position\":\"center-center\",\"media_overlay_gradient\":\"\"},\"children\":[{\"type\":\"headline\",\"props\":{\"title_element\":\"h2\",\"content\":\"MENDINET\",\"title_style\":\"h1\",\"title_color\":\"primary\"}},{\"type\":\"text\",\"props\":{\"margin\":\"default\",\"column_breakpoint\":\"m\",\"content\":\"\n\n<p><span>La Asociaci\\u00f3n para el Progreso del Desarrollo Rural MENDINET es una entidad sin \\u00e1nimo de lucro y el Grupo de Acci\\u00f3n Local (GAL) de la CAPV. MENDINET es la entidad encargada de la gesti\\u00f3n de las ayudas LEADER en el Pa\\u00eds Vasco, responsabilidad que ha tenido no s\\u00f3lo en el periodo 2016-2020, sino tambi<\\\/span>\\u00e9<span>n en los dos anteriores, LEADER + 2002-2007 y LEADER 2007-2013. Est\\u00e1 formada por 18 asociaciones de desarrollo rural de Euskadi y la Fundaci\\u00f3n HAZI.<\\\/span><\\\/p>\\n\n\n<p><span>Desde MENDINET ofrecemos un servicio de asesoramiento a personas f\\u00edsicas y jur\\u00ed<\\\/span>dicas, tanto privadas como p<span>\\u00fablicas, que deseen poner en marcha un proyecto de desarrollo rural en la zona LEADER. Para ello s\\u00f3lo tienes que ponerte en contacto con tu Asociaci\\u00f3n de Desarrollo Rural.<\\\/span><\\\/p>\",\"maxwidth\":\"2xlarge\",\"maxwidth_breakpoint\":\"m\",\"margin_remove_bottom\":true}},{\"type\":\"divider\",\"props\":{\"divider_element\":\"hr\"}}]}]}]},{\"type\":\"section\",\"props\":{\"style\":\"default\",\"width\":\"default\",\"vertical_align\":\"middle\",\"title_position\":\"top-left\",\"title_rotation\":\"left\",\"title_breakpoint\":\"xl\",\"image_position\":\"center-center\"},\"children\":[{\"type\":\"row\",\"children\":[{\"type\":\"column\",\"props\":{\"position_sticky_breakpoint\":\"m\",\"image_position\":\"center-center\",\"media_overlay_gradient\":\"\",\"width_medium\":\"1-2\"},\"children\":[{\"type\":\"html\",\"props\":{\"content\":\"<a class=\\\"twitter-timeline\\\" data-height=\\\"610\\\" href=\\\"https:\\\/\\\/twitter.com\\\/Landaola_?ref_src=twsrc%5Etfw\\\">Tweets by Landaola_<\\\/a> <script async src=\\\"https:\\\/\\\/platform.twitter.com\\\/widgets.js\\\" charset=\\\"utf-8\\\"><\\\/script>\"}}]},{\"type\":\"column\",\"props\":{\"position_sticky_breakpoint\":\"m\",\"image_position\":\"center-center\",\"media_overlay_gradient\":\"\",\"width_medium\":\"1-2\"},\"children\":[]}],\"props\":{\"layout\":\"1-2,1-2\"}}]}],\"version\":\"2.7.22\"} --><\/p>\n","protected":false},"excerpt":{"rendered":"<p>Servicio Landan Ekin M\u00e1s informaci\u00f3n Landaola Lurretik mahaira M\u00e1s informaci\u00f3n Presentaci\u00f3n LANDAOLA es la federaci\u00f3n de asociaciones de desarrollo rural de Gipuzkoa. Est\u00e1 formada por 6 asociaciones que trabajan en el \u00e1mbito del desarrollo rural de las comarcas guipuzcoanas: Behemendi (Donostialdea \u2013 Bidasoa), Deba-Garaia (Alto Deba), Debemen (Bajo Deba), Goimen (Goierri), Tolomendi (Tolosaldea) y Urkome [&hellip;]<\/p>\n","protected":false},"author":1,"featured_media":0,"parent":0,"menu_order":0,"comment_status":"closed","ping_status":"closed","template":"","meta":{"footnotes":""},"yoast_head":"<!-- This site is optimized with the Yoast SEO plugin v21.5 - https:\/\/yoast.com\/wordpress\/plugins\/seo\/ -->\n<title>Presentaci\u00f3n - Landaola - Gipuzkoako Landa Garapen Elkarteen Federazioa<\/title>\n<meta name=\"description\" content=\"LANDAOLA es la federaci\u00f3n de asociaciones de desarrollo rural de Gipuzkoa. Est\u00e1 formada por 6 asociaciones\" \/>\n<meta name=\"robots\" content=\"index, follow, max-snippet:-1, max-image-preview:large, max-video-preview:-1\" \/>\n<link rel=\"canonical\" href=\"https:\/\/landaola.eus\/es\/\" \/>\n<meta property=\"og:locale\" content=\"es_ES\" \/>\n<meta property=\"og:type\" content=\"article\" \/>\n<meta property=\"og:title\" content=\"Presentaci\u00f3n - Landaola - Gipuzkoako Landa Garapen Elkarteen Federazioa\" \/>\n<meta property=\"og:description\" content=\"LANDAOLA es la federaci\u00f3n de asociaciones de desarrollo rural de Gipuzkoa. Est\u00e1 formada por 6 asociaciones\" \/>\n<meta property=\"og:url\" content=\"https:\/\/landaola.eus\/es\/\" \/>\n<meta property=\"og:site_name\" content=\"Landaola - Gipuzkoako Landa Garapen Elkarteen Federazioa\" \/>\n<meta property=\"article:publisher\" content=\"https:\/\/www.facebook.com\/Landaola-1306311309416102\" \/>\n<meta property=\"article:modified_time\" content=\"2025-09-29T09:25:48+00:00\" \/>\n<meta name=\"twitter:card\" content=\"summary_large_image\" \/>\n<meta name=\"twitter:site\" content=\"@Landaola_\" \/>\n<meta name=\"twitter:label1\" content=\"Tiempo de lectura\" \/>\n\t<meta name=\"twitter:data1\" content=\"6 minutos\" \/>\n<script type=\"application\/ld+json\" class=\"yoast-schema-graph\">{\"@context\":\"https:\/\/schema.org\",\"@graph\":[{\"@type\":\"WebPage\",\"@id\":\"https:\/\/landaola.eus\/es\/\",\"url\":\"https:\/\/landaola.eus\/es\/\",\"name\":\"Presentaci\u00f3n - Landaola - Gipuzkoako Landa Garapen Elkarteen Federazioa\",\"isPartOf\":{\"@id\":\"https:\/\/landaola.eus\/#website\"},\"datePublished\":\"2022-05-24T08:41:47+00:00\",\"dateModified\":\"2025-09-29T09:25:48+00:00\",\"description\":\"LANDAOLA es la federaci\u00f3n de asociaciones de desarrollo rural de Gipuzkoa. Est\u00e1 formada por 6 asociaciones\",\"breadcrumb\":{\"@id\":\"https:\/\/landaola.eus\/es\/#breadcrumb\"},\"inLanguage\":\"es\",\"potentialAction\":[{\"@type\":\"ReadAction\",\"target\":[\"https:\/\/landaola.eus\/es\/\"]}]},{\"@type\":\"BreadcrumbList\",\"@id\":\"https:\/\/landaola.eus\/es\/#breadcrumb\",\"itemListElement\":[{\"@type\":\"ListItem\",\"position\":1,\"name\":\"Home\",\"item\":\"https:\/\/landaola.eus\/es\/\"},{\"@type\":\"ListItem\",\"position\":2,\"name\":\"Presentaci\u00f3n\"}]},{\"@type\":\"WebSite\",\"@id\":\"https:\/\/landaola.eus\/#website\",\"url\":\"https:\/\/landaola.eus\/\",\"name\":\"Landaola - Gipuzkoako Landa Garapen Elkarteen Federazioa\",\"description\":\"Gipuzkoako Landa Garapen Elkarteen Federazioa\",\"publisher\":{\"@id\":\"https:\/\/landaola.eus\/#organization\"},\"potentialAction\":[{\"@type\":\"SearchAction\",\"target\":{\"@type\":\"EntryPoint\",\"urlTemplate\":\"https:\/\/landaola.eus\/?s={search_term_string}\"},\"query-input\":\"required name=search_term_string\"}],\"inLanguage\":\"es\"},{\"@type\":\"Organization\",\"@id\":\"https:\/\/landaola.eus\/#organization\",\"name\":\"LANDAOLA\",\"alternateName\":\"Gipuzkoako landa garapen elkarteen federazioa\",\"url\":\"https:\/\/landaola.eus\/\",\"logo\":{\"@type\":\"ImageObject\",\"inLanguage\":\"es\",\"@id\":\"https:\/\/landaola.eus\/#\/schema\/logo\/image\/\",\"url\":\"https:\/\/landaola.eus\/wp-content\/uploads\/2022\/11\/landaola.svg\",\"contentUrl\":\"https:\/\/landaola.eus\/wp-content\/uploads\/2022\/11\/landaola.svg\",\"width\":1,\"height\":1,\"caption\":\"LANDAOLA\"},\"image\":{\"@id\":\"https:\/\/landaola.eus\/#\/schema\/logo\/image\/\"},\"sameAs\":[\"https:\/\/www.facebook.com\/Landaola-1306311309416102\",\"https:\/\/twitter.com\/Landaola_\",\"https:\/\/www.youtube.com\/channel\/UCmr3BnLvYWU86tkM-rHfXGg\",\"https:\/\/www.instagram.com\/landaola_\/?igshid=YmMyMTA2M2Y\"]}]}<\/script>\n<!-- \/ Yoast SEO plugin. -->","yoast_head_json":{"title":"Presentaci\u00f3n - Landaola - Gipuzkoako Landa Garapen Elkarteen Federazioa","description":"LANDAOLA es la federaci\u00f3n de asociaciones de desarrollo rural de Gipuzkoa. Est\u00e1 formada por 6 asociaciones","robots":{"index":"index","follow":"follow","max-snippet":"max-snippet:-1","max-image-preview":"max-image-preview:large","max-video-preview":"max-video-preview:-1"},"canonical":"https:\/\/landaola.eus\/es\/","og_locale":"es_ES","og_type":"article","og_title":"Presentaci\u00f3n - Landaola - Gipuzkoako Landa Garapen Elkarteen Federazioa","og_description":"LANDAOLA es la federaci\u00f3n de asociaciones de desarrollo rural de Gipuzkoa. Est\u00e1 formada por 6 asociaciones","og_url":"https:\/\/landaola.eus\/es\/","og_site_name":"Landaola - Gipuzkoako Landa Garapen Elkarteen Federazioa","article_publisher":"https:\/\/www.facebook.com\/Landaola-1306311309416102","article_modified_time":"2025-09-29T09:25:48+00:00","twitter_card":"summary_large_image","twitter_site":"@Landaola_","twitter_misc":{"Tiempo de lectura":"6 minutos"},"schema":{"@context":"https:\/\/schema.org","@graph":[{"@type":"WebPage","@id":"https:\/\/landaola.eus\/es\/","url":"https:\/\/landaola.eus\/es\/","name":"Presentaci\u00f3n - Landaola - Gipuzkoako Landa Garapen Elkarteen Federazioa","isPartOf":{"@id":"https:\/\/landaola.eus\/#website"},"datePublished":"2022-05-24T08:41:47+00:00","dateModified":"2025-09-29T09:25:48+00:00","description":"LANDAOLA es la federaci\u00f3n de asociaciones de desarrollo rural de Gipuzkoa. Est\u00e1 formada por 6 asociaciones","breadcrumb":{"@id":"https:\/\/landaola.eus\/es\/#breadcrumb"},"inLanguage":"es","potentialAction":[{"@type":"ReadAction","target":["https:\/\/landaola.eus\/es\/"]}]},{"@type":"BreadcrumbList","@id":"https:\/\/landaola.eus\/es\/#breadcrumb","itemListElement":[{"@type":"ListItem","position":1,"name":"Home","item":"https:\/\/landaola.eus\/es\/"},{"@type":"ListItem","position":2,"name":"Presentaci\u00f3n"}]},{"@type":"WebSite","@id":"https:\/\/landaola.eus\/#website","url":"https:\/\/landaola.eus\/","name":"Landaola - Gipuzkoako Landa Garapen Elkarteen Federazioa","description":"Gipuzkoako Landa Garapen Elkarteen Federazioa","publisher":{"@id":"https:\/\/landaola.eus\/#organization"},"potentialAction":[{"@type":"SearchAction","target":{"@type":"EntryPoint","urlTemplate":"https:\/\/landaola.eus\/?s={search_term_string}"},"query-input":"required name=search_term_string"}],"inLanguage":"es"},{"@type":"Organization","@id":"https:\/\/landaola.eus\/#organization","name":"LANDAOLA","alternateName":"Gipuzkoako landa garapen elkarteen federazioa","url":"https:\/\/landaola.eus\/","logo":{"@type":"ImageObject","inLanguage":"es","@id":"https:\/\/landaola.eus\/#\/schema\/logo\/image\/","url":"https:\/\/landaola.eus\/wp-content\/uploads\/2022\/11\/landaola.svg","contentUrl":"https:\/\/landaola.eus\/wp-content\/uploads\/2022\/11\/landaola.svg","width":1,"height":1,"caption":"LANDAOLA"},"image":{"@id":"https:\/\/landaola.eus\/#\/schema\/logo\/image\/"},"sameAs":["https:\/\/www.facebook.com\/Landaola-1306311309416102","https:\/\/twitter.com\/Landaola_","https:\/\/www.youtube.com\/channel\/UCmr3BnLvYWU86tkM-rHfXGg","https:\/\/www.instagram.com\/landaola_\/?igshid=YmMyMTA2M2Y"]}]}},"_links":{"self":[{"href":"https:\/\/landaola.eus\/es\/wp-json\/wp\/v2\/pages\/22"}],"collection":[{"href":"https:\/\/landaola.eus\/es\/wp-json\/wp\/v2\/pages"}],"about":[{"href":"https:\/\/landaola.eus\/es\/wp-json\/wp\/v2\/types\/page"}],"author":[{"embeddable":true,"href":"https:\/\/landaola.eus\/es\/wp-json\/wp\/v2\/users\/1"}],"replies":[{"embeddable":true,"href":"https:\/\/landaola.eus\/es\/wp-json\/wp\/v2\/comments?post=22"}],"version-history":[{"count":76,"href":"https:\/\/landaola.eus\/es\/wp-json\/wp\/v2\/pages\/22\/revisions"}],"predecessor-version":[{"id":1408,"href":"https:\/\/landaola.eus\/es\/wp-json\/wp\/v2\/pages\/22\/revisions\/1408"}],"wp:attachment":[{"href":"https:\/\/landaola.eus\/es\/wp-json\/wp\/v2\/media?parent=22"}],"curies":[{"name":"wp","href":"https:\/\/api.w.org\/{rel}","templated":true}]}}