{"id":119,"date":"2022-05-24T10:12:26","date_gmt":"2022-05-24T10:12:26","guid":{"rendered":"http:\/\/landaola.eus\/?page_id=119"},"modified":"2026-04-28T08:28:04","modified_gmt":"2026-04-28T07:28:04","slug":"servicios-landaola","status":"publish","type":"page","link":"https:\/\/landaola.eus\/es\/servicios-landaola\/","title":{"rendered":"Servicios"},"content":{"rendered":"<ul>\n<li>\n<p>        <img decoding=\"async\" src=\"\/wp-content\/uploads\/2022\/05\/zerbitzuak.jpg\" alt=\"\"><\/p>\n<h1>Servicios<\/h1>\n<\/li>\n<li>\n<p>        <img decoding=\"async\" src=\"\/wp-content\/uploads\/2022\/09\/Zerbitzuak2.jpg\" alt=\"\"><\/p>\n<h1>Servicios<\/h1>\n<\/li>\n<\/ul>\n<h1><span>Landan Ekin<\/span><\/h1>\n<div>\n<p><span>La Ley de Desarrollo Rural 7\/2022, de 30 de junio, establece en sus objetivos estrat\u00e9gicos una referencia concreta en materia de diversificaci\u00f3n del tejido econ\u00f3mico del medio rural y creaci\u00f3n de empleo. A la vista de ello, y ante la necesidad de crear y poner en marcha acciones concretas para fomentar el emprendimiento, la creatividad y la colaboraci\u00f3n en el \u00e1mbito rural, la Federaci\u00f3n Landaola presenta el proyecto de fomento del emprendimiento y la co-creaci\u00f3n en el Espacio Rural de Gipuzkoa.<\/span><\/p>\n<\/div>\n<p>\n    <a href=\"\/wp-content\/uploads\/2025\/07\/LANDAN-EKIN-zerbitzuak-ES.pdf\">M\u00e1s informaci\u00f3n<\/a>\n<\/p>\n<p>\n    <a href=\"\/wp-content\/uploads\/2025\/07\/4-LANDAN-EKIN.mp4\">V\u00eddeo presentaci\u00f3n<\/a>\n<\/p>\n<p>\n    <a href=\"\/wp-content\/uploads\/2025\/07\/webinar_Lanan-Ekin_gonbidapena-2.pdf\">Webinar (24\/07\/2025)<\/a>\n<\/p>\n<p><img decoding=\"async\" src=\"\/wp-content\/uploads\/2023\/09\/landan-ekin-logo.jpg\" alt=\"\"><\/p>\n<hr>\n<h1>Recogida de pl\u00e1sticos<\/h1>\n<div>Ha sido dif\u00edcil dar una saluci\u00f3n ordenada a los pl\u00e1sticos que se generan en el medio rural ya que la mala gesti\u00f3n ( a veces quemados, otras enterrados, o acumulados esparciendo el viento por donde quiera)  llevaba a ensuciar paisajes y rincones. Desde Landaola, con m\u00e1s de 20 a\u00f1os de experiencia, se colabora  con empresas autorizadas, y se procede a la recogida de pl\u00e1sticos y cuerdas en todas las comarcas de Gipuzkoa.<\/div>\n<ul>\n<li>\n<\/li>\n<li>\n<p>        <img decoding=\"async\" src=\"\/wp-content\/uploads\/2022\/09\/20210326_082127_resized.jpg\" alt=\"\"><\/p>\n<\/li>\n<\/ul>\n<hr>\n<h1>Recogida de lana<\/h1>\n<div>\n<p>En los \u00faltimos a\u00f1os la lana ha pasado de ser un ingreso en la renta de la explotaci\u00f3n a ser un gasto y tener que ser gestionada y pagada como residuo. Al tratarse de un residuo procedente de animales, la normativa europea establece la clasificaci\u00f3n de Sandach3 como materia de m\u00ednimo riesgo para el ser humano. Sin embargo, los posibles tratamientos no son suficientes como para ser gestionados con un permiso especial. Aunque actualmente se est\u00e1n desarrollando interesantes soluciones para la valorizaci\u00f3n y el mercado de la lana, existe una mesa de lana con los agentes de la primera secci\u00f3n de Gipuzkoa. De com\u00fan acuerdo, en colaboraci\u00f3n con Lurgintza, se ofrece una recogida organizada de lana de todo el territorio, as\u00ed la lana se lleva a compostar a Artajona.<\/p>\n<div><span id=\"tgt_sent_0\"><span class=\"interactive\">En<\/span> <span class=\"interactive\">colaboraci\u00f3n<\/span> <span class=\"interactive\">con<\/span> <span class=\"interactive\">la<\/span> <span class=\"interactive\">Diputaci\u00f3n<\/span> <span class=\"interactive\">Foral<\/span> <span class=\"interactive\">de<\/span> <span class=\"interactive\">Gipuzkoa,<\/span> <span class=\"interactive\">Landaola<\/span> <span class=\"interactive\">ha <\/span><span class=\"interactive\">organizado<\/span> <span class=\"interactive\">una<\/span> <span class=\"interactive\">recogida<\/span> <span class=\"interactive\">de<\/span> <span class=\"interactive\">lana<\/span> <span class=\"interactive\">para<\/span> <span class=\"interactive\">el<\/span> <span class=\"interactive\">a\u00f1o<\/span> <span class=\"interactive\">2026.<\/span><\/span><\/div>\n<div><\/div>\n<div><span id=\"tgt_sent_1\"><span class=\"interactive\">Para<\/span> <span class=\"interactive\">la<\/span> <span class=\"interactive\">entrega<\/span> <span class=\"interactive\">de<\/span> <span class=\"interactive\">la<\/span> <span class=\"interactive\">lana<\/span> <strong><span class=\"interactive\">ES<\/span> <span class=\"interactive\">NECESARIO<\/span> <span class=\"interactive\">APUNTARSE<\/span> <span class=\"interactive\">PREVIAMENTE.<\/span><\/strong><\/span><\/div>\n<div><\/div>\n<div><span id=\"tgt_sent_2\"><span class=\"interactive\">\u00daltimo<\/span> <span class=\"interactive\">d\u00eda<\/span> <span class=\"interactive\">para<\/span> <span class=\"interactive\">inscribirse<\/span> <strong><span class=\"interactive\">13<\/span> <\/strong><span class=\"interactive\"><strong>MARZO<\/strong>.<\/span><\/span><\/div>\n<div><\/div>\n<div><span id=\"tgt_sent_3\"><span class=\"interactive\">Llamar<\/span>\u00a0<span class=\"interactive\">943112173<\/span><\/span><\/div>\n<div><span id=\"tgt_sent_4\"><span class=\"interactive\">Escribir.<\/span><\/span> <span id=\"tgt_sent_5\"><span class=\"interactive\">lurraldeoreka@gipuzkoa.eus<\/span><\/span><\/div>\n<div><\/div>\n<div><span id=\"tgt_sent_6\"><span class=\"interactive\">Las<\/span> <span class=\"interactive\">principales<\/span> <span class=\"interactive\">caracter\u00edsticas<\/span> <span class=\"interactive\">de<\/span> <span class=\"interactive\">este<\/span> <span class=\"interactive\">a\u00f1o:<\/span><\/span><\/div>\n<ul>\n<li><span id=\"tgt_sent_7\"><span class=\"interactive\">La<\/span> <span class=\"interactive\">recogida<\/span> <span class=\"interactive\">ser\u00e1<\/span> <span class=\"interactive\">GRATUITA.<\/span><\/span><\/li>\n<li>Se repartir\u00e1n sacos especiales.<\/li>\n<li>Se recoger\u00e1 la lana limpia y seca.<\/li>\n<li>Todos los sacos estar\u00e1n identificados.<\/li>\n<\/ul>\n<div><a href=\"http:\/\/landaola.eus\/wp-content\/uploads\/2026\/02\/artile-gutuna_2026.pdf\" target=\"_blank\" rel=\"noopener\"><span id=\"tgt_sent_11\"><span class=\"interactive\">M\u00e1s<\/span> <span class=\"interactive\">informaci\u00f3n<\/span><\/span><\/a><\/div>\n<\/div>\n<p><img decoding=\"async\" src=\"\/wp-content\/uploads\/2022\/09\/joseinazio-106.jpg\" alt=\"\"><\/p>\n<hr>\n<h1>Avispa negra<\/h1>\n<div>Para combatir el insecto ex\u00f3tico invasor de avispa negra o asi\u00e1tica (Vespa velutina ssp. nigrithorax), el Departamento de Innovaci\u00f3n, Desarrollo Rural y Turismo de la Diputaci\u00f3n Foral de Gipuzkoa, el Departamento de Administraci\u00f3n Foral y Funci\u00f3n P\u00fablica de la Diputaci\u00f3n Foral de Gipuzkoa y la Asociaci\u00f3n de Apicultores de Gipuzkoa (AEE), junto con los Ayuntamientos y Asociaciones de Desarrollo Rural (ADR), elaboramos en 2015 el Protocolo contra la avispa negra. En el marco de este protocolo, en el territorio guipuzcoano se tratan o eliminan los nidos de la avispa negra, fruto de la colaboraci\u00f3n entre las diferentes instituciones.<\/div>\n<div>\n<p>    <img decoding=\"async\" src=\"\/wp-content\/uploads\/2022\/09\/erleak.jpg\" alt=\"Liztor beltza\"><\/p>\n<\/div>\n<hr>\n<h1>Servicio de maquinaria<\/h1>\n<div>\n<p>Landaola es el responsable de la gesti\u00f3n de las subvenciones de los servicios de maquinaria a trav\u00e9s del convenio que tenemos con la Diputaci\u00f3n Foral de Gipuzkoa.<\/p>\n<p>El plazo de presentaci\u00f3n de solicitudes finaliz\u00f3 el 9 de mayo.<\/p>\n<\/div>\n<p>\n    <a href=\"\/wp-content\/uploads\/2025\/04\/Bases-reguladoras-de-las-subvenciones-1.pdf\">Bases<\/a>\n<\/p>\n<p>\n    <a href=\"\/wp-content\/uploads\/2025\/03\/modelo-de-factura.pdf\">Modelo de factura<\/a>\n<\/p>\n<p>\n    <a href=\"\/wp-content\/uploads\/2025\/07\/2025-URTEKO-ZERBITZU-EMAILEAK.pdf\">Prestadores de servicios 2025<\/a>\n<\/p>\n<div>\n<p><strong>Si has resultado beneficiario:<\/strong><\/p>\n<p>Plazo de presentaci\u00f3n de facturas: 15\/10\/2025-15\/11\/2025 (No se admitir\u00e1n las presentadas fuera de plazo)<\/p>\n<p><strong>\u00bfQu\u00e9 es lo que hay que presentar?<\/strong><\/p>\n<p>Tabla resumen cumplimentada, facturas (respetando el modelo) y recibos.<\/p>\n<\/p>\n<\/div>\n<p>\n    <a href=\"\/wp-content\/uploads\/2025\/10\/Tabla-resumen.pdf\">Tabla resumen<\/a>\n<\/p>\n<div>\n<p><strong>Ayuda a la compra de pl\u00e1stico para forraje dom\u00e9stico<\/strong><\/p>\n<p>Plazo: 15\/10\/2025-15\/11\/2025<\/p>\n<\/div>\n<p>\n    <a href=\"\/wp-content\/uploads\/2025\/10\/BASES-REGULADORAS-Y-CONVOCATORIA-2025-DE-LA-SUBVENCION-PARA-LA-COMPRA-DE-PLASTICO-PARA-FORRAJE-DOMESTICO.pdf\">Bases reguladoras y convocatoria 2025 de la subvenci\u00f3n para la compra de pl\u00e1stico para forraje dom\u00e9stico<\/a>\n<\/p>\n<p>\n    <a href=\"\/wp-content\/uploads\/2025\/10\/IMPRESO-DE-SOLICITUD-DE-AYUDA-PARA-LA-COMPRA-DE-PLASTICO-PARA-FORRAJE-DOMESTICO.pdf\">Impreso de solicitud de ayuda para la compra de pl\u00e1stico para forraje dom\u00e9stico<\/a>\n<\/p>\n<div>\n<p>    <img decoding=\"async\" src=\"\/wp-content\/uploads\/2022\/05\/makinaria.jpg\" alt=\"\"><\/p>\n<\/div>\n<hr>\n<h1>Asesoramiento a emprendedores<\/h1>\n<div>Desde las Asociaciones de Desarrollo Rural de Gipuzkoa asesoramos a las personas que quieran poner en marcha un proyecto de desarrollo rural sea o no agricultor y, en las que sea necesario, mediamos con las administraciones u otros organismos locales, comarcales, territoriales o auton\u00f3micos.<\/div>\n<div>\n<p>    <img decoding=\"async\" src=\"\/wp-content\/uploads\/2022\/05\/aholkuralitza.jpg\" alt=\"\"><\/p>\n<\/div>\n<hr>\n<h1>Informaci\u00f3n sobre las subvenciones<\/h1>\n<div>Landaola ofrece informaci\u00f3n sobre las subvenciones que se destinan desde las diferentes administraciones que contribuyen al desarrollo de los caser\u00edos y pueblos.<\/div>\n<div>\n<p>    <img decoding=\"async\" src=\"\/wp-content\/uploads\/2022\/05\/erein.jpg\" alt=\"\"><\/p>\n<\/div>\n<hr>\n<h1>Nekazal Kulturan hezituz<\/h1>\n<div>Desde el punto de vista agrario, en el \u00e1mbito educativo, se recogen las acciones que se desarrollan en colaboraci\u00f3n con los centros educativos. Su objetivo es transmitir al alumnado las funciones que cumple el medio rural y el papel de los baserritarras en la salud, el paisaje y el mantenimiento de la cultura. De paso, se busca presentar el mundo rural como una soluci\u00f3n profesional de futuro. El proyecto Nekazal Kultura Eskoletara se lleva a cabo en colaboraci\u00f3n entre LANDAOLA,  Ingurugela del Gobierno Vasco y la Fundaci\u00f3n Cristina Enea. Pretende crear espacios de encuentro que fomenten la colaboraci\u00f3n entre el medio rural y la cultura agraria, los centros escolares y los agentes locales. Crear una red que visibilice y considere la importancia de un sistema de producci\u00f3n y alimentaci\u00f3n agr\u00edcola local que consideramos imprescindible para un modelo de sociedad m\u00e1s justo y sostenible.<\/div>\n<div>\n<p>    <img decoding=\"async\" src=\"\/wp-content\/uploads\/2022\/05\/nekazal-kultura.jpg\" alt=\"\"><\/p>\n<\/div>\n<p><!--more--><br \/>\n<!-- {\"type\":\"layout\",\"children\":[{\"type\":\"section\",\"props\":{\"style\":\"default\",\"width\":\"\",\"vertical_align\":\"middle\",\"title_position\":\"top-left\",\"title_rotation\":\"left\",\"title_breakpoint\":\"xl\",\"image_position\":\"center-center\",\"padding\":\"none\"},\"children\":[{\"type\":\"row\",\"children\":[{\"type\":\"column\",\"props\":{\"position_sticky_breakpoint\":\"m\",\"image_position\":\"center-center\",\"media_overlay_gradient\":\"\"},\"children\":[{\"type\":\"slideshow\",\"props\":{\"show_title\":true,\"show_meta\":true,\"show_content\":true,\"show_link\":true,\"show_thumbnail\":true,\"slideshow_min_height\":300,\"slideshow_autoplay_pause\":true,\"nav\":\"\",\"nav_position\":\"bottom-center\",\"nav_position_margin\":\"medium\",\"nav_align\":\"center\",\"nav_breakpoint\":\"s\",\"thumbnav_width\":\"100\",\"thumbnav_height\":\"75\",\"thumbnav_svg_color\":\"emphasis\",\"slidenav\":\"\",\"slidenav_margin\":\"medium\",\"slidenav_breakpoint\":\"s\",\"slidenav_outside_breakpoint\":\"xl\",\"overlay_position\":\"center\",\"overlay_animation\":\"parallax\",\"title_element\":\"h1\",\"meta_style\":\"meta\",\"meta_align\":\"below-title\",\"meta_element\":\"div\",\"link_text\":\"Read more\",\"link_style\":\"default\",\"margin\":\"default\",\"slideshow_max_height\":\"650\",\"overlay_container\":\"default\",\"title_style\":\"heading-xlarge\",\"slideshow_autoplay\":true,\"slideshow_kenburns\":\"alternate\",\"slideshow_autoplay_interval\":\"7\"},\"children\":[{\"type\":\"slideshow_item\",\"props\":{\"image\":\"wp-content\\\/uploads\\\/2022\\\/05\\\/zerbitzuak.jpg\",\"title\":\"Servicios\",\"text_color\":\"light\"}},{\"type\":\"slideshow_item\",\"props\":{\"title\":\"Servicios\",\"image\":\"wp-content\\\/uploads\\\/2022\\\/09\\\/Zerbitzuak2.jpg\",\"text_color\":\"light\"}}]}]}]}],\"name\":\"aurlezpena1\"},{\"type\":\"section\",\"props\":{\"style\":\"default\",\"width\":\"default\",\"vertical_align\":\"middle\",\"title_position\":\"top-left\",\"title_rotation\":\"left\",\"title_breakpoint\":\"xl\",\"image_position\":\"center-center\",\"padding\":\"none\",\"animation\":\"fade\",\"animation_delay\":\"200\"},\"children\":[{\"type\":\"row\",\"children\":[{\"type\":\"column\",\"props\":{\"position_sticky_breakpoint\":\"m\",\"image_position\":\"center-center\",\"media_overlay_gradient\":\"\"},\"children\":[]}]},{\"type\":\"row\",\"props\":{\"layout\":\"1-2,1-2\"},\"children\":[{\"type\":\"column\",\"props\":{\"position_sticky_breakpoint\":\"m\",\"image_position\":\"center-center\",\"media_overlay_gradient\":\"\",\"width_medium\":\"1-2\"},\"children\":[{\"type\":\"headline\",\"props\":{\"title_element\":\"h1\",\"content\":\"<span>Landan Ekin<\\\/span>\",\"title_style\":\"h1\",\"title_color\":\"primary\"}},{\"type\":\"text\",\"props\":{\"margin\":\"default\",\"column_breakpoint\":\"m\",\"content\":\"\n\n<p><span>La Ley de Desarrollo Rural 7\\\/2022, de 30 de junio, establece en sus objetivos estrat\\u00e9gicos una referencia concreta en materia de diversificaci\\u00f3n del tejido econ\\u00f3mico del medio rural y creaci\\u00f3n de empleo. A la vista de ello, y ante la necesidad de crear y poner en marcha acciones concretas para fomentar el emprendimiento, la creatividad y la colaboraci\\u00f3n en el \\u00e1mbito rural, la Federaci\\u00f3n Landaola presenta el proyecto de fomento del emprendimiento y la co-creaci\\u00f3n en el Espacio Rural de Gipuzkoa.<\\\/span><\\\/p>\"}},{\"type\":\"button\",\"props\":{\"grid_column_gap\":\"small\",\"grid_row_gap\":\"small\",\"margin\":\"default\"},\"children\":[{\"type\":\"button_item\",\"props\":{\"button_style\":\"text\",\"icon_align\":\"left\",\"content\":\"M\\u00e1s informaci\\u00f3n\",\"link\":\"wp-content\\\/uploads\\\/2025\\\/07\\\/LANDAN-EKIN-zerbitzuak-ES.pdf\",\"link_target\":\"blank\"}}]},{\"type\":\"button\",\"props\":{\"grid_column_gap\":\"small\",\"grid_row_gap\":\"small\",\"margin\":\"default\"},\"children\":[{\"type\":\"button_item\",\"props\":{\"button_style\":\"text\",\"icon_align\":\"left\",\"content\":\"V\\u00eddeo presentaci\\u00f3n\",\"link\":\"wp-content\\\/uploads\\\/2025\\\/07\\\/4-LANDAN-EKIN.mp4\",\"link_target\":\"blank\"}}]},{\"type\":\"button\",\"props\":{\"grid_column_gap\":\"small\",\"grid_row_gap\":\"small\",\"margin\":\"default\"},\"children\":[{\"type\":\"button_item\",\"props\":{\"button_style\":\"text\",\"icon_align\":\"left\",\"content\":\"Webinar (24\\\/07\\\/2025)\",\"link\":\"wp-content\\\/uploads\\\/2025\\\/07\\\/webinar_Lanan-Ekin_gonbidapena-2.pdf\",\"link_target\":\"blank\"}}]}]},{\"type\":\"column\",\"props\":{\"position_sticky_breakpoint\":\"m\",\"image_position\":\"center-center\",\"media_overlay_gradient\":\"\",\"width_medium\":\"1-2\",\"vertical_align\":\"middle\"},\"children\":[{\"type\":\"image\",\"props\":{\"margin\":\"default\",\"image_svg_color\":\"emphasis\",\"image\":\"wp-content\\\/uploads\\\/2023\\\/09\\\/landan-ekin-logo.jpg\"}}]}]},{\"type\":\"row\",\"children\":[{\"type\":\"column\",\"props\":{\"position_sticky_breakpoint\":\"m\",\"image_position\":\"center-center\",\"media_overlay_gradient\":\"\"},\"children\":[{\"type\":\"divider\",\"props\":{\"divider_element\":\"hr\"}}]}]},{\"type\":\"row\",\"props\":{\"layout\":\"1-2,1-2\",\"row_gap\":\"collapse\"},\"children\":[{\"type\":\"column\",\"props\":{\"position_sticky_breakpoint\":\"m\",\"image_position\":\"center-center\",\"media_overlay_gradient\":\"\",\"width_medium\":\"1-2\",\"vertical_align\":\"middle\"},\"children\":[{\"type\":\"headline\",\"props\":{\"title_element\":\"h1\",\"content\":\"Recogida de pl\\u00e1sticos\",\"title_style\":\"h1\",\"title_color\":\"primary\"}},{\"type\":\"text\",\"props\":{\"margin\":\"default\",\"column_breakpoint\":\"m\",\"content\":\"Ha sido dif\\u00edcil dar una saluci\\u00f3n ordenada a los pl\\u00e1sticos que se generan en el medio rural ya que la mala gesti\\u00f3n ( a veces quemados, otras enterrados, o acumulados esparciendo el viento por donde quiera)  llevaba a ensuciar paisajes y rincones. Desde Landaola, con m\\u00e1s de 20 a\\u00f1os de experiencia, se colabora  con empresas autorizadas, y se procede a la recogida de pl\\u00e1sticos y cuerdas en todas las comarcas de Gipuzkoa.\"}}]},{\"type\":\"column\",\"props\":{\"position_sticky_breakpoint\":\"m\",\"image_position\":\"center-center\",\"media_overlay_gradient\":\"\",\"width_medium\":\"1-2\"},\"children\":[{\"type\":\"slideshow\",\"props\":{\"show_title\":true,\"show_meta\":true,\"show_content\":true,\"show_link\":true,\"show_thumbnail\":true,\"slideshow_min_height\":\"500\",\"slideshow_autoplay_pause\":true,\"nav\":\"dotnav\",\"nav_position\":\"bottom-center\",\"nav_position_margin\":\"medium\",\"nav_align\":\"center\",\"nav_breakpoint\":\"s\",\"thumbnav_width\":\"100\",\"thumbnav_height\":\"75\",\"thumbnav_svg_color\":\"emphasis\",\"slidenav\":\"default\",\"slidenav_margin\":\"medium\",\"slidenav_breakpoint\":\"s\",\"slidenav_outside_breakpoint\":\"xl\",\"overlay_position\":\"center-left\",\"overlay_animation\":\"parallax\",\"title_element\":\"h3\",\"meta_style\":\"meta\",\"meta_align\":\"below-title\",\"meta_element\":\"div\",\"link_text\":\"Read more\",\"link_style\":\"default\",\"margin\":\"default\"},\"children\":[{\"type\":\"slideshow_item\",\"props\":{\"image\":\"\"}},{\"type\":\"slideshow_item\",\"props\":{\"title\":\"\",\"image\":\"wp-content\\\/uploads\\\/2022\\\/09\\\/20210326_082127_resized.jpg\"}}]}]}]},{\"type\":\"row\",\"props\":{\"row_gap\":\"collapse\"},\"children\":[{\"type\":\"column\",\"props\":{\"position_sticky_breakpoint\":\"m\",\"image_position\":\"center-center\",\"media_overlay_gradient\":\"\"},\"children\":[{\"type\":\"divider\",\"props\":{\"divider_element\":\"hr\"}}]}]},{\"type\":\"row\",\"props\":{\"layout\":\"1-2,1-2\",\"row_gap\":\"collapse\"},\"children\":[{\"type\":\"column\",\"props\":{\"position_sticky_breakpoint\":\"m\",\"image_position\":\"center-center\",\"media_overlay_gradient\":\"\",\"width_medium\":\"1-2\",\"vertical_align\":\"middle\"},\"children\":[{\"type\":\"headline\",\"props\":{\"title_element\":\"h1\",\"content\":\"Recogida de lana\",\"title_style\":\"h1\",\"title_color\":\"primary\"}},{\"type\":\"text\",\"props\":{\"margin\":\"default\",\"column_breakpoint\":\"m\",\"content\":\"\n\n<p>En los \\u00faltimos a\\u00f1os la lana ha pasado de ser un ingreso en la renta de la explotaci\\u00f3n a ser un gasto y tener que ser gestionada y pagada como residuo. Al tratarse de un residuo procedente de animales, la normativa europea establece la clasificaci\\u00f3n de Sandach3 como materia de m\\u00ednimo riesgo para el ser humano. Sin embargo, los posibles tratamientos no son suficientes como para ser gestionados con un permiso especial. Aunque actualmente se est\\u00e1n desarrollando interesantes soluciones para la valorizaci\\u00f3n y el mercado de la lana, existe una mesa de lana con los agentes de la primera secci\\u00f3n de Gipuzkoa. De com\\u00fan acuerdo, en colaboraci\\u00f3n con Lurgintza, se ofrece una recogida organizada de lana de todo el territorio, as\\u00ed la lana se lleva a compostar a Artajona.<\\\/p>\\n\n\n<div><span id=\\\"tgt_sent_0\\\"><span class=\\\"interactive\\\">En<\\\/span> <span class=\\\"interactive\\\">colaboraci\\u00f3n<\\\/span> <span class=\\\"interactive\\\">con<\\\/span> <span class=\\\"interactive\\\">la<\\\/span> <span class=\\\"interactive\\\">Diputaci\\u00f3n<\\\/span> <span class=\\\"interactive\\\">Foral<\\\/span> <span class=\\\"interactive\\\">de<\\\/span> <span class=\\\"interactive\\\">Gipuzkoa,<\\\/span> <span class=\\\"interactive\\\">Landaola<\\\/span> <span class=\\\"interactive\\\">ha <\\\/span><span class=\\\"interactive\\\">organizado<\\\/span> <span class=\\\"interactive\\\">una<\\\/span> <span class=\\\"interactive\\\">recogida<\\\/span> <span class=\\\"interactive\\\">de<\\\/span> <span class=\\\"interactive\\\">lana<\\\/span> <span class=\\\"interactive\\\">para<\\\/span> <span class=\\\"interactive\\\">el<\\\/span> <span class=\\\"interactive\\\">a\\u00f1o<\\\/span> <span class=\\\"interactive\\\">2026.<\\\/span><\\\/span><\\\/div>\\n\n\n<div><\\\/div>\\n\n\n<div><span id=\\\"tgt_sent_1\\\"><span class=\\\"interactive\\\">Para<\\\/span> <span class=\\\"interactive\\\">la<\\\/span> <span class=\\\"interactive\\\">entrega<\\\/span> <span class=\\\"interactive\\\">de<\\\/span> <span class=\\\"interactive\\\">la<\\\/span> <span class=\\\"interactive\\\">lana<\\\/span> <strong><span class=\\\"interactive\\\">ES<\\\/span> <span class=\\\"interactive\\\">NECESARIO<\\\/span> <span class=\\\"interactive\\\">APUNTARSE<\\\/span> <span class=\\\"interactive\\\">PREVIAMENTE.<\\\/span><\\\/strong><\\\/span><\\\/div>\\n\n\n<div><\\\/div>\\n\n\n<div><span id=\\\"tgt_sent_2\\\"><span class=\\\"interactive\\\">\\u00daltimo<\\\/span> <span class=\\\"interactive\\\">d\\u00eda<\\\/span> <span class=\\\"interactive\\\">para<\\\/span> <span class=\\\"interactive\\\">inscribirse<\\\/span> <strong><span class=\\\"interactive\\\">13<\\\/span> <\\\/strong><span class=\\\"interactive\\\"><strong>MARZO<\\\/strong>.<\\\/span><\\\/span><\\\/div>\\n\n\n<div><\\\/div>\\n\n\n<div><span id=\\\"tgt_sent_3\\\"><span class=\\\"interactive\\\">Llamar<\\\/span>\\u00a0<span class=\\\"interactive\\\">943112173<\\\/span><\\\/span><\\\/div>\\n\n\n<div><span id=\\\"tgt_sent_4\\\"><span class=\\\"interactive\\\">Escribir.<\\\/span><\\\/span> <span id=\\\"tgt_sent_5\\\"><span class=\\\"interactive\\\">lurraldeoreka@gipuzkoa.eus<\\\/span><\\\/span><\\\/div>\\n\n\n<div><\\\/div>\\n\n\n<div><span id=\\\"tgt_sent_6\\\"><span class=\\\"interactive\\\">Las<\\\/span> <span class=\\\"interactive\\\">principales<\\\/span> <span class=\\\"interactive\\\">caracter\\u00edsticas<\\\/span> <span class=\\\"interactive\\\">de<\\\/span> <span class=\\\"interactive\\\">este<\\\/span> <span class=\\\"interactive\\\">a\\u00f1o:<\\\/span><\\\/span><\\\/div>\\n\n\n<ul>\\n\n\n<li><span id=\\\"tgt_sent_7\\\"><span class=\\\"interactive\\\">La<\\\/span> <span class=\\\"interactive\\\">recogida<\\\/span> <span class=\\\"interactive\\\">ser\\u00e1<\\\/span> <span class=\\\"interactive\\\">GRATUITA.<\\\/span><\\\/span><\\\/li>\\n\n\n<li>Se repartir\\u00e1n sacos especiales.<\\\/li>\\n\n\n<li>Se recoger\\u00e1 la lana limpia y seca.<\\\/li>\\n\n\n<li>Todos los sacos estar\\u00e1n identificados.<\\\/li>\\n<\\\/ul>\\n\n\n<div><a href=\\\"http:\\\/\\\/landaola.eus\\\/wp-content\\\/uploads\\\/2026\\\/02\\\/artile-gutuna_2026.pdf\\\" target=\\\"_blank\\\" rel=\\\"noopener\\\"><span id=\\\"tgt_sent_11\\\"><span class=\\\"interactive\\\">M\\u00e1s<\\\/span> <span class=\\\"interactive\\\">informaci\\u00f3n<\\\/span><\\\/span><\\\/a><\\\/div>\"}}]},{\"type\":\"column\",\"props\":{\"position_sticky_breakpoint\":\"m\",\"image_position\":\"center-center\",\"media_overlay_gradient\":\"\",\"width_medium\":\"1-2\"},\"children\":[{\"type\":\"image\",\"props\":{\"margin\":\"default\",\"image_svg_color\":\"emphasis\",\"image\":\"wp-content\\\/uploads\\\/2022\\\/09\\\/joseinazio-106.jpg\"}}]}]},{\"type\":\"row\",\"props\":{\"row_gap\":\"collapse\"},\"children\":[{\"type\":\"column\",\"props\":{\"position_sticky_breakpoint\":\"m\",\"image_position\":\"center-center\",\"media_overlay_gradient\":\"\"},\"children\":[{\"type\":\"divider\",\"props\":{\"divider_element\":\"hr\"}}]}]},{\"type\":\"row\",\"props\":{\"layout\":\"1-2,1-2\",\"row_gap\":\"collapse\"},\"children\":[{\"type\":\"column\",\"props\":{\"position_sticky_breakpoint\":\"m\",\"image_position\":\"center-center\",\"media_overlay_gradient\":\"\",\"width_medium\":\"1-2\",\"vertical_align\":\"middle\"},\"children\":[{\"type\":\"headline\",\"props\":{\"title_element\":\"h1\",\"content\":\"Avispa negra\",\"title_style\":\"h1\",\"title_color\":\"primary\"}},{\"type\":\"text\",\"props\":{\"margin\":\"default\",\"column_breakpoint\":\"m\",\"content\":\"Para combatir el insecto ex\\u00f3tico invasor de avispa negra o asi\\u00e1tica (Vespa velutina ssp. nigrithorax), el Departamento de Innovaci\\u00f3n, Desarrollo Rural y Turismo de la Diputaci\\u00f3n Foral de Gipuzkoa, el Departamento de Administraci\\u00f3n Foral y Funci\\u00f3n P\\u00fablica de la Diputaci\\u00f3n Foral de Gipuzkoa y la Asociaci\\u00f3n de Apicultores de Gipuzkoa (AEE), junto con los Ayuntamientos y Asociaciones de Desarrollo Rural (ADR), elaboramos en 2015 el Protocolo contra la avispa negra. En el marco de este protocolo, en el territorio guipuzcoano se tratan o eliminan los nidos de la avispa negra, fruto de la colaboraci\\u00f3n entre las diferentes instituciones.\"}}]},{\"type\":\"column\",\"props\":{\"position_sticky_breakpoint\":\"m\",\"image_position\":\"center-center\",\"media_overlay_gradient\":\"\",\"width_medium\":\"1-2\"},\"children\":[{\"type\":\"slideshow\",\"props\":{\"show_title\":true,\"show_meta\":true,\"show_content\":true,\"show_link\":true,\"show_thumbnail\":true,\"slideshow_min_height\":\"500\",\"slideshow_autoplay_pause\":true,\"nav\":\"dotnav\",\"nav_position\":\"bottom-center\",\"nav_position_margin\":\"medium\",\"nav_align\":\"center\",\"nav_breakpoint\":\"s\",\"thumbnav_width\":\"100\",\"thumbnav_height\":\"75\",\"thumbnav_svg_color\":\"emphasis\",\"slidenav\":\"default\",\"slidenav_margin\":\"medium\",\"slidenav_breakpoint\":\"s\",\"slidenav_outside_breakpoint\":\"xl\",\"overlay_position\":\"center-left\",\"overlay_animation\":\"parallax\",\"title_element\":\"h3\",\"meta_style\":\"meta\",\"meta_align\":\"below-title\",\"meta_element\":\"div\",\"link_text\":\"Read more\",\"link_style\":\"default\",\"margin\":\"default\"},\"children\":[{\"type\":\"slideshow_item\",\"props\":{\"image\":\"wp-content\\\/uploads\\\/2022\\\/09\\\/erleak.jpg\",\"image_alt\":\"Liztor beltza\"}}]}]}]},{\"type\":\"row\",\"props\":{\"row_gap\":\"collapse\"},\"children\":[{\"type\":\"column\",\"props\":{\"position_sticky_breakpoint\":\"m\",\"image_position\":\"center-center\",\"media_overlay_gradient\":\"\"},\"children\":[{\"type\":\"divider\",\"props\":{\"divider_element\":\"hr\"}}]}]},{\"type\":\"row\",\"props\":{\"layout\":\"1-2,1-2\",\"row_gap\":\"collapse\"},\"children\":[{\"type\":\"column\",\"props\":{\"position_sticky_breakpoint\":\"m\",\"image_position\":\"center-center\",\"media_overlay_gradient\":\"\",\"width_medium\":\"1-2\",\"vertical_align\":\"middle\"},\"children\":[{\"type\":\"headline\",\"props\":{\"title_element\":\"h1\",\"content\":\"Servicio de maquinaria\",\"title_style\":\"h1\",\"title_color\":\"primary\"}},{\"type\":\"text\",\"props\":{\"margin\":\"default\",\"column_breakpoint\":\"m\",\"content\":\"\n\n<p>Landaola es el responsable de la gesti\\u00f3n de las subvenciones de los servicios de maquinaria a trav\\u00e9s del convenio que tenemos con la Diputaci\\u00f3n Foral de Gipuzkoa.<\\\/p>\\n\n\n<p>El plazo de presentaci\\u00f3n de solicitudes finaliz\\u00f3 el 9 de mayo.<\\\/p>\"}},{\"type\":\"button\",\"props\":{\"grid_column_gap\":\"small\",\"grid_row_gap\":\"small\",\"margin\":\"default\"},\"children\":[{\"type\":\"button_item\",\"props\":{\"button_style\":\"text\",\"icon_align\":\"left\",\"content\":\"Bases\",\"link\":\"wp-content\\\/uploads\\\/2025\\\/04\\\/Bases-reguladoras-de-las-subvenciones-1.pdf\",\"link_target\":\"blank\"}}]},{\"type\":\"button\",\"props\":{\"grid_column_gap\":\"small\",\"grid_row_gap\":\"small\",\"margin\":\"default\"},\"children\":[{\"type\":\"button_item\",\"props\":{\"button_style\":\"text\",\"icon_align\":\"left\",\"content\":\"Modelo de factura\",\"link\":\"wp-content\\\/uploads\\\/2025\\\/03\\\/modelo-de-factura.pdf\",\"link_target\":\"blank\"}}]},{\"type\":\"button\",\"props\":{\"grid_column_gap\":\"small\",\"grid_row_gap\":\"small\",\"margin\":\"default\"},\"children\":[{\"type\":\"button_item\",\"props\":{\"button_style\":\"text\",\"icon_align\":\"left\",\"content\":\"Prestadores de servicios 2025\",\"link\":\"wp-content\\\/uploads\\\/2025\\\/07\\\/2025-URTEKO-ZERBITZU-EMAILEAK.pdf\",\"link_title\":\"Prestadores de servicios 2025\",\"link_target\":\"blank\"}}]},{\"type\":\"text\",\"props\":{\"margin\":\"default\",\"column_breakpoint\":\"m\",\"content\":\"\n\n<p><strong>Si has resultado beneficiario:<\\\/strong><\\\/p>\\n\n\n<p>Plazo de presentaci\\u00f3n de facturas: 15\\\/10\\\/2025-15\\\/11\\\/2025 (No se admitir\\u00e1n las presentadas fuera de plazo)<\\\/p>\\n\n\n<p><strong>\\u00bfQu\\u00e9 es lo que hay que presentar?<\\\/strong><\\\/p>\\n\n\n<p>Tabla resumen cumplimentada, facturas (respetando el modelo) y recibos.<\\\/p>\\n\n\n<p><\\\/p>\"}},{\"type\":\"button\",\"props\":{\"grid_column_gap\":\"small\",\"grid_row_gap\":\"small\",\"margin\":\"default\"},\"children\":[{\"type\":\"button_item\",\"props\":{\"button_style\":\"text\",\"icon_align\":\"left\",\"content\":\"Tabla resumen\",\"link\":\"wp-content\\\/uploads\\\/2025\\\/10\\\/Tabla-resumen.pdf\",\"link_title\":\"Tabla resumen\",\"link_target\":\"blank\"}}]},{\"type\":\"text\",\"props\":{\"margin\":\"default\",\"column_breakpoint\":\"m\",\"content\":\"\n\n<p><strong>Ayuda a la compra de pl\\u00e1stico para forraje dom\\u00e9stico<\\\/strong><\\\/p>\\n\n\n<p>Plazo: 15\\\/10\\\/2025-15\\\/11\\\/2025<\\\/p>\"}},{\"type\":\"button\",\"props\":{\"grid_column_gap\":\"small\",\"grid_row_gap\":\"small\",\"margin\":\"default\"},\"children\":[{\"type\":\"button_item\",\"props\":{\"button_style\":\"text\",\"icon_align\":\"left\",\"content\":\"Bases reguladoras y convocatoria 2025 de la subvenci\\u00f3n para la compra de pl\\u00e1stico para forraje dom\\u00e9stico\",\"link\":\"wp-content\\\/uploads\\\/2025\\\/10\\\/BASES-REGULADORAS-Y-CONVOCATORIA-2025-DE-LA-SUBVENCION-PARA-LA-COMPRA-DE-PLASTICO-PARA-FORRAJE-DOMESTICO.pdf\",\"link_title\":\"Bases reguladoras y convocatoria 2025 de la subvenci\\u00f3n para la compra de pl\\u00e1stico para forraje dom\\u00e9stico\",\"link_target\":\"blank\"}}]},{\"type\":\"button\",\"props\":{\"grid_column_gap\":\"small\",\"grid_row_gap\":\"small\",\"margin\":\"default\"},\"children\":[{\"type\":\"button_item\",\"props\":{\"button_style\":\"text\",\"icon_align\":\"left\",\"content\":\"Impreso de solicitud de ayuda para la compra de pl\\u00e1stico para forraje dom\\u00e9stico\",\"link\":\"wp-content\\\/uploads\\\/2025\\\/10\\\/IMPRESO-DE-SOLICITUD-DE-AYUDA-PARA-LA-COMPRA-DE-PLASTICO-PARA-FORRAJE-DOMESTICO.pdf\",\"link_title\":\"Impreso de solicitud de ayuda para la compra de pl\\u00e1stico para forraje dom\\u00e9stico\",\"link_target\":\"blank\"}}]}]},{\"type\":\"column\",\"props\":{\"position_sticky_breakpoint\":\"m\",\"image_position\":\"center-center\",\"media_overlay_gradient\":\"\",\"width_medium\":\"1-2\"},\"children\":[{\"type\":\"slideshow\",\"props\":{\"show_title\":true,\"show_meta\":true,\"show_content\":true,\"show_link\":true,\"show_thumbnail\":true,\"slideshow_min_height\":\"500\",\"slideshow_autoplay_pause\":true,\"nav\":\"dotnav\",\"nav_position\":\"bottom-center\",\"nav_position_margin\":\"medium\",\"nav_align\":\"center\",\"nav_breakpoint\":\"s\",\"thumbnav_width\":\"100\",\"thumbnav_height\":\"75\",\"thumbnav_svg_color\":\"emphasis\",\"slidenav\":\"default\",\"slidenav_margin\":\"medium\",\"slidenav_breakpoint\":\"s\",\"slidenav_outside_breakpoint\":\"xl\",\"overlay_position\":\"center-left\",\"overlay_animation\":\"parallax\",\"title_element\":\"h3\",\"meta_style\":\"meta\",\"meta_align\":\"below-title\",\"meta_element\":\"div\",\"link_text\":\"Read more\",\"link_style\":\"default\",\"margin\":\"default\"},\"children\":[{\"type\":\"slideshow_item\",\"props\":{\"image\":\"wp-content\\\/uploads\\\/2022\\\/05\\\/makinaria.jpg\"}}]}]}]},{\"type\":\"row\",\"props\":{\"row_gap\":\"collapse\"},\"children\":[{\"type\":\"column\",\"props\":{\"position_sticky_breakpoint\":\"m\",\"image_position\":\"center-center\",\"media_overlay_gradient\":\"\"},\"children\":[{\"type\":\"divider\",\"props\":{\"divider_element\":\"hr\"}}]}]},{\"type\":\"row\",\"props\":{\"layout\":\"1-2,1-2\",\"row_gap\":\"collapse\"},\"children\":[{\"type\":\"column\",\"props\":{\"position_sticky_breakpoint\":\"m\",\"image_position\":\"center-center\",\"media_overlay_gradient\":\"\",\"width_medium\":\"1-2\",\"vertical_align\":\"middle\"},\"children\":[{\"type\":\"headline\",\"props\":{\"title_element\":\"h1\",\"content\":\"Asesoramiento a emprendedores\",\"title_style\":\"h1\",\"title_color\":\"primary\"}},{\"type\":\"text\",\"props\":{\"margin\":\"default\",\"column_breakpoint\":\"m\",\"content\":\"Desde las Asociaciones de Desarrollo Rural de Gipuzkoa asesoramos a las personas que quieran poner en marcha un proyecto de desarrollo rural sea o no agricultor y, en las que sea necesario, mediamos con las administraciones u otros organismos locales, comarcales, territoriales o auton\\u00f3micos.\"}}]},{\"type\":\"column\",\"props\":{\"position_sticky_breakpoint\":\"m\",\"image_position\":\"center-center\",\"media_overlay_gradient\":\"\",\"width_medium\":\"1-2\"},\"children\":[{\"type\":\"slideshow\",\"props\":{\"show_title\":true,\"show_meta\":true,\"show_content\":true,\"show_link\":true,\"show_thumbnail\":true,\"slideshow_min_height\":\"500\",\"slideshow_autoplay_pause\":true,\"nav\":\"dotnav\",\"nav_position\":\"bottom-center\",\"nav_position_margin\":\"medium\",\"nav_align\":\"center\",\"nav_breakpoint\":\"s\",\"thumbnav_width\":\"100\",\"thumbnav_height\":\"75\",\"thumbnav_svg_color\":\"emphasis\",\"slidenav\":\"default\",\"slidenav_margin\":\"medium\",\"slidenav_breakpoint\":\"s\",\"slidenav_outside_breakpoint\":\"xl\",\"overlay_position\":\"center-left\",\"overlay_animation\":\"parallax\",\"title_element\":\"h3\",\"meta_style\":\"meta\",\"meta_align\":\"below-title\",\"meta_element\":\"div\",\"link_text\":\"Read more\",\"link_style\":\"default\",\"margin\":\"default\"},\"children\":[{\"type\":\"slideshow_item\",\"props\":{\"image\":\"wp-content\\\/uploads\\\/2022\\\/05\\\/aholkuralitza.jpg\"}}]}]}]},{\"type\":\"row\",\"props\":{\"row_gap\":\"collapse\"},\"children\":[{\"type\":\"column\",\"props\":{\"position_sticky_breakpoint\":\"m\",\"image_position\":\"center-center\",\"media_overlay_gradient\":\"\"},\"children\":[{\"type\":\"divider\",\"props\":{\"divider_element\":\"hr\"}}]}]},{\"type\":\"row\",\"props\":{\"layout\":\"1-2,1-2\",\"row_gap\":\"collapse\"},\"children\":[{\"type\":\"column\",\"props\":{\"position_sticky_breakpoint\":\"m\",\"image_position\":\"center-center\",\"media_overlay_gradient\":\"\",\"width_medium\":\"1-2\",\"vertical_align\":\"middle\"},\"children\":[{\"type\":\"headline\",\"props\":{\"title_element\":\"h1\",\"content\":\"Informaci\\u00f3n sobre las subvenciones\",\"title_style\":\"h1\",\"title_color\":\"primary\"}},{\"type\":\"text\",\"props\":{\"margin\":\"default\",\"column_breakpoint\":\"m\",\"content\":\"Landaola ofrece informaci\\u00f3n sobre las subvenciones que se destinan desde las diferentes administraciones que contribuyen al desarrollo de los caser\\u00edos y pueblos.\"}}]},{\"type\":\"column\",\"props\":{\"position_sticky_breakpoint\":\"m\",\"image_position\":\"center-center\",\"media_overlay_gradient\":\"\",\"width_medium\":\"1-2\"},\"children\":[{\"type\":\"slideshow\",\"props\":{\"show_title\":true,\"show_meta\":true,\"show_content\":true,\"show_link\":true,\"show_thumbnail\":true,\"slideshow_min_height\":\"500\",\"slideshow_autoplay_pause\":true,\"nav\":\"dotnav\",\"nav_position\":\"bottom-center\",\"nav_position_margin\":\"medium\",\"nav_align\":\"center\",\"nav_breakpoint\":\"s\",\"thumbnav_width\":\"100\",\"thumbnav_height\":\"75\",\"thumbnav_svg_color\":\"emphasis\",\"slidenav\":\"default\",\"slidenav_margin\":\"medium\",\"slidenav_breakpoint\":\"s\",\"slidenav_outside_breakpoint\":\"xl\",\"overlay_position\":\"center-left\",\"overlay_animation\":\"parallax\",\"title_element\":\"h3\",\"meta_style\":\"meta\",\"meta_align\":\"below-title\",\"meta_element\":\"div\",\"link_text\":\"Read more\",\"link_style\":\"default\",\"margin\":\"default\"},\"children\":[{\"type\":\"slideshow_item\",\"props\":{\"image\":\"wp-content\\\/uploads\\\/2022\\\/05\\\/erein.jpg\"}}]}]}]},{\"type\":\"row\",\"props\":{\"row_gap\":\"collapse\"},\"children\":[{\"type\":\"column\",\"props\":{\"position_sticky_breakpoint\":\"m\",\"image_position\":\"center-center\",\"media_overlay_gradient\":\"\"},\"children\":[{\"type\":\"divider\",\"props\":{\"divider_element\":\"hr\"}}]}]},{\"type\":\"row\",\"props\":{\"layout\":\"1-2,1-2\",\"row_gap\":\"collapse\"},\"children\":[{\"type\":\"column\",\"props\":{\"position_sticky_breakpoint\":\"m\",\"image_position\":\"center-center\",\"media_overlay_gradient\":\"\",\"width_medium\":\"1-2\",\"vertical_align\":\"middle\"},\"children\":[{\"type\":\"headline\",\"props\":{\"title_element\":\"h1\",\"content\":\"Nekazal Kulturan hezituz\",\"title_style\":\"h1\",\"title_color\":\"primary\"}},{\"type\":\"text\",\"props\":{\"margin\":\"default\",\"column_breakpoint\":\"m\",\"content\":\"Desde el punto de vista agrario, en el \\u00e1mbito educativo, se recogen las acciones que se desarrollan en colaboraci\\u00f3n con los centros educativos. Su objetivo es transmitir al alumnado las funciones que cumple el medio rural y el papel de los baserritarras en la salud, el paisaje y el mantenimiento de la cultura. De paso, se busca presentar el mundo rural como una soluci\\u00f3n profesional de futuro. El proyecto Nekazal Kultura Eskoletara se lleva a cabo en colaboraci\\u00f3n entre LANDAOLA,  Ingurugela del Gobierno Vasco y la Fundaci\\u00f3n Cristina Enea. Pretende crear espacios de encuentro que fomenten la colaboraci\\u00f3n entre el medio rural y la cultura agraria, los centros escolares y los agentes locales. Crear una red que visibilice y considere la importancia de un sistema de producci\\u00f3n y alimentaci\\u00f3n agr\\u00edcola local que consideramos imprescindible para un modelo de sociedad m\\u00e1s justo y sostenible.\"}}]},{\"type\":\"column\",\"props\":{\"position_sticky_breakpoint\":\"m\",\"image_position\":\"center-center\",\"media_overlay_gradient\":\"\",\"width_medium\":\"1-2\"},\"children\":[{\"type\":\"slideshow\",\"props\":{\"show_title\":true,\"show_meta\":true,\"show_content\":true,\"show_link\":true,\"show_thumbnail\":true,\"slideshow_min_height\":\"500\",\"slideshow_autoplay_pause\":true,\"nav\":\"dotnav\",\"nav_position\":\"bottom-center\",\"nav_position_margin\":\"medium\",\"nav_align\":\"center\",\"nav_breakpoint\":\"s\",\"thumbnav_width\":\"100\",\"thumbnav_height\":\"75\",\"thumbnav_svg_color\":\"emphasis\",\"slidenav\":\"default\",\"slidenav_margin\":\"medium\",\"slidenav_breakpoint\":\"s\",\"slidenav_outside_breakpoint\":\"xl\",\"overlay_position\":\"center-left\",\"overlay_animation\":\"parallax\",\"title_element\":\"h3\",\"meta_style\":\"meta\",\"meta_align\":\"below-title\",\"meta_element\":\"div\",\"link_text\":\"Read more\",\"link_style\":\"default\",\"margin\":\"default\"},\"children\":[{\"type\":\"slideshow_item\",\"props\":{\"image\":\"wp-content\\\/uploads\\\/2022\\\/05\\\/nekazal-kultura.jpg\"}}]}]}]},{\"type\":\"row\",\"children\":[{\"type\":\"column\",\"props\":{\"position_sticky_breakpoint\":\"m\",\"image_position\":\"center-center\",\"media_overlay_gradient\":\"\"},\"children\":[]}]}]}],\"version\":\"2.7.22\"} --><\/p>\n","protected":false},"excerpt":{"rendered":"<p>Servicios Servicios Landan Ekin La Ley de Desarrollo Rural 7\/2022, de 30 de junio, establece en sus objetivos estrat\u00e9gicos una referencia concreta en materia de diversificaci\u00f3n del tejido econ\u00f3mico del medio rural y creaci\u00f3n de empleo. A la vista de ello, y ante la necesidad de crear y poner en marcha acciones concretas para fomentar [&hellip;]<\/p>\n","protected":false},"author":1,"featured_media":0,"parent":0,"menu_order":0,"comment_status":"closed","ping_status":"closed","template":"","meta":{"footnotes":""},"yoast_head":"<!-- This site is optimized with the Yoast SEO plugin v21.5 - https:\/\/yoast.com\/wordpress\/plugins\/seo\/ -->\n<title>Servicios - Landaola - Gipuzkoako Landa Garapen Elkarteen Federazioa<\/title>\n<meta name=\"description\" content=\"Nuestros servicios: Recogida de pl\u00e1sticos y lana, Avispa negra, Servicio de maquinaria, Asesoramiento a emprendedores, subvenciones\" \/>\n<meta name=\"robots\" content=\"index, follow, max-snippet:-1, max-image-preview:large, max-video-preview:-1\" \/>\n<link rel=\"canonical\" href=\"https:\/\/landaola.eus\/es\/servicios-landaola\/\" \/>\n<meta property=\"og:locale\" content=\"es_ES\" \/>\n<meta property=\"og:type\" content=\"article\" \/>\n<meta property=\"og:title\" content=\"Servicios - Landaola - Gipuzkoako Landa Garapen Elkarteen Federazioa\" \/>\n<meta property=\"og:description\" content=\"Nuestros servicios: Recogida de pl\u00e1sticos y lana, Avispa negra, Servicio de maquinaria, Asesoramiento a emprendedores, subvenciones\" \/>\n<meta property=\"og:url\" content=\"https:\/\/landaola.eus\/es\/servicios-landaola\/\" \/>\n<meta property=\"og:site_name\" content=\"Landaola - Gipuzkoako Landa Garapen Elkarteen Federazioa\" \/>\n<meta property=\"article:publisher\" content=\"https:\/\/www.facebook.com\/Landaola-1306311309416102\" \/>\n<meta property=\"article:modified_time\" content=\"2026-04-28T07:28:04+00:00\" \/>\n<meta name=\"twitter:card\" content=\"summary_large_image\" \/>\n<meta name=\"twitter:site\" content=\"@Landaola_\" \/>\n<meta name=\"twitter:label1\" content=\"Tiempo de lectura\" \/>\n\t<meta name=\"twitter:data1\" content=\"6 minutos\" \/>\n<script type=\"application\/ld+json\" class=\"yoast-schema-graph\">{\"@context\":\"https:\/\/schema.org\",\"@graph\":[{\"@type\":\"WebPage\",\"@id\":\"https:\/\/landaola.eus\/es\/servicios-landaola\/\",\"url\":\"https:\/\/landaola.eus\/es\/servicios-landaola\/\",\"name\":\"Servicios - Landaola - Gipuzkoako Landa Garapen Elkarteen Federazioa\",\"isPartOf\":{\"@id\":\"https:\/\/landaola.eus\/#website\"},\"datePublished\":\"2022-05-24T10:12:26+00:00\",\"dateModified\":\"2026-04-28T07:28:04+00:00\",\"description\":\"Nuestros servicios: Recogida de pl\u00e1sticos y lana, Avispa negra, Servicio de maquinaria, Asesoramiento a emprendedores, subvenciones\",\"breadcrumb\":{\"@id\":\"https:\/\/landaola.eus\/es\/servicios-landaola\/#breadcrumb\"},\"inLanguage\":\"es\",\"potentialAction\":[{\"@type\":\"ReadAction\",\"target\":[\"https:\/\/landaola.eus\/es\/servicios-landaola\/\"]}]},{\"@type\":\"BreadcrumbList\",\"@id\":\"https:\/\/landaola.eus\/es\/servicios-landaola\/#breadcrumb\",\"itemListElement\":[{\"@type\":\"ListItem\",\"position\":1,\"name\":\"Home\",\"item\":\"https:\/\/landaola.eus\/es\/\"},{\"@type\":\"ListItem\",\"position\":2,\"name\":\"Servicios\"}]},{\"@type\":\"WebSite\",\"@id\":\"https:\/\/landaola.eus\/#website\",\"url\":\"https:\/\/landaola.eus\/\",\"name\":\"Landaola - Gipuzkoako Landa Garapen Elkarteen Federazioa\",\"description\":\"Gipuzkoako Landa Garapen Elkarteen Federazioa\",\"publisher\":{\"@id\":\"https:\/\/landaola.eus\/#organization\"},\"potentialAction\":[{\"@type\":\"SearchAction\",\"target\":{\"@type\":\"EntryPoint\",\"urlTemplate\":\"https:\/\/landaola.eus\/?s={search_term_string}\"},\"query-input\":\"required name=search_term_string\"}],\"inLanguage\":\"es\"},{\"@type\":\"Organization\",\"@id\":\"https:\/\/landaola.eus\/#organization\",\"name\":\"LANDAOLA\",\"alternateName\":\"Gipuzkoako landa garapen elkarteen federazioa\",\"url\":\"https:\/\/landaola.eus\/\",\"logo\":{\"@type\":\"ImageObject\",\"inLanguage\":\"es\",\"@id\":\"https:\/\/landaola.eus\/#\/schema\/logo\/image\/\",\"url\":\"https:\/\/landaola.eus\/wp-content\/uploads\/2022\/11\/landaola.svg\",\"contentUrl\":\"https:\/\/landaola.eus\/wp-content\/uploads\/2022\/11\/landaola.svg\",\"width\":1,\"height\":1,\"caption\":\"LANDAOLA\"},\"image\":{\"@id\":\"https:\/\/landaola.eus\/#\/schema\/logo\/image\/\"},\"sameAs\":[\"https:\/\/www.facebook.com\/Landaola-1306311309416102\",\"https:\/\/twitter.com\/Landaola_\",\"https:\/\/www.youtube.com\/channel\/UCmr3BnLvYWU86tkM-rHfXGg\",\"https:\/\/www.instagram.com\/landaola_\/?igshid=YmMyMTA2M2Y\"]}]}<\/script>\n<!-- \/ Yoast SEO plugin. -->","yoast_head_json":{"title":"Servicios - Landaola - Gipuzkoako Landa Garapen Elkarteen Federazioa","description":"Nuestros servicios: Recogida de pl\u00e1sticos y lana, Avispa negra, Servicio de maquinaria, Asesoramiento a emprendedores, subvenciones","robots":{"index":"index","follow":"follow","max-snippet":"max-snippet:-1","max-image-preview":"max-image-preview:large","max-video-preview":"max-video-preview:-1"},"canonical":"https:\/\/landaola.eus\/es\/servicios-landaola\/","og_locale":"es_ES","og_type":"article","og_title":"Servicios - Landaola - Gipuzkoako Landa Garapen Elkarteen Federazioa","og_description":"Nuestros servicios: Recogida de pl\u00e1sticos y lana, Avispa negra, Servicio de maquinaria, Asesoramiento a emprendedores, subvenciones","og_url":"https:\/\/landaola.eus\/es\/servicios-landaola\/","og_site_name":"Landaola - Gipuzkoako Landa Garapen Elkarteen Federazioa","article_publisher":"https:\/\/www.facebook.com\/Landaola-1306311309416102","article_modified_time":"2026-04-28T07:28:04+00:00","twitter_card":"summary_large_image","twitter_site":"@Landaola_","twitter_misc":{"Tiempo de lectura":"6 minutos"},"schema":{"@context":"https:\/\/schema.org","@graph":[{"@type":"WebPage","@id":"https:\/\/landaola.eus\/es\/servicios-landaola\/","url":"https:\/\/landaola.eus\/es\/servicios-landaola\/","name":"Servicios - Landaola - Gipuzkoako Landa Garapen Elkarteen Federazioa","isPartOf":{"@id":"https:\/\/landaola.eus\/#website"},"datePublished":"2022-05-24T10:12:26+00:00","dateModified":"2026-04-28T07:28:04+00:00","description":"Nuestros servicios: Recogida de pl\u00e1sticos y lana, Avispa negra, Servicio de maquinaria, Asesoramiento a emprendedores, subvenciones","breadcrumb":{"@id":"https:\/\/landaola.eus\/es\/servicios-landaola\/#breadcrumb"},"inLanguage":"es","potentialAction":[{"@type":"ReadAction","target":["https:\/\/landaola.eus\/es\/servicios-landaola\/"]}]},{"@type":"BreadcrumbList","@id":"https:\/\/landaola.eus\/es\/servicios-landaola\/#breadcrumb","itemListElement":[{"@type":"ListItem","position":1,"name":"Home","item":"https:\/\/landaola.eus\/es\/"},{"@type":"ListItem","position":2,"name":"Servicios"}]},{"@type":"WebSite","@id":"https:\/\/landaola.eus\/#website","url":"https:\/\/landaola.eus\/","name":"Landaola - Gipuzkoako Landa Garapen Elkarteen Federazioa","description":"Gipuzkoako Landa Garapen Elkarteen Federazioa","publisher":{"@id":"https:\/\/landaola.eus\/#organization"},"potentialAction":[{"@type":"SearchAction","target":{"@type":"EntryPoint","urlTemplate":"https:\/\/landaola.eus\/?s={search_term_string}"},"query-input":"required name=search_term_string"}],"inLanguage":"es"},{"@type":"Organization","@id":"https:\/\/landaola.eus\/#organization","name":"LANDAOLA","alternateName":"Gipuzkoako landa garapen elkarteen federazioa","url":"https:\/\/landaola.eus\/","logo":{"@type":"ImageObject","inLanguage":"es","@id":"https:\/\/landaola.eus\/#\/schema\/logo\/image\/","url":"https:\/\/landaola.eus\/wp-content\/uploads\/2022\/11\/landaola.svg","contentUrl":"https:\/\/landaola.eus\/wp-content\/uploads\/2022\/11\/landaola.svg","width":1,"height":1,"caption":"LANDAOLA"},"image":{"@id":"https:\/\/landaola.eus\/#\/schema\/logo\/image\/"},"sameAs":["https:\/\/www.facebook.com\/Landaola-1306311309416102","https:\/\/twitter.com\/Landaola_","https:\/\/www.youtube.com\/channel\/UCmr3BnLvYWU86tkM-rHfXGg","https:\/\/www.instagram.com\/landaola_\/?igshid=YmMyMTA2M2Y"]}]}},"_links":{"self":[{"href":"https:\/\/landaola.eus\/es\/wp-json\/wp\/v2\/pages\/119"}],"collection":[{"href":"https:\/\/landaola.eus\/es\/wp-json\/wp\/v2\/pages"}],"about":[{"href":"https:\/\/landaola.eus\/es\/wp-json\/wp\/v2\/types\/page"}],"author":[{"embeddable":true,"href":"https:\/\/landaola.eus\/es\/wp-json\/wp\/v2\/users\/1"}],"replies":[{"embeddable":true,"href":"https:\/\/landaola.eus\/es\/wp-json\/wp\/v2\/comments?post=119"}],"version-history":[{"count":89,"href":"https:\/\/landaola.eus\/es\/wp-json\/wp\/v2\/pages\/119\/revisions"}],"predecessor-version":[{"id":1497,"href":"https:\/\/landaola.eus\/es\/wp-json\/wp\/v2\/pages\/119\/revisions\/1497"}],"wp:attachment":[{"href":"https:\/\/landaola.eus\/es\/wp-json\/wp\/v2\/media?parent=119"}],"curies":[{"name":"wp","href":"https:\/\/api.w.org\/{rel}","templated":true}]}}